{"id":10686,"date":"2024-06-18T15:32:20","date_gmt":"2024-06-18T15:32:20","guid":{"rendered":"https:\/\/favolainmusica.com\/team-2\/"},"modified":"2024-06-25T19:53:43","modified_gmt":"2024-06-25T19:53:43","slug":"team-2","status":"publish","type":"page","link":"https:\/\/favolainmusica.com\/en\/team-2\/","title":{"rendered":"TEAM"},"content":{"rendered":"[vc_row type=&#8221;full_width_background&#8221; full_screen_row_position=&#8221;middle&#8221; column_margin=&#8221;default&#8221; equal_height=&#8221;yes&#8221; content_placement=&#8221;bottom&#8221; column_direction=&#8221;default&#8221; column_direction_tablet=&#8221;default&#8221; column_direction_phone=&#8221;default&#8221; bg_color=&#8221;#e6dcdc&#8221; bg_image=&#8221;8063&#8243; bg_image_phone=&#8221;10215&#8243; bg_position=&#8221;center center&#8221; background_image_loading=&#8221;default&#8221; bg_repeat=&#8221;no-repeat&#8221; scene_position=&#8221;center&#8221; top_padding=&#8221;7%&#8221; bottom_padding=&#8221;31%&#8221; text_color=&#8221;light&#8221; text_align=&#8221;left&#8221; row_border_radius=&#8221;none&#8221; row_border_radius_applies=&#8221;bg&#8221; overflow=&#8221;visible&#8221; color_overlay=&#8221;#0a0a0a&#8221; overlay_strength=&#8221;0.3&#8243; gradient_direction=&#8221;left_to_right&#8221; shape_divider_position=&#8221;bottom&#8221; shape_divider_height=&#8221;350&#8243; bg_image_animation=&#8221;fade-in&#8221; parallax_bg=&#8221;true&#8221; parallax_bg_speed=&#8221;fast&#8221; shape_type=&#8221;mountains&#8221; gradient_type=&#8221;default&#8221;][vc_column column_padding=&#8221;no-extra-padding&#8221; column_padding_tablet=&#8221;inherit&#8221; column_padding_phone=&#8221;inherit&#8221; column_padding_position=&#8221;all&#8221; column_element_direction_desktop=&#8221;default&#8221; column_element_spacing=&#8221;default&#8221; desktop_text_alignment=&#8221;default&#8221; tablet_text_alignment=&#8221;default&#8221; phone_text_alignment=&#8221;default&#8221; background_color_opacity=&#8221;1&#8243; background_hover_color_opacity=&#8221;1&#8243; column_backdrop_filter=&#8221;none&#8221; column_shadow=&#8221;none&#8221; column_border_radius=&#8221;none&#8221; column_link_target=&#8221;_self&#8221; column_position=&#8221;default&#8221; gradient_direction=&#8221;left_to_right&#8221; overlay_strength=&#8221;0.3&#8243; width=&#8221;1\/4&#8243; tablet_width_inherit=&#8221;default&#8221; animation_type=&#8221;default&#8221; bg_image_animation=&#8221;none&#8221; border_type=&#8221;simple&#8221; column_border_width=&#8221;none&#8221; column_border_style=&#8221;solid&#8221;][vc_row_inner column_margin=&#8221;default&#8221; column_direction=&#8221;default&#8221; column_direction_tablet=&#8221;default&#8221; column_direction_phone=&#8221;default&#8221; text_align=&#8221;left&#8221; row_position=&#8221;default&#8221; row_position_tablet=&#8221;inherit&#8221; row_position_phone=&#8221;inherit&#8221; overflow=&#8221;visible&#8221; pointer_events=&#8221;all&#8221;][vc_column_inner column_padding=&#8221;no-extra-padding&#8221; column_padding_tablet=&#8221;inherit&#8221; column_padding_phone=&#8221;inherit&#8221; column_padding_position=&#8221;all&#8221; column_element_direction_desktop=&#8221;default&#8221; column_element_spacing=&#8221;default&#8221; desktop_text_alignment=&#8221;default&#8221; tablet_text_alignment=&#8221;default&#8221; phone_text_alignment=&#8221;default&#8221; background_color_opacity=&#8221;1&#8243; background_hover_color_opacity=&#8221;1&#8243; column_backdrop_filter=&#8221;none&#8221; column_shadow=&#8221;none&#8221; column_border_radius=&#8221;none&#8221; column_link_target=&#8221;_self&#8221; overflow=&#8221;visible&#8221; gradient_direction=&#8221;left_to_right&#8221; overlay_strength=&#8221;0.3&#8243; width=&#8221;1\/1&#8243; tablet_width_inherit=&#8221;default&#8221; animation_type=&#8221;default&#8221; bg_image_animation=&#8221;none&#8221; border_type=&#8221;simple&#8221; column_border_width=&#8221;none&#8221; column_border_style=&#8221;solid&#8221;][\/vc_column_inner][\/vc_row_inner][vc_row_inner column_margin=&#8221;default&#8221; column_direction=&#8221;default&#8221; column_direction_tablet=&#8221;default&#8221; column_direction_phone=&#8221;default&#8221; text_align=&#8221;left&#8221; row_position=&#8221;default&#8221; row_position_tablet=&#8221;inherit&#8221; row_position_phone=&#8221;inherit&#8221; overflow=&#8221;visible&#8221; pointer_events=&#8221;all&#8221;][vc_column_inner column_padding=&#8221;no-extra-padding&#8221; column_padding_tablet=&#8221;inherit&#8221; column_padding_phone=&#8221;inherit&#8221; column_padding_position=&#8221;all&#8221; column_element_direction_desktop=&#8221;default&#8221; column_element_spacing=&#8221;default&#8221; desktop_text_alignment=&#8221;default&#8221; tablet_text_alignment=&#8221;default&#8221; phone_text_alignment=&#8221;default&#8221; background_color_opacity=&#8221;1&#8243; background_hover_color_opacity=&#8221;1&#8243; column_backdrop_filter=&#8221;none&#8221; column_shadow=&#8221;none&#8221; column_border_radius=&#8221;none&#8221; column_link_target=&#8221;_self&#8221; overflow=&#8221;visible&#8221; gradient_direction=&#8221;left_to_right&#8221; overlay_strength=&#8221;0.3&#8243; width=&#8221;1\/1&#8243; tablet_width_inherit=&#8221;default&#8221; animation_type=&#8221;default&#8221; enable_animation=&#8221;true&#8221; animation=&#8221;fade-in&#8221; animation_easing=&#8221;default&#8221; bg_image_animation=&#8221;none&#8221; border_type=&#8221;simple&#8221; column_border_width=&#8221;none&#8221; column_border_style=&#8221;solid&#8221; delay=&#8221;800&#8243;][\/vc_column_inner][\/vc_row_inner][\/vc_column][vc_column column_padding=&#8221;no-extra-padding&#8221; column_padding_tablet=&#8221;inherit&#8221; column_padding_phone=&#8221;inherit&#8221; column_padding_position=&#8221;all&#8221; column_element_direction_desktop=&#8221;default&#8221; column_element_spacing=&#8221;default&#8221; desktop_text_alignment=&#8221;default&#8221; tablet_text_alignment=&#8221;default&#8221; phone_text_alignment=&#8221;default&#8221; background_color_opacity=&#8221;1&#8243; background_hover_color_opacity=&#8221;1&#8243; column_backdrop_filter=&#8221;none&#8221; column_shadow=&#8221;none&#8221; column_border_radius=&#8221;none&#8221; column_link_target=&#8221;_self&#8221; column_position=&#8221;default&#8221; gradient_direction=&#8221;left_to_right&#8221; overlay_strength=&#8221;0.3&#8243; width=&#8221;1\/2&#8243; tablet_width_inherit=&#8221;default&#8221; animation_type=&#8221;default&#8221; bg_image_animation=&#8221;none&#8221; border_type=&#8221;simple&#8221; column_border_width=&#8221;none&#8221; column_border_style=&#8221;solid&#8221;][divider line_type=&#8221;No Line&#8221; custom_height_phone=&#8221;109vw&#8221;][split_line_heading animation_type=&#8221;line-reveal-by-space&#8221; font_style=&#8221;h1&#8243; text_color=&#8221;#ffffff&#8221; line_reveal_by_space_text_effect=&#8221;default&#8221; stagger_animation=&#8221;true&#8221; content_alignment=&#8221;default&#8221; mobile_content_alignment=&#8221;inherit&#8221; link_target=&#8221;_self&#8221; text_content=&#8221;Our Team&#8221; font_size=&#8221;8vh&#8221; animation_delay=&#8221;200&#8243; text_direction=&#8221;default&#8221;][\/split_line_heading][nectar_rotating_words_title heading_tag=&#8221;h1&#8243; beginning_text=&#8221;With&#8221; dynamic_text=&#8221;musical, inspiring, inspiring, fairytale-like&#8221; ending_text=&#8221;ideas &amp; projects for you.&#8221; duration=&#8221;2500&#8243; text_color=&#8221;#ffffff&#8221; dynamic_heading_tag=&#8221;h1&#8243; element_animation=&#8221;stagger_words&#8221; mobile_display=&#8221;inline&#8221; text_flow=&#8221;inline&#8221; element_animation_delay=&#8221;550&#8243; font_size=&#8221;5vh&#8221; text_direction=&#8221;default&#8221;][\/vc_column][vc_column column_padding=&#8221;no-extra-padding&#8221; column_padding_tablet=&#8221;inherit&#8221; column_padding_phone=&#8221;inherit&#8221; column_padding_position=&#8221;all&#8221; column_element_direction_desktop=&#8221;default&#8221; column_element_spacing=&#8221;default&#8221; desktop_text_alignment=&#8221;default&#8221; tablet_text_alignment=&#8221;default&#8221; phone_text_alignment=&#8221;default&#8221; background_color_opacity=&#8221;1&#8243; background_hover_color_opacity=&#8221;1&#8243; column_backdrop_filter=&#8221;none&#8221; column_shadow=&#8221;none&#8221; column_border_radius=&#8221;none&#8221; column_link_target=&#8221;_self&#8221; column_position=&#8221;default&#8221; gradient_direction=&#8221;left_to_right&#8221; overlay_strength=&#8221;0.3&#8243; width=&#8221;1\/4&#8243; tablet_width_inherit=&#8221;default&#8221; animation_type=&#8221;default&#8221; bg_image_animation=&#8221;none&#8221; border_type=&#8221;simple&#8221; column_border_width=&#8221;none&#8221; column_border_style=&#8221;solid&#8221;][\/vc_column][\/vc_row][vc_row type=&#8221;full_width_content&#8221; full_screen_row_position=&#8221;middle&#8221; column_margin=&#8221;default&#8221; equal_height=&#8221;yes&#8221; content_placement=&#8221;middle&#8221; column_direction=&#8221;default&#8221; column_direction_tablet=&#8221;default&#8221; column_direction_phone=&#8221;default&#8221; scene_position=&#8221;center&#8221; top_padding=&#8221;8%&#8221; bottom_padding=&#8221;5%&#8221; left_padding_desktop=&#8221;5%&#8221; constrain_group_2=&#8221;yes&#8221; right_padding_desktop=&#8221;5%&#8221; top_margin=&#8221;-4%&#8221; constrain_group_8=&#8221;yes&#8221; text_color=&#8221;dark&#8221; text_align=&#8221;left&#8221; row_border_radius=&#8221;none&#8221; row_border_radius_applies=&#8221;bg&#8221; overflow=&#8221;visible&#8221; advanced_gradient_angle=&#8221;0&#8243; overlay_strength=&#8221;0.3&#8243; gradient_direction=&#8221;left_to_right&#8221; shape_divider_position=&#8221;bottom&#8221; bg_image_animation=&#8221;none&#8221; gradient_type=&#8221;default&#8221; shape_type=&#8221;&#8221;][vc_column column_padding=&#8221;no-extra-padding&#8221; column_padding_tablet=&#8221;no-extra-padding&#8221; column_padding_phone=&#8221;no-extra-padding&#8221; column_padding_position=&#8221;right&#8221; column_element_direction_desktop=&#8221;default&#8221; column_element_spacing=&#8221;default&#8221; desktop_text_alignment=&#8221;default&#8221; tablet_text_alignment=&#8221;default&#8221; phone_text_alignment=&#8221;default&#8221; background_color_opacity=&#8221;1&#8243; background_hover_color_opacity=&#8221;1&#8243; column_backdrop_filter=&#8221;none&#8221; column_shadow=&#8221;none&#8221; column_border_radius=&#8221;none&#8221; column_link_target=&#8221;_self&#8221; max_width_desktop=&#8221;-12 v&#8221; column_position=&#8221;default&#8221; advanced_gradient_angle=&#8221;0&#8243; gradient_direction=&#8221;left_to_right&#8221; overlay_strength=&#8221;0.3&#8243; width=&#8221;7\/12&#8243; tablet_width_inherit=&#8221;default&#8221; animation_type=&#8221;default&#8221; bg_image_animation=&#8221;none&#8221; border_type=&#8221;simple&#8221; column_border_width=&#8221;none&#8221; column_border_style=&#8221;solid&#8221; gradient_type=&#8221;default&#8221; column_padding_type=&#8221;default&#8221;][vc_row_inner equal_height=&#8221;yes&#8221; content_placement=&#8221;middle&#8221; column_margin=&#8221;default&#8221; column_direction=&#8221;default&#8221; column_direction_tablet=&#8221;default&#8221; column_direction_phone=&#8221;default&#8221; bottom_padding_tablet=&#8221;40&#8243; scale_desktop=&#8221;0.65&#8243; text_align=&#8221;center&#8221; row_position=&#8221;default&#8221; row_position_tablet=&#8221;inherit&#8221; row_position_phone=&#8221;inherit&#8221; overflow=&#8221;visible&#8221; pointer_events=&#8221;all&#8221;][vc_column_inner column_element_direction_desktop=&#8221;default&#8221; column_element_spacing=&#8221;default&#8221; centered_text=&#8221;true&#8221; desktop_text_alignment=&#8221;center&#8221; tablet_text_alignment=&#8221;default&#8221; phone_text_alignment=&#8221;default&#8221; background_color_opacity=&#8221;1&#8243; background_hover_color_opacity=&#8221;1&#8243; background_image=&#8221;7795&#8243; background_image_position=&#8221;center center&#8221; background_image_stacking=&#8221;default&#8221; background_image_loading=&#8221;default&#8221; column_backdrop_filter=&#8221;none&#8221; column_shadow=&#8221;none&#8221; column_border_radius=&#8221;none&#8221; column_link_target=&#8221;_self&#8221; overflow=&#8221;visible&#8221; advanced_gradient_angle=&#8221;0&#8243; gradient_direction=&#8221;left_to_right&#8221; overlay_strength=&#8221;0.3&#8243; width=&#8221;1\/1&#8243; tablet_width_inherit=&#8221;default&#8221; animation_type=&#8221;default&#8221; bg_image_animation=&#8221;none&#8221; parallax_bg=&#8221;true&#8221; parallax_bg_speed=&#8221;very_subtle&#8221; border_type=&#8221;simple&#8221; column_border_width=&#8221;none&#8221; column_border_style=&#8221;solid&#8221; gradient_type=&#8221;default&#8221; column_padding_type=&#8221;advanced&#8221;][divider line_type=&#8221;No Line&#8221; custom_height_tablet=&#8221;50vh&#8221; custom_height=&#8221;105vh&#8221;][\/vc_column_inner][\/vc_row_inner][\/vc_column][vc_column left_padding_desktop=&#8221;-36%&#8221; constrain_group_101=&#8221;yes&#8221; right_padding_desktop=&#8221;-36%&#8221; column_element_direction_desktop=&#8221;default&#8221; column_element_spacing=&#8221;5px&#8221; desktop_text_alignment=&#8221;center&#8221; tablet_text_alignment=&#8221;default&#8221; phone_text_alignment=&#8221;default&#8221; background_color_opacity=&#8221;1&#8243; background_hover_color_opacity=&#8221;1&#8243; column_backdrop_filter=&#8221;none&#8221; font_color=&#8221;#000000&#8243; column_shadow=&#8221;none&#8221; column_border_radius=&#8221;none&#8221; column_link_target=&#8221;_self&#8221; max_width_desktop=&#8221;-95 v&#8221; column_position=&#8221;default&#8221; advanced_gradient_angle=&#8221;0&#8243; gradient_direction=&#8221;left_to_right&#8221; overlay_strength=&#8221;0.3&#8243; width=&#8221;5\/12&#8243; tablet_width_inherit=&#8221;default&#8221; animation_type=&#8221;default&#8221; bg_image_animation=&#8221;none&#8221; border_type=&#8221;simple&#8221; column_border_width=&#8221;none&#8221; column_border_style=&#8221;solid&#8221; gradient_type=&#8221;default&#8221; column_padding_type=&#8221;advanced&#8221;][split_line_heading animation_type=&#8221;line-reveal-by-space&#8221; font_style=&#8221;h2&#8243; text_color=&#8221;#000000&#8243; line_reveal_by_space_text_effect=&#8221;none&#8221; content_alignment=&#8221;center&#8221; mobile_content_alignment=&#8221;inherit&#8221; link_target=&#8221;_self&#8221; text_content=&#8221;Welcome to our fairytale musical world!&#8221; font_size=&#8221;2vw&#8221; font_line_height=&#8221;0,5&#8243; text_direction=&#8221;default&#8221;][\/split_line_heading][vc_row_inner column_margin=&#8221;default&#8221; column_direction=&#8221;default&#8221; column_direction_tablet=&#8221;default&#8221; column_direction_phone=&#8221;default&#8221; left_padding_desktop=&#8221;-9%&#8221; constrain_group_2=&#8221;yes&#8221; right_padding_desktop=&#8221;-9%&#8221; left_padding_phone=&#8221;0&#8243; constrain_group_6=&#8221;yes&#8221; right_padding_phone=&#8221;0&#8243; text_align=&#8221;left&#8221; row_position=&#8221;default&#8221; row_position_tablet=&#8221;inherit&#8221; row_position_phone=&#8221;inherit&#8221; overflow=&#8221;visible&#8221; pointer_events=&#8221;all&#8221;][vc_column_inner column_padding=&#8221;no-extra-padding&#8221; column_padding_tablet=&#8221;inherit&#8221; column_padding_phone=&#8221;inherit&#8221; column_padding_position=&#8221;all&#8221; column_element_direction_desktop=&#8221;default&#8221; column_element_spacing=&#8221;default&#8221; desktop_text_alignment=&#8221;left&#8221; tablet_text_alignment=&#8221;default&#8221; phone_text_alignment=&#8221;default&#8221; background_color_opacity=&#8221;1&#8243; background_hover_color_opacity=&#8221;1&#8243; background_image=&#8221;7771&#8243; background_image_position=&#8221;center center&#8221; background_image_stacking=&#8221;default&#8221; background_image_loading=&#8221;default&#8221; column_backdrop_filter=&#8221;none&#8221; column_shadow=&#8221;none&#8221; column_border_radius=&#8221;none&#8221; column_link_target=&#8221;_self&#8221; overflow=&#8221;visible&#8221; advanced_gradient_angle=&#8221;0&#8243; gradient_direction=&#8221;left_to_right&#8221; overlay_strength=&#8221;0.3&#8243; width=&#8221;1\/1&#8243; tablet_width_inherit=&#8221;default&#8221; animation_type=&#8221;default&#8221; bg_image_animation=&#8221;none&#8221; border_type=&#8221;simple&#8221; column_border_width=&#8221;none&#8221; column_border_style=&#8221;solid&#8221; gradient_type=&#8221;default&#8221; column_padding_type=&#8221;default&#8221;][divider line_type=&#8221;No Line&#8221; custom_height=&#8221;3vh&#8221;][nectar_responsive_text font_size_min=&#8221;16px&#8221; font_size_max=&#8221;20px&#8221; text_color=&#8221;#000000&#8243; font_size_desktop=&#8221;1.2vw&#8221; font_line_height=&#8221;1.5&#8243; text_direction=&#8221;ltr&#8221;]\n<p style=\"text-align: left;\">We\u2019re a team of enthusiasts, perfectionists, aesthetes, encouragers, epicures, collectors of stellar moments, gourmets, forest strollers, bibliophile bookworms, idealists, connoiseuses and connoisseurs.<\/p>\n<p style=\"text-align: left;\">What unites us is a love of Early and New Music, original sound, quality, nature and sustainability, our delight in discovery and our striving to master our craft, whether musical, musicological or artistic, in order to create something beautiful and to inspire you with it.<\/p>\n<p style=\"text-align: left;\">Music, beauty and good stories enrich us, give us strength and enhance our lives.<br \/>\nOf that we are certain!<\/p>\n[\/nectar_responsive_text][divider line_type=&#8221;No Line&#8221; custom_height=&#8221;22&#8243;][\/vc_column_inner][\/vc_row_inner][\/vc_column][\/vc_row][vc_row type=&#8221;full_width_content&#8221; full_screen_row_position=&#8221;middle&#8221; column_margin=&#8221;default&#8221; column_direction=&#8221;default&#8221; column_direction_tablet=&#8221;default&#8221; column_direction_phone=&#8221;default&#8221; scene_position=&#8221;center&#8221; top_padding=&#8221;7%&#8221; bottom_padding=&#8221;14%&#8221; top_padding_tablet=&#8221;20%&#8221; bottom_padding_tablet=&#8221;20%&#8221; top_margin=&#8221;-8%&#8221; text_color=&#8221;custom&#8221; custom_text_color=&#8221;#000000&#8243; text_align=&#8221;center&#8221; row_border_radius=&#8221;none&#8221; row_border_radius_applies=&#8221;bg&#8221; overflow=&#8221;visible&#8221; overlay_strength=&#8221;0.3&#8243; gradient_direction=&#8221;left_to_right&#8221; shape_divider_position=&#8221;bottom&#8221; bg_image_animation=&#8221;none&#8221; shape_type=&#8221;&#8221; gradient_type=&#8221;default&#8221;][vc_column column_padding=&#8221;no-extra-padding&#8221; column_padding_tablet=&#8221;inherit&#8221; column_padding_phone=&#8221;inherit&#8221; column_padding_position=&#8221;all&#8221; column_element_direction_desktop=&#8221;default&#8221; column_element_spacing=&#8221;default&#8221; desktop_text_alignment=&#8221;default&#8221; tablet_text_alignment=&#8221;default&#8221; phone_text_alignment=&#8221;default&#8221; background_color_opacity=&#8221;1&#8243; background_hover_color_opacity=&#8221;1&#8243; column_backdrop_filter=&#8221;none&#8221; font_color=&#8221;#000000&#8243; column_shadow=&#8221;none&#8221; column_border_radius=&#8221;none&#8221; column_link_target=&#8221;_self&#8221; column_position=&#8221;default&#8221; gradient_direction=&#8221;left_to_right&#8221; overlay_strength=&#8221;0.3&#8243; width=&#8221;1\/1&#8243; tablet_width_inherit=&#8221;default&#8221; animation_type=&#8221;default&#8221; bg_image_animation=&#8221;none&#8221; border_type=&#8221;simple&#8221; column_border_width=&#8221;none&#8221; column_border_style=&#8221;solid&#8221; column_padding_type=&#8221;default&#8221; gradient_type=&#8221;default&#8221;][vc_row_inner column_margin=&#8221;none&#8221; column_direction=&#8221;default&#8221; column_direction_tablet=&#8221;default&#8221; column_direction_phone=&#8221;default&#8221; bottom_padding=&#8221;35&#8243; left_padding_desktop=&#8221;24%&#8221; constrain_group_2=&#8221;yes&#8221; right_padding_desktop=&#8221;24%&#8221; bottom_padding_tablet=&#8221;25&#8243; constrain_group_4=&#8221;yes&#8221; left_padding_phone=&#8221;12%&#8221; constrain_group_6=&#8221;yes&#8221; right_padding_phone=&#8221;12%&#8221; text_align=&#8221;left&#8221; row_position=&#8221;default&#8221; row_position_tablet=&#8221;inherit&#8221; row_position_phone=&#8221;inherit&#8221; overflow=&#8221;visible&#8221; pointer_events=&#8221;all&#8221;][vc_column_inner column_padding=&#8221;no-extra-padding&#8221; column_padding_tablet=&#8221;inherit&#8221; column_padding_phone=&#8221;inherit&#8221; column_padding_position=&#8221;all&#8221; column_element_direction_desktop=&#8221;default&#8221; column_element_spacing=&#8221;default&#8221; centered_text=&#8221;true&#8221; desktop_text_alignment=&#8221;default&#8221; tablet_text_alignment=&#8221;default&#8221; phone_text_alignment=&#8221;default&#8221; background_color_opacity=&#8221;1&#8243; background_hover_color_opacity=&#8221;1&#8243; column_backdrop_filter=&#8221;none&#8221; column_shadow=&#8221;none&#8221; column_border_radius=&#8221;none&#8221; column_link_target=&#8221;_self&#8221; overflow=&#8221;visible&#8221; gradient_direction=&#8221;left_to_right&#8221; overlay_strength=&#8221;0.3&#8243; width=&#8221;1\/1&#8243; tablet_width_inherit=&#8221;default&#8221; animation_type=&#8221;default&#8221; enable_animation=&#8221;true&#8221; animation=&#8221;fade-in-from-bottom&#8221; animation_easing=&#8221;default&#8221; bg_image_animation=&#8221;none&#8221; border_type=&#8221;simple&#8221; column_border_width=&#8221;none&#8221; column_border_style=&#8221;solid&#8221;][split_line_heading animation_type=&#8221;line-reveal-by-space&#8221; font_style=&#8221;h5&#8243; text_color=&#8221;#000000&#8243; line_reveal_by_space_text_effect=&#8221;default&#8221; content_alignment=&#8221;default&#8221; mobile_content_alignment=&#8221;inherit&#8221; link_target=&#8221;_self&#8221; text_content=&#8221;Just like the old fairytale books say:&#8221; text_direction=&#8221;default&#8221; font_size=&#8221;2.8vh&#8221;][\/split_line_heading][split_line_heading animation_type=&#8221;line-reveal-by-space&#8221; font_style=&#8221;h2&#8243; text_color=&#8221;#000000&#8243; line_reveal_by_space_text_effect=&#8221;default&#8221; content_alignment=&#8221;default&#8221; mobile_content_alignment=&#8221;inherit&#8221; link_target=&#8221;_self&#8221; text_content=&#8221;good things come in threes.&#8221; max_width=&#8221;435&#8243; animation_delay=&#8221;150&#8243; text_direction=&#8221;default&#8221; font_line_height=&#8221;1.6&#8243;][\/split_line_heading][nectar_responsive_text font_size_min=&#8221;16px&#8221; font_size_max=&#8221;50px&#8221; text_color=&#8221;#000000&#8243; text_direction=&#8221;default&#8221; font_size_desktop=&#8221;1.4vw&#8221; font_line_height=&#8221;1.3&#8243;]\n<p style=\"text-align: center;\">And it\u2019s the same with<em> favola in musica.<\/em><\/p>\n<p style=\"text-align: center;\">Like a mellifluous triad in music, it\u2019s a harmony between a<br \/>\n<strong>cultural association<\/strong>, <strong>ensemble<\/strong> and <strong>label<\/strong>,<br \/>\nled by a \u2018fairy godmother\u2019, aka founder Maria Weiss.<\/p>\n[\/nectar_responsive_text][\/vc_column_inner][\/vc_row_inner][nectar_post_grid post_type=&#8221;portfolio&#8221; portfolio_category=&#8221;team&#8221; order=&#8221;DESC&#8221; orderby=&#8221;title&#8221; pagination=&#8221;none&#8221; columns=&#8221;3&#8243; columns_tablet=&#8221;default&#8221; columns_phone=&#8221;default&#8221; grid_item_spacing=&#8221;none&#8221; grid_item_height=&#8221;60vh&#8221; 3_col_masonry_layout=&#8221;default&#8221; image_size=&#8221;full&#8221; image_loading=&#8221;lazy-load&#8221; animation=&#8221;fade-in-from-bottom&#8221; animation_stagger=&#8221;90&#8243; animation_easing=&#8221;default&#8221; heading_tag=&#8221;h2&#8243; additional_meta_size=&#8221;default&#8221; grid_style=&#8221;content_overlaid&#8221; text_content_layout=&#8221;all_bottom_left_shadow&#8221; color_overlay=&#8221;#000000&#8243; color_overlay_opacity=&#8221;0.1&#8243; color_overlay_hover_opacity=&#8221;0.4&#8243; text_color=&#8221;light&#8221; text_color_hover=&#8221;light&#8221; text_opacity=&#8221;1&#8243; text_hover_opacity=&#8221;1&#8243; hover_effect=&#8221;zoom&#8221; border_radius=&#8221;none&#8221; shadow_on_hover=&#8221;yes&#8221; card_design_bg_color=&#8221;#00cae8&#8243; display_type=&#8221;grid&#8221; custom_font_size=&#8221;1.8vw&#8221; font_line_height=&#8221;1.5&#8243;][vc_row_inner column_margin=&#8221;default&#8221; column_direction=&#8221;default&#8221; column_direction_tablet=&#8221;default&#8221; column_direction_phone=&#8221;default&#8221; text_align=&#8221;left&#8221; row_position=&#8221;default&#8221; row_position_tablet=&#8221;inherit&#8221; row_position_phone=&#8221;inherit&#8221; overflow=&#8221;visible&#8221; pointer_events=&#8221;all&#8221;][vc_column_inner column_padding=&#8221;no-extra-padding&#8221; column_padding_tablet=&#8221;inherit&#8221; column_padding_phone=&#8221;inherit&#8221; column_padding_position=&#8221;all&#8221; column_element_direction_desktop=&#8221;default&#8221; column_element_spacing=&#8221;default&#8221; desktop_text_alignment=&#8221;default&#8221; tablet_text_alignment=&#8221;default&#8221; phone_text_alignment=&#8221;default&#8221; background_color_opacity=&#8221;1&#8243; background_hover_color_opacity=&#8221;1&#8243; column_backdrop_filter=&#8221;none&#8221; column_shadow=&#8221;none&#8221; column_border_radius=&#8221;none&#8221; column_link_target=&#8221;_self&#8221; overflow=&#8221;visible&#8221; gradient_direction=&#8221;left_to_right&#8221; overlay_strength=&#8221;0.3&#8243; width=&#8221;1\/1&#8243; tablet_width_inherit=&#8221;default&#8221; animation_type=&#8221;default&#8221; bg_image_animation=&#8221;none&#8221; border_type=&#8221;simple&#8221; column_border_width=&#8221;none&#8221; column_border_style=&#8221;solid&#8221; column_padding_type=&#8221;default&#8221; gradient_type=&#8221;default&#8221;][divider line_type=&#8221;No Line&#8221; custom_height=&#8221;22vh&#8221;][nectar_responsive_text font_size_min=&#8221;16px&#8221; font_size_max=&#8221;50px&#8221; text_color=&#8221;#000000&#8243; text_direction=&#8221;default&#8221; font_size_desktop=&#8221;3vw&#8221; font_line_height=&#8221;1.5&#8243;]\n<h2>Artistic, musical team by project<\/h2>\n[\/nectar_responsive_text][divider line_type=&#8221;No Line&#8221; custom_height=&#8221;12vh&#8221;][\/vc_column_inner][\/vc_row_inner][tabbed_section style=&#8221;material&#8221; tab_change_animation=&#8221;fade&#8221; alignment=&#8221;center&#8221; spacing=&#8221;side-45px&#8221; tab_color=&#8221;Extra-Color-2&#8243; vs_content_animation=&#8221;fade&#8221; vs_link_animation=&#8221;opacity&#8221; vs_navigation_alignment=&#8221;left&#8221; vs_navigation_width_2=&#8221;25%&#8221; vs_navigation_func=&#8221;default&#8221; vs_navigation_width=&#8221;regular&#8221; vs_navigation_spacing=&#8221;15px&#8221; vs_navigation_mobile_display=&#8221;visible&#8221; vs_tab_spacing=&#8221;5%&#8221; full_width_line=&#8221;true&#8221; icon_size=&#8221;32&#8243;][tab icon_family=&#8221;none&#8221; title=&#8221;early music bird&#8221; id=&#8221;1719345162365-2&#8243; tab_id=&#8221;1719345162367-9&#8243; sub_desc=&#8221;Concept album&#8221;][vc_row_inner column_margin=&#8221;default&#8221; column_direction=&#8221;default&#8221; column_direction_tablet=&#8221;default&#8221; column_direction_phone=&#8221;default&#8221; bottom_padding=&#8221;60&#8243; text_align=&#8221;center&#8221; row_position=&#8221;default&#8221; row_position_tablet=&#8221;inherit&#8221; row_position_phone=&#8221;inherit&#8221; overflow=&#8221;visible&#8221; pointer_events=&#8221;all&#8221; el_id=&#8221;team&#8221;][vc_column_inner column_padding=&#8221;no-extra-padding&#8221; column_padding_tablet=&#8221;inherit&#8221; column_padding_phone=&#8221;inherit&#8221; column_padding_position=&#8221;all&#8221; column_element_direction_desktop=&#8221;default&#8221; column_element_spacing=&#8221;default&#8221; centered_text=&#8221;true&#8221; desktop_text_alignment=&#8221;default&#8221; tablet_text_alignment=&#8221;default&#8221; phone_text_alignment=&#8221;default&#8221; background_color_opacity=&#8221;1&#8243; background_hover_color_opacity=&#8221;1&#8243; column_backdrop_filter=&#8221;none&#8221; column_shadow=&#8221;none&#8221; column_border_radius=&#8221;none&#8221; column_link_target=&#8221;_self&#8221; overflow=&#8221;visible&#8221; gradient_direction=&#8221;left_to_right&#8221; overlay_strength=&#8221;0.3&#8243; width=&#8221;1\/1&#8243; tablet_width_inherit=&#8221;default&#8221; animation_type=&#8221;default&#8221; bg_image_animation=&#8221;none&#8221; border_type=&#8221;simple&#8221; column_border_width=&#8221;none&#8221; column_border_style=&#8221;solid&#8221; column_padding_type=&#8221;default&#8221; gradient_type=&#8221;default&#8221;][vc_custom_heading text=&#8221;Our Team&#8221; font_container=&#8221;tag:h3|text_align:center&#8221; use_theme_fonts=&#8221;yes&#8221;][divider line_type=&#8221;Small Line&#8221; line_alignment=&#8221;default&#8221; line_thickness=&#8221;2&#8243; divider_color=&#8221;extra-color-2&#8243; animate=&#8221;yes&#8221; custom_height=&#8221;40&#8243; custom_line_width=&#8221;40&#8243;][vc_column_text max_width=&#8221;650&#8243; text_direction=&#8221;default&#8221;]\n<p style=\"text-align: center;\">early music bird. early new music<\/p>\n<p style=\"text-align: center;\">CONCEPT ALBUM<\/p>\n[\/vc_column_text][\/vc_column_inner][\/vc_row_inner][vc_row_inner column_margin=&#8221;none&#8221; column_direction=&#8221;default&#8221; column_direction_tablet=&#8221;default&#8221; column_direction_phone=&#8221;default&#8221; text_align=&#8221;center&#8221; row_position=&#8221;default&#8221; row_position_tablet=&#8221;inherit&#8221; row_position_phone=&#8221;inherit&#8221; overflow=&#8221;visible&#8221; pointer_events=&#8221;all&#8221;][vc_column_inner column_padding=&#8221;no-extra-padding&#8221; column_padding_tablet=&#8221;inherit&#8221; column_padding_phone=&#8221;inherit&#8221; column_padding_position=&#8221;all&#8221; column_element_direction_desktop=&#8221;default&#8221; column_element_spacing=&#8221;default&#8221; desktop_text_alignment=&#8221;default&#8221; tablet_text_alignment=&#8221;default&#8221; phone_text_alignment=&#8221;default&#8221; background_color_opacity=&#8221;1&#8243; background_hover_color_opacity=&#8221;1&#8243; column_backdrop_filter=&#8221;none&#8221; column_shadow=&#8221;none&#8221; column_border_radius=&#8221;none&#8221; column_link_target=&#8221;_self&#8221; overflow=&#8221;visible&#8221; gradient_direction=&#8221;left_to_right&#8221; overlay_strength=&#8221;0.3&#8243; width=&#8221;1\/3&#8243; tablet_width_inherit=&#8221;default&#8221; animation_type=&#8221;default&#8221; enable_animation=&#8221;true&#8221; animation=&#8221;grow-in&#8221; animation_easing=&#8221;default&#8221; bg_image_animation=&#8221;none&#8221; border_type=&#8221;simple&#8221; column_border_width=&#8221;none&#8221; column_border_style=&#8221;solid&#8221;][team_member image_url=&#8221;6652&#8243; bio_image_url=&#8221;6652&#8243; team_memeber_style=&#8221;bio_fullscreen&#8221; image_loading=&#8221;default&#8221; team_member_bio_full_html=&#8221;simple&#8221; name=&#8221;Wolfgang Mitterer&#8221; job_position=&#8221;Composition &amp; Electronics&#8221; team_member_bio=&#8221;Wolfgang Mitterer was born in Lienz in East Tyrol in 1958 and grew up in an environment of down-to-earth church music and traditional Tyrolean brass bands. In 1977 his interest in the organ took him to Graz to pursue formal study in the instrument. One year later he moved to the University of Music in Vienna, where he studied organ with Herbert Tachezi and composition with Heinrich Gattermeyer.<\/p>\n<p>In 1983 he went to the Elektronmusikstudio (EMS) in Stockholm to explore electroacoustics. In 1988 he spent a year in Rome on a scholarship awarded by the Ministry of Education.<br \/>\nBy this time Wolfgang Mitterer had already embarked on an exciting musical journey through the regions of experimentalism and was a member of collectives working in various styles and genres on the boundaries between jazz, folk music, new wave and noise music.<br \/>\nHe has played with bands including Hirn mit Ei, Call Boys Inc., Pat Brothers, Dirty Tones and Matador. He has also collaborated with musicians such as Linda Sharrock, Gunter Schneider, Wolfgang Reisinger, Klaus Dickbauer, Hozan Yamamoto, Tscho Theissing and Tom Cora.<\/p>\n<p>The hallmark of Wolfgang Mitterer\u2019s work is that the musical process begins with the unpredictable and unexpected. He creates a network of instrumental and vocal live ensembles and electronic surround sound; he juxtaposes sawmills and old church organs in a new movement of sounds and engages thousands of choir singers and several traditional brass bands for his composition events. Improvisation is superimposed onto fixed notation. He regularly gives performances as a soloist and as part of collectives at international festivals and in concert halls, and he has been commissioned to compose for important cultural events and institutions including the Wiener Festwochen, Steirischer Herbst, Wien Modern, Wiener Konzerthaus, a festival in Erl, Tyrol and Klangspuren Schwaz, as well as for broadcasters such as ORF, WDR and SRG.<\/p>\n<p>He has received many prizes and awards for his work as a musician and composer, including the German Record Critics\u2019 Award, an Austrian state scholarship, the Prix Ars Electronica, the Max Brand Prize, the Prix Futura Berlin, the Emil-Berlanda Prize, the City of Vienna Music Prize, the Austrian Art Prize for Music and the 2018 Austrian Film Prize for Best Music for Untitled (dir. Michael Glawogger and Monika Willi). He won the same prize again in 2020 for Die Kinder der Toten (dir. Pavol Liska and Kelly Copper).<\/p>\n<p>Wolfgang Mitterer\u2019s oeuvre now includes several hundred works for a great variety of musical ensembles, from Amusie for six musicians, loudspeaker and a broken church organ to und tr\u00e4umte seltsam for soprano, small choir and ensemble, Ka und der Pavian for choir, 13 musicians and surround sound, Net-Words 1-5 for 11 musicians and an 8-channel tape to Fisis for symphony orchestra, and the opera Massacre (first performed at Wiener Festwochen).<\/p>\n<p>Wolfgang Mitterer taught the Music and Computer course at the University of Music in Vienna.<\/p>\n<p>wolfgangmitterer.com<\/p>\n<p>Photograph Wolfgang Mitterer \u00a9 Julia Stix&#8221; social_icon_1=&#8221;fa fa-globe&#8221; social_link_1=&#8221;https:\/\/www.wolfgangmitterer.com&#8221;][\/team_member][\/vc_column_inner][vc_column_inner column_padding=&#8221;no-extra-padding&#8221; column_padding_tablet=&#8221;inherit&#8221; column_padding_phone=&#8221;inherit&#8221; column_padding_position=&#8221;all&#8221; column_element_direction_desktop=&#8221;default&#8221; column_element_spacing=&#8221;default&#8221; desktop_text_alignment=&#8221;default&#8221; tablet_text_alignment=&#8221;default&#8221; phone_text_alignment=&#8221;default&#8221; background_color_opacity=&#8221;1&#8243; background_hover_color_opacity=&#8221;1&#8243; column_backdrop_filter=&#8221;none&#8221; column_shadow=&#8221;none&#8221; column_border_radius=&#8221;none&#8221; column_link_target=&#8221;_self&#8221; overflow=&#8221;visible&#8221; gradient_direction=&#8221;left_to_right&#8221; overlay_strength=&#8221;0.3&#8243; width=&#8221;1\/3&#8243; tablet_width_inherit=&#8221;default&#8221; animation_type=&#8221;default&#8221; enable_animation=&#8221;true&#8221; animation=&#8221;grow-in&#8221; animation_easing=&#8221;default&#8221; bg_image_animation=&#8221;none&#8221; border_type=&#8221;simple&#8221; column_border_width=&#8221;none&#8221; column_border_style=&#8221;solid&#8221;][team_member image_url=&#8221;6482&#8243; bio_image_url=&#8221;6482&#8243; team_memeber_style=&#8221;bio_fullscreen&#8221; image_loading=&#8221;default&#8221; team_member_bio_full_html=&#8221;simple&#8221; name=&#8221;Luca Pianca&#8221; job_position=&#8221;Lute&#8221; team_member_bio=&#8221;Luca Pianca is a Lugano-born lute player and conductor. He studied with Nikolaus Harnoncourt at the Mozarteum University Salzburg before embarking on a 30-year collaboration with Concentus Musicus Wien. He co-founded Il Giardino Armonico, a leading ensemble in the field of ancient music. His output includes more than 80 CD recordings, among them the complete lute works of Bach and Vivaldi.<\/p>\n<p>His concert activity has taken him all around the world, and he has played recitals in many of the major European and American venues. Since 2008 he has conducted the Bach cantata cycle at the Wiener Konzerthaus. He has led over 100 Bach cantatas, as well as St John\u2019s Passion and the Christmas Oratorio. In 2018 the Swiss Federal Office of Culture awarded him the Swiss Music Prize.<\/p>\n<p>Photograph Luca Pianca \u00a9 Maria Weiss in the P\u00f6ckstein castle&#8221;][\/team_member][\/vc_column_inner][vc_column_inner column_padding=&#8221;no-extra-padding&#8221; column_padding_tablet=&#8221;inherit&#8221; column_padding_phone=&#8221;inherit&#8221; column_padding_position=&#8221;all&#8221; column_element_direction_desktop=&#8221;default&#8221; column_element_spacing=&#8221;default&#8221; desktop_text_alignment=&#8221;default&#8221; tablet_text_alignment=&#8221;default&#8221; phone_text_alignment=&#8221;default&#8221; background_color_opacity=&#8221;1&#8243; background_hover_color_opacity=&#8221;1&#8243; column_backdrop_filter=&#8221;none&#8221; column_shadow=&#8221;none&#8221; column_border_radius=&#8221;none&#8221; column_link_target=&#8221;_self&#8221; overflow=&#8221;visible&#8221; gradient_direction=&#8221;left_to_right&#8221; overlay_strength=&#8221;0.3&#8243; width=&#8221;1\/3&#8243; tablet_width_inherit=&#8221;default&#8221; animation_type=&#8221;default&#8221; enable_animation=&#8221;true&#8221; animation=&#8221;grow-in&#8221; animation_easing=&#8221;default&#8221; bg_image_animation=&#8221;none&#8221; border_type=&#8221;simple&#8221; column_border_width=&#8221;none&#8221; column_border_style=&#8221;solid&#8221;][team_member image_url=&#8221;6515&#8243; bio_image_url=&#8221;6515&#8243; team_memeber_style=&#8221;bio_fullscreen&#8221; image_loading=&#8221;default&#8221; team_member_bio_full_html=&#8221;simple&#8221; name=&#8221;Maria Weiss&#8221; job_position=&#8221;Mezzosopran &amp; CEO&#8221; social_icon_1=&#8221;fa fa-globe&#8221; social_link_1=&#8221;https:\/\/www.mariaweiss.at&#8221; social_icon_2=&#8221;fa fa-film&#8221; social_link_2=&#8221;https:\/\/mariaweissactress.com&#8221; social_icon_3=&#8221;fa fa-instagram&#8221; social_link_3=&#8221;https:\/\/www.instagram.com\/mariaweiss_offical\/&#8221; team_member_bio=&#8221;\u201cHer voice is tremendous, and the continued suspense of her stage presence is breath-taking\u201d, \u201ca marvellous mezzo soprano with organ-like depths\u201d and \u201ca vocal and acting synthesis of arts\u201d are just some of the things that reviewers have said of the Austrian mezzo soprano Maria Weiss.<\/p>\n<p>The mezzo soprano was just a child when she discovered her love for singing and early music. She studied solo performance at the Luigi Cherubini State Conservatory in Florence, the University of Music and Performing Arts in Graz and acting at the Lee Strasberg Theater &amp; Film Institute in New York.<\/p>\n<p>She has performed with orchestras including the Bach Consort Vienna, Klangforum Wien, L&#8217;Orfeo Barockorchester, Ensemble Claudiana, Harmony of Nations Baroque Orchestra, Il Concerto Tivoli, Camerata Argentea, A Corte Musical, Capella Leopoldina, Graz Symphony Orchestra and the Vorarlberg Symphony Orchestra and has established herself as an outstanding interpreter of early music with a mezzo soprano voice that reviewers have described as &#8220;beautiful&#8220;, &#8220;clearly timbred and flawlessly guided&#8220;, and &#8220;softly floating\u201d.<\/p>\n<p>The repertoire of the singer, who speaks five languages, consists of early and contemporary music, Bach, Mozart and Offenbach, and particularly first performances of forgotten works.<br \/>\nHer artistic path has been shaped by collaborations with directors such as Frank Castorf, Philippe Arlaud, Seollyeon Konwitschny, John Lloyd Davies and Kobie van Rensburg and with musical partners such as Stefan Asbury, Domingo Hindoyan, Michi Gaigg, David Levi, Rub\u00e9n Dubrovsky, G\u00e9rard Korsten, Rog\u00e9rio Gon\u00e7alves and Franco Pavan.<br \/>\nNotable engagements include the Wiener Festwochen, Wiener Konzerthaus, Graz Opera House, H\u00e4ndel Festival in Halle, Theater an der Rott (Germany), trigonale. festival of early music, Festspielhaus Bregenz, Feldkirch Festival, Festspielhaus Dornbirn, Donaufestwochen im Strudengau, BOV Opera Festival at the Teatru Manoel in Valetta (Malta) and Ateneu Barcelon\u00e9s in Spain.<br \/>\nAs a Lied singer, Maria Weiss, under the guidance of Teresa Berganza and Isabel Arag\u00f3n, has specialised in Spanish and Latin American repertoire (especially the songs of De Falla, Granados, Guridi, Montsalvatge, Rodrigo, Leon and Villa-Lobos).<\/p>\n<p>Her stage presence was described as that of a \u201cgifted singer-actress\u201d in a review by the Kritisches Journal f\u00fcr Alte Musik.<br \/>\nShe regularly appears in short films, feature films and commercials, and has worked with directors such as Anja Salomonowitz, Oskar Roehler, Christopher Schlier, Martin Aamund, Phil Moran, Ronald Unterberger, Thomas Woschitz and Quadmo Quintero.<\/p>\n<p>mariaweiss.at<br \/>\nmariaweissactress.com<\/p>\n<p>Maria Weiss | Photograph \u00a9 Carmen &amp; Ingo Photography&#8221;][\/team_member][\/vc_column_inner][\/vc_row_inner][vc_row_inner column_margin=&#8221;none&#8221; column_direction=&#8221;default&#8221; column_direction_tablet=&#8221;default&#8221; column_direction_phone=&#8221;default&#8221; text_align=&#8221;left&#8221; row_position=&#8221;default&#8221; row_position_tablet=&#8221;inherit&#8221; row_position_phone=&#8221;inherit&#8221; overflow=&#8221;visible&#8221; pointer_events=&#8221;all&#8221;][vc_column_inner column_padding=&#8221;no-extra-padding&#8221; column_padding_tablet=&#8221;inherit&#8221; column_padding_phone=&#8221;inherit&#8221; column_padding_position=&#8221;all&#8221; column_element_direction_desktop=&#8221;default&#8221; column_element_spacing=&#8221;default&#8221; desktop_text_alignment=&#8221;default&#8221; tablet_text_alignment=&#8221;default&#8221; phone_text_alignment=&#8221;default&#8221; background_color_opacity=&#8221;1&#8243; background_hover_color_opacity=&#8221;1&#8243; column_backdrop_filter=&#8221;none&#8221; column_shadow=&#8221;none&#8221; column_border_radius=&#8221;none&#8221; column_link_target=&#8221;_self&#8221; overflow=&#8221;visible&#8221; gradient_direction=&#8221;left_to_right&#8221; overlay_strength=&#8221;0.3&#8243; width=&#8221;1\/3&#8243; tablet_width_inherit=&#8221;default&#8221; animation_type=&#8221;default&#8221; enable_animation=&#8221;true&#8221; animation=&#8221;grow-in&#8221; animation_easing=&#8221;default&#8221; bg_image_animation=&#8221;none&#8221; border_type=&#8221;simple&#8221; column_border_width=&#8221;none&#8221; column_border_style=&#8221;solid&#8221;][team_member image_url=&#8221;9827&#8243; bio_image_url=&#8221;9829&#8243; team_memeber_style=&#8221;bio_fullscreen&#8221; image_loading=&#8221;default&#8221; team_member_bio_full_html=&#8221;simple&#8221; name=&#8221;Zs\u00f3fia Breda&#8221; job_position=&#8221;Baroque violin&#8221; team_member_bio=&#8221;Zs\u00f3fia Br\u00e9da was born in 1998, and started her musical studies in G\u00f6d\u00f6ll\u0151, Hungary.<br \/>\nShe graduated from Bart\u00f3k B\u00e9la Conservatory Budapest, in Erika Pet\u0151fi\u2019s class.<\/p>\n<p>Early music has always had a special place in her heart, and she started to discover the secrets of it at the Miszla Baroque Academy, (at first in 2016, and every year since then) with Monika Toth and Soma Dinyes. In Miszla she decided to dedicate her time entirely to baroque violin and early music. Since 2018 she has been studying with Ulrike Engel at the Music and Arts University of the City of Vienna. In 2021 she also took up viola da gamba.<\/p>\n<p>Zs\u00f3fi has had a lot of opportunities to work and perform with Hungarian (Bacchus Consort, Miszla Baroque Orchestra, Orfeo Orchestra Budapest, Budapest Bach Consort, Ariadn\u00e9 Consort, Ensemble Metatron) and international (Collegium Marianum, 1607. ensemble for early &amp; new music) ensembles. She played in Europes famous concert halls such as the Palace of Arts and the Music Academy in Budapest, in the Wiener Konzerthaus (at the Resonanzen Festival), Hofburgkapelle, and Musikverein in Vienna, as well as in the Czech Republic, Germany and Italy.<\/p>\n<p>She took masterclasses from Monika Toth, Enrico Onofri, Soma Diny\u00e9s, Bal\u00e1zs M\u00e1t\u00e9, Dirk B\u00f6rner, Rachel Podger, Lenka Torgersen, Jana Semeradova, Benoit Dratwicki, Davide Monti and Veronika Skuplik.<\/p>\n<p>Photograph Zs\u00f3fia Br\u00e9da \u00a9 Carmen &amp; Ingo Photography in P\u00f6ckstein castle&#8221; social_icon_1=&#8221;fa fa-instagram&#8221; social_link_1=&#8221;https:\/\/www.instagram.com\/zsofibreda\/&#8221;][\/team_member][\/vc_column_inner][vc_column_inner column_padding=&#8221;no-extra-padding&#8221; column_padding_tablet=&#8221;inherit&#8221; column_padding_phone=&#8221;inherit&#8221; column_padding_position=&#8221;all&#8221; column_element_direction_desktop=&#8221;default&#8221; column_element_spacing=&#8221;default&#8221; desktop_text_alignment=&#8221;default&#8221; tablet_text_alignment=&#8221;default&#8221; phone_text_alignment=&#8221;default&#8221; background_color_opacity=&#8221;1&#8243; background_hover_color_opacity=&#8221;1&#8243; column_backdrop_filter=&#8221;none&#8221; column_shadow=&#8221;none&#8221; column_border_radius=&#8221;none&#8221; column_link_target=&#8221;_self&#8221; overflow=&#8221;visible&#8221; gradient_direction=&#8221;left_to_right&#8221; overlay_strength=&#8221;0.3&#8243; width=&#8221;1\/3&#8243; tablet_width_inherit=&#8221;default&#8221; animation_type=&#8221;default&#8221; enable_animation=&#8221;true&#8221; animation=&#8221;grow-in&#8221; animation_easing=&#8221;default&#8221; bg_image_animation=&#8221;none&#8221; border_type=&#8221;simple&#8221; column_border_width=&#8221;none&#8221; column_border_style=&#8221;solid&#8221;][team_member image_url=&#8221;6404&#8243; bio_image_url=&#8221;6658&#8243; team_memeber_style=&#8221;bio_fullscreen&#8221; image_loading=&#8221;default&#8221; team_member_bio_full_html=&#8221;simple&#8221; name=&#8221;1607. ensemble f\u00fcr early &amp; new music&#8221; job_position=&#8221;early music bird. early new music&#8221; team_member_bio=&#8221;Founded by Maria Weiss, the ensemble plays music on original instruments with long-standing musical friends and colleagues. The intention: to fulfil the highest artistic demands by exploring the existential layers of works in search of a distinctive musical language.<\/p>\n<p>Maria Weiss, mezzo soprano<br \/>\nWolfgang Mitterer, composition &amp; electronics\u2800\u2800\u2800\u2800\u2800<br \/>\nLuca Pianca, lute<br \/>\nM\u00f3nika T\u00f3th, violin I\u2800\u2800\u2800\u2800\u2800\u2800\u2800\u2800\u2800<br \/>\nZs\u00f3fia Br\u00e9da, violin II \u2800\u2800\u2800\u2800\u2800\u2800\u2800\u2800\u2800<br \/>\nHanne Eisenhut, viola\u2800\u2800\u2800\u2800\u2800\u2800\u2800\u2800\u2800<br \/>\nIgor Bobovich, cello\u2800\u2800\u2800\u2800\u2800\u2800\u2800\u2800\u2800<br \/>\nAlexandra Dienz, double bass<br \/>\nChiara Massini, harpsichord<br \/>\nAnne-Suse En\u00dfle, soprano recorder, tenor recorder, voice flute\u2800\u2800\u2800\u2800\u2800\u2800\u2800\u2800\u2800<br \/>\nAnnemarie Podesser, voice flute\u2800\u2800\u2800\u2800\u2800\u2800\u2800\u2800\u2800<br \/>\nHermann Ebner, horn\u2800\u2800\u2800\u2800\u2800\u2800\u2800\u2800\u2800<br \/>\nMichael S\u00f6llner, horn<\/p>\n<p>favolainmusica.com<\/p>\n<p>Photograph 1607 ensembles \u00a9 Theresa Pewal in P\u00f6ckstein castle&#8221; social_icon_1=&#8221;fa fa-globe&#8221; social_link_1=&#8221;https:\/\/favolainmusica.com&#8221;][\/team_member][\/vc_column_inner][vc_column_inner column_padding=&#8221;no-extra-padding&#8221; column_padding_tablet=&#8221;inherit&#8221; column_padding_phone=&#8221;inherit&#8221; column_padding_position=&#8221;all&#8221; column_element_direction_desktop=&#8221;default&#8221; column_element_spacing=&#8221;default&#8221; desktop_text_alignment=&#8221;default&#8221; tablet_text_alignment=&#8221;default&#8221; phone_text_alignment=&#8221;default&#8221; background_color_opacity=&#8221;1&#8243; background_hover_color_opacity=&#8221;1&#8243; column_backdrop_filter=&#8221;none&#8221; column_shadow=&#8221;none&#8221; column_border_radius=&#8221;none&#8221; column_link_target=&#8221;_self&#8221; overflow=&#8221;visible&#8221; gradient_direction=&#8221;left_to_right&#8221; overlay_strength=&#8221;0.3&#8243; width=&#8221;1\/3&#8243; tablet_width_inherit=&#8221;default&#8221; animation_type=&#8221;default&#8221; enable_animation=&#8221;true&#8221; animation=&#8221;grow-in&#8221; animation_easing=&#8221;default&#8221; bg_image_animation=&#8221;none&#8221; border_type=&#8221;simple&#8221; column_border_width=&#8221;none&#8221; column_border_style=&#8221;solid&#8221;][team_member image_url=&#8221;9831&#8243; bio_image_url=&#8221;9831&#8243; team_memeber_style=&#8221;bio_fullscreen&#8221; image_loading=&#8221;default&#8221; team_member_bio_full_html=&#8221;simple&#8221; name=&#8221;Monika Toth&#8221; job_position=&#8221;Baroque violin&#8221; team_member_bio=&#8221;M\u00f3nika T\u00f3th received her degree with distinction in violin pedagogy and chamber music performance from the Franz Liszt Academy of Music, Szeged, Hungary, in 1997. In 1999, she was awarded grants by the Soros Foundation and the Marco Fodella Foundation, which allowed her to study baroque violin and specialise in early music at the Accademia Internazionale della Musica in Milan under the guidance of Enrico Gatti. Subsequently, she received a master\u2019s degree cum laude in baroque violin from the Vincenzo Bellini Conservatorium in Palermo in 2007 as a student of Enrico Onofri. She also attended the masterclasses of Simon Standage, Lucy van Dael, Jaap Schro\u0308der, Bart Kuijken, and Malcolm Bilson.<br \/>\nShe won second prize at the Premio Bonporti Rovereto International Chamber Music Competition (Italy) in 2000 and third prize at the International Telemann Competition in Magdeburg (Germany) in 2001. Both times, the head of the international jury was Gustav Leonhardt.<br \/>\nShe appears regularly with leading early music groups and chamber ensembles, including I Barocchisti, Imaginarium Ensemble, Ensemble Zefiro, Accademia Bizantina, Il Giardino Armonico, Dolce e Tempesta, Europa Galante, Capella Leopoldina Graz, Barucco Wien, Neue Hofkapelle Graz, Accentus Austria, L&#8217;Eclisse, Ensemble Castor, and Stella Matutina. She is regularly invited as a chamber musician, leader and soloist to prestigious international festivals, such as the Regensburg, Berlin, Barcelona, Leipzig, Vienna, Salzburg, Trigonale in the South of Austria, Mantova, Milano, Krakow, Stockholm, Cuopio, Mexico City, Creta and Jerusalem Festivals.<br \/>\nShe has contributed to numerous recordings with Decca, EMI, Sony, Archiv, Naiv, Deutsche Harmonia Mundi, Arts, Chandos, Hungaroton, RTSI, Symphonia, Amadeus, Taktus, Erato, Querstand, Panclassics, Passacalia, Arcana, Preiser Records, Brilliant Classics and Virgin labels.<br \/>\nShe has regularly taught baroque violin at early music summer academies in Hungary from 2003, and in Italy and Poland as well. She is the founder of the Miszla Baroque Early Music Academy, which takes place twice a year at the Nemeske\u0301ry baroque villa in Miszla, Hungary.<br \/>\nFrom 2012, she is Tutor of young baroque string players of the I Talenti Vulcanici Baroque Orchestra at the Centro di Musica Antica della Pieta\u0301 de&#8217;Turchini, Naples.<br \/>\nFrom 2018\/19 she is lecturer for baroque violin at the University of Ljubljana.<br \/>\nIn 2019, Mo\u0301nika To\u0301th was honoured with the Betty Wager Prize by the City of Heves, Hungary, her hometown, for her achievements in early music.<\/p>\n<p>Photograph Monika Toth \u00a9 Maria Weiss P\u00f6ckstein castle&#8221;][\/team_member][\/vc_column_inner][\/vc_row_inner][vc_row_inner column_margin=&#8221;none&#8221; column_direction=&#8221;default&#8221; column_direction_tablet=&#8221;default&#8221; column_direction_phone=&#8221;default&#8221; text_align=&#8221;left&#8221; row_position=&#8221;default&#8221; row_position_tablet=&#8221;inherit&#8221; row_position_phone=&#8221;inherit&#8221; overflow=&#8221;visible&#8221; pointer_events=&#8221;all&#8221;][vc_column_inner column_padding=&#8221;no-extra-padding&#8221; column_padding_tablet=&#8221;inherit&#8221; column_padding_phone=&#8221;inherit&#8221; column_padding_position=&#8221;all&#8221; column_element_direction_desktop=&#8221;default&#8221; column_element_spacing=&#8221;default&#8221; desktop_text_alignment=&#8221;default&#8221; tablet_text_alignment=&#8221;default&#8221; phone_text_alignment=&#8221;default&#8221; background_color_opacity=&#8221;1&#8243; background_hover_color_opacity=&#8221;1&#8243; column_backdrop_filter=&#8221;none&#8221; column_shadow=&#8221;none&#8221; column_border_radius=&#8221;none&#8221; column_link_target=&#8221;_self&#8221; overflow=&#8221;visible&#8221; gradient_direction=&#8221;left_to_right&#8221; overlay_strength=&#8221;0.3&#8243; width=&#8221;1\/3&#8243; tablet_width_inherit=&#8221;default&#8221; animation_type=&#8221;default&#8221; enable_animation=&#8221;true&#8221; animation=&#8221;grow-in&#8221; animation_easing=&#8221;default&#8221; bg_image_animation=&#8221;none&#8221; border_type=&#8221;simple&#8221; column_border_width=&#8221;none&#8221; column_border_style=&#8221;solid&#8221;][team_member image_url=&#8221;6462&#8243; bio_image_url=&#8221;6462&#8243; team_memeber_style=&#8221;bio_fullscreen&#8221; image_loading=&#8221;default&#8221; team_member_bio_full_html=&#8221;simple&#8221; name=&#8221;Anne-Suse En\u00dfle&#8221; job_position=&#8221;Recorder&#8221; team_member_bio=&#8221;Anne-Suse En\u00dfle studied recorder at Mozarteum Salzburg with Professor Dorothee Oberlinger and at the Universit\u00e4t f\u00fcr Musik und darstellende Kunst Wien with Prof. Carsten Eckert.<br \/>\nAnne Suse-En\u00dfle gained experience in university teaching in her function as assistant for artistic education in Carsten Eckert\u2019s recorder class (University of Music and Performing Arts Vienna). In the summer term of 2019, she led the recorder class at the Carinthian National Conservatoire, Klagenfurt as a temporary replacement. Since January 2020 she has been teaching as a recorderprofessor at the Tyrolean State Conservatory in Innsbruck.<br \/>\nAs a soloist and member of various ensembles, she has devoted herself to the interpretation of early and new music. Special emphasis is placed on collaborating with composers, developing new concertformats, working for young audiences, cross-disciplinary projects and chambermusic at the highest level.<\/p>\n<p>blockfloetistin.com<\/p>\n<p>Anne Suse En\u00dfle | Castle \u201cSchloss P\u00f6ckstein\u201d | Photograph \u00a9 Theresa Pewal&#8221; social_icon_1=&#8221;fa fa-globe&#8221; social_link_1=&#8221;https:\/\/www.blockfloetistin.com&#8221; social_icon_2=&#8221;fa fa-instagram&#8221; social_link_2=&#8221;https:\/\/www.instagram.com\/anneenssle\/&#8221;][\/team_member][\/vc_column_inner][vc_column_inner column_padding=&#8221;no-extra-padding&#8221; column_padding_tablet=&#8221;inherit&#8221; column_padding_phone=&#8221;inherit&#8221; column_padding_position=&#8221;all&#8221; column_element_direction_desktop=&#8221;default&#8221; column_element_spacing=&#8221;default&#8221; desktop_text_alignment=&#8221;default&#8221; tablet_text_alignment=&#8221;default&#8221; phone_text_alignment=&#8221;default&#8221; background_color_opacity=&#8221;1&#8243; background_hover_color_opacity=&#8221;1&#8243; column_backdrop_filter=&#8221;none&#8221; column_shadow=&#8221;none&#8221; column_border_radius=&#8221;none&#8221; column_link_target=&#8221;_self&#8221; overflow=&#8221;visible&#8221; gradient_direction=&#8221;left_to_right&#8221; overlay_strength=&#8221;0.3&#8243; width=&#8221;1\/3&#8243; tablet_width_inherit=&#8221;default&#8221; animation_type=&#8221;default&#8221; enable_animation=&#8221;true&#8221; animation=&#8221;grow-in&#8221; animation_easing=&#8221;default&#8221; bg_image_animation=&#8221;none&#8221; border_type=&#8221;simple&#8221; column_border_width=&#8221;none&#8221; column_border_style=&#8221;solid&#8221;][team_member image_url=&#8221;9842&#8243; bio_image_url=&#8221;9842&#8243; team_memeber_style=&#8221;bio_fullscreen&#8221; image_loading=&#8221;default&#8221; team_member_bio_full_html=&#8221;simple&#8221; name=&#8221;Hanne Eisenhut&#8221; job_position=&#8221;Viola&#8221; team_member_bio=&#8221;Born \/ raised in Stuttgart. Musical maturation in countless chamber music and orchestral formations. Violin studies in Aachen \/ Cologne and Klagenfurt with Prof. P. Rosemberg and Prof. H. Fister, baroque violin with Mag. NS. Fheodoroff, master classes with Y. Kless, Igor Ozim, John Holloway, Rachel Podger, Andreas Pilger and others.<\/p>\n<p>State teaching qualification 1999, artististic Diploma 2001, each with distinction. Lively chamber music activity at home and abroad with the baroque ensemble Arco-Baleno, the ensemble for early music La Follietta (appearances as part of the Millstatt Music Weeks, trigonale. festival for early music, Innsbruck Festival for Early Music, etc.) and the Carinthian Baroque Orchestra.<\/p>\n<p>Hanne Eisenhut lives with her family in Carinthia and leads a class for violin \/ viola at the Gustav Mahler Music School in Klagenfurt. Making the diversity of music in the eras audible and tangible is a great concern and joy for her, both as a musician and as an instrumental teacher.<\/p>\n<p>Hanne Eisenhut | Castle \u201cSchloss P\u00f6ckstein\u201d | Photograph \u00a9 Maria Weiss&#8221;][\/team_member][\/vc_column_inner][vc_column_inner column_padding=&#8221;no-extra-padding&#8221; column_padding_tablet=&#8221;inherit&#8221; column_padding_phone=&#8221;inherit&#8221; column_padding_position=&#8221;all&#8221; column_element_direction_desktop=&#8221;default&#8221; column_element_spacing=&#8221;default&#8221; desktop_text_alignment=&#8221;default&#8221; tablet_text_alignment=&#8221;default&#8221; phone_text_alignment=&#8221;default&#8221; background_color_opacity=&#8221;1&#8243; background_hover_color_opacity=&#8221;1&#8243; column_backdrop_filter=&#8221;none&#8221; column_shadow=&#8221;none&#8221; column_border_radius=&#8221;none&#8221; column_link_target=&#8221;_self&#8221; overflow=&#8221;visible&#8221; gradient_direction=&#8221;left_to_right&#8221; overlay_strength=&#8221;0.3&#8243; width=&#8221;1\/3&#8243; tablet_width_inherit=&#8221;default&#8221; animation_type=&#8221;default&#8221; enable_animation=&#8221;true&#8221; animation=&#8221;grow-in&#8221; animation_easing=&#8221;default&#8221; bg_image_animation=&#8221;none&#8221; border_type=&#8221;simple&#8221; column_border_width=&#8221;none&#8221; column_border_style=&#8221;solid&#8221;][team_member image_url=&#8221;6463&#8243; bio_image_url=&#8221;6463&#8243; team_memeber_style=&#8221;bio_fullscreen&#8221; image_loading=&#8221;default&#8221; team_member_bio_full_html=&#8221;simple&#8221; name=&#8221;Annemarie Podesser&#8221; job_position=&#8221;Recorder&#8221; team_member_bio=&#8221;Her musical life began when she got hold of her sister&#8217;s recorder. Some years later she studied IGP\/recorder at the Carinthian State Conservatory, concert recorder at the Zurich University of the Arts, and traverse flute in Lyon\/France and at the MUK Vienna. All studies with distinction.<\/p>\n<p>She performs as a soloist and chamber musician with various ensembles and orchestras throughout Europe and has been principal flautist of the Capella Leopoldina Baroque Orchestra since 2015. She gave concerts, among other things with the Vienna Symphony Orchestra, with the orchestra Camerata Athens, as a soloist in the New Opera Athens, at the Theater an der Wien, the Royal Palace Stockholm, the Radio Kulturhaus Vienna, the Baroque Festival St. P\u00f6lten, the Vienna Musikverein, the International Baroque Festival Bodrum (Turkey), the Vienna Konzerthaus, and many more Radio recordings and cd productions of Radio \u00d61 and film music recordings are as much a part of her activities as her many years of teaching.<\/p>\n<p>In addition to early music, Annemarie Podesser is intensively engaged in the interpretation of contemporary music. She has already premiered several works composed for her. Since 2018 she is professor for recorder and early music at the Gustav Mahler Private University of Music Klagenfurt.<\/p>\n<p>diefloetenspielerin.at<\/p>\n<p>Annemarie Podesser | Castle \u201cSchloss P\u00f6ckstein\u201d | Photograph \u00a9 Theresa Pewal&#8221; social_icon_1=&#8221;fa fa-globe&#8221; social_link_1=&#8221;https:\/\/www.diefloetenspielerin.at&#8221;][\/team_member][\/vc_column_inner][\/vc_row_inner][vc_row_inner column_margin=&#8221;none&#8221; column_direction=&#8221;default&#8221; column_direction_tablet=&#8221;default&#8221; column_direction_phone=&#8221;default&#8221; text_align=&#8221;left&#8221; row_position=&#8221;default&#8221; row_position_tablet=&#8221;inherit&#8221; row_position_phone=&#8221;inherit&#8221; overflow=&#8221;visible&#8221; pointer_events=&#8221;all&#8221;][vc_column_inner column_padding=&#8221;no-extra-padding&#8221; column_padding_tablet=&#8221;inherit&#8221; column_padding_phone=&#8221;inherit&#8221; column_padding_position=&#8221;all&#8221; column_element_direction_desktop=&#8221;default&#8221; column_element_spacing=&#8221;default&#8221; desktop_text_alignment=&#8221;default&#8221; tablet_text_alignment=&#8221;default&#8221; phone_text_alignment=&#8221;default&#8221; background_color_opacity=&#8221;1&#8243; background_hover_color_opacity=&#8221;1&#8243; column_backdrop_filter=&#8221;none&#8221; column_shadow=&#8221;none&#8221; column_border_radius=&#8221;none&#8221; column_link_target=&#8221;_self&#8221; overflow=&#8221;visible&#8221; gradient_direction=&#8221;left_to_right&#8221; overlay_strength=&#8221;0.3&#8243; width=&#8221;1\/3&#8243; tablet_width_inherit=&#8221;default&#8221; animation_type=&#8221;default&#8221; enable_animation=&#8221;true&#8221; animation=&#8221;grow-in&#8221; animation_easing=&#8221;default&#8221; bg_image_animation=&#8221;none&#8221; border_type=&#8221;simple&#8221; column_border_width=&#8221;none&#8221; column_border_style=&#8221;solid&#8221;][team_member image_url=&#8221;6634&#8243; bio_image_url=&#8221;6634&#8243; team_memeber_style=&#8221;bio_fullscreen&#8221; image_loading=&#8221;default&#8221; team_member_bio_full_html=&#8221;simple&#8221; name=&#8221;Hermann Ebner&#8221; job_position=&#8221;Horn&#8221; team_member_bio=&#8221;Prof. Hermann Ebner has been playing for many years as first horn in the Tonk\u00fcnstler-Orchester Nieder\u00f6sterreich, as well as with the Vienna Philharmonic Orchestra, the Vienna State Opera and the Vienna Radio Symphony Orchestra.<br \/>\nIn the field of early music, he plays with renowned original-sound orchestras such as L\u2019Orfeo Barockorchester, the Wiener Akademie, the Musica Angelica Baroque Orchestra (Los Angeles, USA) and Les Musiciens du Louvre (Grenoble, France).<br \/>\nAs a university lecturer, Hermann Ebner teaches horn, natural horn and chamber music at the University of Music and Performing Arts Graz (Institut Obersch\u00fctzen).<br \/>\nHe has performed orchestral concerts with the Vienna Chamber Orchestra, the Gy\u0151rer Philharmonic, the Radio Symphony Orchestra Krakow and the Mozarteum Orchestra Salzburg. He has taken part in many chamber music and solo performances and has recorded numerous CDs.<br \/>\nHermann Ebner holds masterclasses in Austria, Italy, Hungary, Poland, USA, Japan, Novosibirsk, Bogot\u00e1, Santo Domingo and Los Angeles.<br \/>\nHis book Die Hornisten bei Haydn am Hofe Esterha\u0301zy: Auf der Suche nach den hornistischen Spuren in den Meisterwerken Joseph Haydns, published in Vienna, received great recognition in the musicological world.<\/p>\n<p>Hermann Ebner | Natural History Museum Vienna| Photograph \u00a9 Maria Weiss&#8221; social_icon_1=&#8221;fa fa-globe&#8221; social_link_1=&#8221;https:\/\/www.blockfloetistin.com&#8221; social_icon_2=&#8221;fa fa-instagram&#8221; social_link_2=&#8221;https:\/\/www.instagram.com\/anneenssle\/&#8221;][\/team_member][\/vc_column_inner][vc_column_inner column_padding=&#8221;no-extra-padding&#8221; column_padding_tablet=&#8221;inherit&#8221; column_padding_phone=&#8221;inherit&#8221; column_padding_position=&#8221;all&#8221; column_element_direction_desktop=&#8221;default&#8221; column_element_spacing=&#8221;default&#8221; desktop_text_alignment=&#8221;default&#8221; tablet_text_alignment=&#8221;default&#8221; phone_text_alignment=&#8221;default&#8221; background_color_opacity=&#8221;1&#8243; background_hover_color_opacity=&#8221;1&#8243; column_backdrop_filter=&#8221;none&#8221; column_shadow=&#8221;none&#8221; column_border_radius=&#8221;none&#8221; column_link_target=&#8221;_self&#8221; overflow=&#8221;visible&#8221; gradient_direction=&#8221;left_to_right&#8221; overlay_strength=&#8221;0.3&#8243; width=&#8221;1\/3&#8243; tablet_width_inherit=&#8221;default&#8221; animation_type=&#8221;default&#8221; enable_animation=&#8221;true&#8221; animation=&#8221;grow-in&#8221; animation_easing=&#8221;default&#8221; bg_image_animation=&#8221;none&#8221; border_type=&#8221;simple&#8221; column_border_width=&#8221;none&#8221; column_border_style=&#8221;solid&#8221;][team_member image_url=&#8221;6476&#8243; bio_image_url=&#8221;6476&#8243; team_memeber_style=&#8221;bio_fullscreen&#8221; image_loading=&#8221;default&#8221; team_member_bio_full_html=&#8221;simple&#8221; name=&#8221;Igor Bobovich&#8221; job_position=&#8221;Baroque Cello&#8221; team_member_bio=&#8221;was born in Belarus in 1976 and received his first cello lessons at the age of six. From 1990 to 1993 he attended the special school for gifted children in Kharkov, before he began his studies at the Tchaikovsky Moscow State Conservatory in Moscow, which he successfully completed in 1999.<\/p>\n<p>From 1999-2005 he studied at the University of Music, Drama and Media Hanover<br \/>\nin the following courses: artistic education, chamber music, orchestra solo literature, solo classes.<\/p>\n<p>Igor Bobovich has won numerous prizes and awards at international competitions, including the International &#8220;J. S. Bach&#8220; Competition in Leipzig, the International &#8220;Maria Canals&#8220; Competition in Barcelona, the International Chamber Music Competition in Caltanissetta and many others. Igor Bobovich was solo cellist in the orchestra MusicAeterna, has participated in Concerto K\u00f6ln, La poeme harmonique, Ensemble 1700.<\/p>\n<p>He regularly gives concerts in Europe and Russia, teaches at the Moscow Conservatory, conducts d\u0430s Ensemble Moscow Chamber Music Academy, is a permanent member of the ensemble La voce strumentale.<\/p>\n<p>Igor Bobovich | Castle \u201cSchloss P\u00f6ckstein\u201d | Photograph \u00a9 Maria Weiss&#8221;][\/team_member][\/vc_column_inner][vc_column_inner column_padding=&#8221;no-extra-padding&#8221; column_padding_tablet=&#8221;inherit&#8221; column_padding_phone=&#8221;inherit&#8221; column_padding_position=&#8221;all&#8221; column_element_direction_desktop=&#8221;default&#8221; column_element_spacing=&#8221;default&#8221; desktop_text_alignment=&#8221;default&#8221; tablet_text_alignment=&#8221;default&#8221; phone_text_alignment=&#8221;default&#8221; background_color_opacity=&#8221;1&#8243; background_hover_color_opacity=&#8221;1&#8243; column_backdrop_filter=&#8221;none&#8221; column_shadow=&#8221;none&#8221; column_border_radius=&#8221;none&#8221; column_link_target=&#8221;_self&#8221; overflow=&#8221;visible&#8221; gradient_direction=&#8221;left_to_right&#8221; overlay_strength=&#8221;0.3&#8243; width=&#8221;1\/3&#8243; tablet_width_inherit=&#8221;default&#8221; animation_type=&#8221;default&#8221; enable_animation=&#8221;true&#8221; animation=&#8221;grow-in&#8221; animation_easing=&#8221;default&#8221; bg_image_animation=&#8221;none&#8221; border_type=&#8221;simple&#8221; column_border_width=&#8221;none&#8221; column_border_style=&#8221;solid&#8221;][team_member image_url=&#8221;9833&#8243; bio_image_url=&#8221;9833&#8243; team_memeber_style=&#8221;bio_fullscreen&#8221; image_loading=&#8221;default&#8221; team_member_bio_full_html=&#8221;simple&#8221; name=&#8221;Michael S\u00f6llner&#8221; job_position=&#8221;Horn&#8221; team_member_bio=&#8221;Michael S\u00f6llner received his horn training first with Roland Baar and then with Klaus Zajer at the Vienna Conservatory. He received further important musical impulses from Franz S\u00f6llner, Wolfgang Tomb\u00f6ck, Michel Gasciarino and Christian Binde.<br \/>\nFascinated by the sound and construction of historical wind instruments, he dealt early on with the history of the French horn and its development. Michael S\u00f6llner plays regularly with orchestras such as the L&#8217;Orfeo Barockorchester, the Calamus Consort, the Ensemble Barucco, the Haydn Philharmonie, Ars Antiqua Austria, the Vienna Academy, Concilium musicum Vienna, the New Orchestra Cologne, Capella Coloniensis, La Stagione Frankfurt, the Mahler Chamber Orchestra, Les Musiciens du Louvre, the Australian Chamber Orchestra, L&#8217;arpa festante and others.<br \/>\nOn the modern horn he has made guest appearances in the Vienna State Opera (Vienna Philharmonic Orchestra), the Vienna Symphony Orchestra, the Vienna Volksoper, the RSO Vienna, the Tonk\u00fcnstler Orchester Nieder\u00f6sterreich and many others.<br \/>\nAs a founding member of the horn quintet Die Matterhorns, Michael S\u00f6llner has dedicated himself to maintaining rare, often unknown original literature on the Vienna Horn. The interpretation of folk music in your own arrangements is also one of the specialties of this ensemble.<br \/>\nNumerous sound and image recordings as well as concert tours around the world round off Michael S\u00f6llner&#8217;s previous musical oeuvre. He is currently also engaged in various research projects on the historical development of instrument making (explicitly the Viennese horn) and the restoration of brass instruments.<\/p>\n<p>Michael S\u00f6llner | Natural History Museum Vienna| Photograph \u00a9 Maria Weiss&#8221;][\/team_member][\/vc_column_inner][\/vc_row_inner][vc_row_inner column_margin=&#8221;none&#8221; column_direction=&#8221;default&#8221; column_direction_tablet=&#8221;default&#8221; column_direction_phone=&#8221;default&#8221; text_align=&#8221;left&#8221; row_position=&#8221;default&#8221; row_position_tablet=&#8221;inherit&#8221; row_position_phone=&#8221;inherit&#8221; overflow=&#8221;visible&#8221; pointer_events=&#8221;all&#8221;][vc_column_inner column_padding=&#8221;no-extra-padding&#8221; column_padding_tablet=&#8221;inherit&#8221; column_padding_phone=&#8221;inherit&#8221; column_padding_position=&#8221;all&#8221; column_element_direction_desktop=&#8221;default&#8221; column_element_spacing=&#8221;default&#8221; desktop_text_alignment=&#8221;default&#8221; tablet_text_alignment=&#8221;default&#8221; phone_text_alignment=&#8221;default&#8221; background_color_opacity=&#8221;1&#8243; background_hover_color_opacity=&#8221;1&#8243; column_backdrop_filter=&#8221;none&#8221; column_shadow=&#8221;none&#8221; column_border_radius=&#8221;none&#8221; column_link_target=&#8221;_self&#8221; overflow=&#8221;visible&#8221; gradient_direction=&#8221;left_to_right&#8221; overlay_strength=&#8221;0.3&#8243; width=&#8221;1\/3&#8243; tablet_width_inherit=&#8221;default&#8221; animation_type=&#8221;default&#8221; enable_animation=&#8221;true&#8221; animation=&#8221;grow-in&#8221; animation_easing=&#8221;default&#8221; bg_image_animation=&#8221;none&#8221; border_type=&#8221;simple&#8221; column_border_width=&#8221;none&#8221; column_border_style=&#8221;solid&#8221;][team_member image_url=&#8221;6654&#8243; bio_image_url=&#8221;6654&#8243; team_memeber_style=&#8221;bio_fullscreen&#8221; image_loading=&#8221;default&#8221; team_member_bio_full_html=&#8221;simple&#8221; name=&#8221;Chiara Massini&#8221; job_position=&#8221;Cembalo&#8221; team_member_bio=&#8221;The Italian harpsichordist, Chiara Massini, studies piano with Professor Enzo Stanzani at the at the Ottorino Respighi Conservatory in Rome, and musicology at La Sapienza University. Upon graduating, she attended various master-classes in Salzburg and commenced an intensive study of early music. This path led her to Vienna, where she studied harpsichord and figures bass at the University of Music and Performing Arts under Professors Gordon Murray and Augusta Campagne, respectively, graduating with distinction.<\/p>\n<p>In addition to numerous recordings for Austrian, Italian, Canadian and Spanish radio, Chiara Massini is active as soloist and chamber musician, and has appeared at various festivals and concert series in Europe, Canada, Brazil and Lebanon, including the Al Bustan Festival in Beirut, I conceri de Confalone in Rome, Muzikfestspiele in Dresden and the Musikverein in Vienna.<\/p>\n<p>As one critic remarked on her solo debut CD, Toccata, Passacaglia, Partita released in 2003 and broadcast in Italy and Canada: &#8220;Her playing captivates through its combination of technical authority and expressive power.&#8220;<\/p>\n<p>Elsewhere, the press has written of her: &#8220;Already with the first phrase, she profiled herself as an exceptional artistic personality who brings these selected works by Italian composers to life with ingenious liberties `{`&#8230;`}` her rubato, executed with stylistic certainty and sheer delight, injected itself organically into the course of the movement `{`&#8230;`}` Massini&#8217;s suspenseful playing successfully captured the affects&#8217; polymorphism and illuminated the music&#8217;s harmonic boldness `{`&#8230;`}` the melodic charm and the perfect proportions of the music of Domenico Zipoli unfolded under Massini&#8217;s sensual grasp in all their radiance.&#8220;<\/p>\n<p>In august 2005 Chiara Massini played J.S. Bach&#8217;s Goldberg Variations (BWV 988) throughout Europe, subsequently recording them in summer 2006 for Symphonia. The reaction of both public and press was highly appreciative: &#8220;C.M. shows she can really dig in and captivate her listeners.\u201d (Alte Musik Aktuell). In December 2008 she was invited by the Charitable Society of Friends to make her USA concert debut touring Florida. She performed in Delray Beach solo on the harpsichord, and in Palm Beach both solo and with a chamber group. Both critics and the public were awed by her technical grasp of the music as well as the passion with which she played. As always, the audience was with her from the first touch of the keyboard to the end.<\/p>\n<p>chiaramassini.com<\/p>\n<p>Chiara Massini | Caf\u00e9 am Heumarkt (Vienna) | Photograph \u00a9 Maria Weiss&#8221;]her rubato, executed with stylistic certainty and sheer delight, injected itself organically into the course of the movement [&#8230;] Massini&#8217;s suspenseful playing successfully captured the affects&#8217; polymorphism and illuminated the music&#8217;s harmonic boldness [&#8230;] the melodic charm and the perfect proportions of the music of Domenico Zipoli unfolded under Massini&#8217;s sensual grasp in all their radiance.&#8221;<\/p>\n<p>In august 2005 Chiara Massini played J.S. Bach&#8217;s Goldberg Variations (BWV 988) throughout Europe, subsequently recording them in summer 2006 for Symphonia. The reaction of both public and press was highly appreciative: &#8220;C.M. shows she can really dig in and captivate her listeners.\u201d (Alte Musik Aktuell). In December 2008 she was invited by the Charitable Society of Friends to make her USA concert debut touring Florida. She performed in Delray Beach solo on the harpsichord, and in Palm Beach both solo and with a chamber group. Both critics and the public were awed by her technical grasp of the music as well as the passion with which she played. As always, the audience was with her from the first touch of the keyboard to the end.<\/p>\n<p>chiaramassini.com<\/p>\n<p>Chiara Massini | Caf\u00e9 am Heumarkt (Vienna) | Photograph \u00a9 Maria Weiss<\/p>\n<p>&#8221; social_icon_1=&#8221;fa fa-globe&#8221; social_link_1=&#8221;http:\/\/www.chiaramassini.com&#8221;][\/team_member][\/vc_column_inner][vc_column_inner column_padding=&#8221;no-extra-padding&#8221; column_padding_tablet=&#8221;inherit&#8221; column_padding_phone=&#8221;inherit&#8221; column_padding_position=&#8221;all&#8221; column_element_direction_desktop=&#8221;default&#8221; column_element_spacing=&#8221;default&#8221; desktop_text_alignment=&#8221;default&#8221; tablet_text_alignment=&#8221;default&#8221; phone_text_alignment=&#8221;default&#8221; background_color_opacity=&#8221;1&#8243; background_hover_color_opacity=&#8221;1&#8243; column_backdrop_filter=&#8221;none&#8221; column_shadow=&#8221;none&#8221; column_border_radius=&#8221;none&#8221; column_link_target=&#8221;_self&#8221; overflow=&#8221;visible&#8221; gradient_direction=&#8221;left_to_right&#8221; overlay_strength=&#8221;0.3&#8243; width=&#8221;1\/3&#8243; tablet_width_inherit=&#8221;default&#8221; animation_type=&#8221;default&#8221; enable_animation=&#8221;true&#8221; animation=&#8221;grow-in&#8221; animation_easing=&#8221;default&#8221; bg_image_animation=&#8221;none&#8221; border_type=&#8221;simple&#8221; column_border_width=&#8221;none&#8221; column_border_style=&#8221;solid&#8221;][team_member image_url=&#8221;9844&#8243; bio_image_url=&#8221;9844&#8243; team_memeber_style=&#8221;bio_fullscreen&#8221; image_loading=&#8221;default&#8221; team_member_bio_full_html=&#8221;simple&#8221; name=&#8221;Georg Burdicek&#8221; job_position=&#8221;Sound &amp; mastering&#8221; team_member_bio=&#8221;Georg Burdicek, born in Vienna, is the founder of tonzauber, a classical sound studio based in the Austrian capital. It has created numerous renowned national and international productions. It has its main base in the Wiener Konzerthaus and another studio in the Casino Baumgarten (Vienna).<\/p>\n<p>Georg Burdicek has extensive references as a sound engineer. He has worked with renowned artists such as Nikolaus Harnoncourt, Zubin Mehta, Semyon Bychkov, Martha Argerich, Yuja Wang, Elina Garancia, Edita Grubervoa, Joe Zawinul, Julian Rachlin and G\u00fcnther Groissb\u00f6ck, and with ensembles such as Concentus Musicus Wien, Klangforum Wien, the Tonk\u00fcnstler Orchestra, the Vienna Symphony Orchestra and the Vienna Philharmonic Orchestra.<\/p>\n<p>As well as his activities as a sound engineer, Georg Burdicek edits the Austrian journal Media Biz and shares his profound knowledge in seminars at universities and universities of applied sciences.<\/p>\n<p>tonzauber.com<\/p>\n<p>Georg Burdicek | Photograph \u00a9 Milos Sipos&#8221; social_icon_1=&#8221;fa fa-globe&#8221; social_link_1=&#8221;http:\/\/www.tonzauber.com&#8221; social_icon_2=&#8221;fa fa-instagram&#8221; social_link_2=&#8221;https:\/\/www.instagram.com\/tonzauber\/&#8221;][\/team_member][\/vc_column_inner][vc_column_inner column_padding=&#8221;no-extra-padding&#8221; column_padding_tablet=&#8221;inherit&#8221; column_padding_phone=&#8221;inherit&#8221; column_padding_position=&#8221;all&#8221; column_element_direction_desktop=&#8221;default&#8221; column_element_spacing=&#8221;default&#8221; desktop_text_alignment=&#8221;default&#8221; tablet_text_alignment=&#8221;default&#8221; phone_text_alignment=&#8221;default&#8221; background_color_opacity=&#8221;1&#8243; background_hover_color_opacity=&#8221;1&#8243; column_backdrop_filter=&#8221;none&#8221; column_shadow=&#8221;none&#8221; column_border_radius=&#8221;none&#8221; column_link_target=&#8221;_self&#8221; overflow=&#8221;visible&#8221; gradient_direction=&#8221;left_to_right&#8221; overlay_strength=&#8221;0.3&#8243; width=&#8221;1\/3&#8243; tablet_width_inherit=&#8221;default&#8221; animation_type=&#8221;default&#8221; enable_animation=&#8221;true&#8221; animation=&#8221;grow-in&#8221; animation_easing=&#8221;default&#8221; bg_image_animation=&#8221;none&#8221; border_type=&#8221;simple&#8221; column_border_width=&#8221;none&#8221; column_border_style=&#8221;solid&#8221;][team_member image_url=&#8221;6653&#8243; bio_image_url=&#8221;6653&#8243; team_memeber_style=&#8221;bio_fullscreen&#8221; image_loading=&#8221;default&#8221; team_member_bio_full_html=&#8221;simple&#8221; name=&#8221;Alexandra Dienz&#8221; job_position=&#8221;Double bass&#8221; team_member_bio=&#8221;Born in 1969 in Innsbruck, Alexandra Dienz learned dulcimer from her father, Florian, from the age of five. She then began learning double bass and played folk music with Familienmusik Pedarnig for many years.<\/p>\n<p>Piano lessons began almost at the same time and, from the age of 15, she began studying double bass at Innsbruck Conservatory and the Tyrolean State Conservatory (Innsbruck) with Prof. Sorg and Prof. Rumer. She completed her concert diploma and instrumental pedagogy training with excellent results and went to the Institut Obersch\u00fctzen for further training under Prof. Auersberg.<\/p>\n<p>From 1995-2018 she worked as a freelance double bass player in Vienna and has almost exclusively focused on historical performance practice and contemporary music since then.<\/p>\n<p>In 1998 she received the Pembaur Prize in Innsbruck.<\/p>\n<p>Alexandra Dienz moved back to Innsbruck in 2018. Since 2020 she has been a lecturer at the University of Music and Performing Arts in Vienna, teaching new playing techniques for double bass.<\/p>\n<p>She is a member of Phace Contemporary Music and plays with other ensembles including Concentus Musicus Wien, Ensemble Prisma, Klangforum Wien, Die Knoedel, Basel Chamber Orchestra, Il Giardino Armonico, Ensemble Claudiana, Wiener Akademie, Akademie f\u00fcr Alte Musik Berlin, lautten companey BERLIN and the Bach Consort Wien.<\/p>\n<p>Alexandra Dienz | Photograph \u00a9 Maria Weiss&#8221;][\/team_member][\/vc_column_inner][\/vc_row_inner][vc_row_inner column_margin=&#8221;none&#8221; column_direction=&#8221;default&#8221; column_direction_tablet=&#8221;default&#8221; column_direction_phone=&#8221;default&#8221; text_align=&#8221;left&#8221; row_position=&#8221;default&#8221; row_position_tablet=&#8221;inherit&#8221; row_position_phone=&#8221;inherit&#8221; overflow=&#8221;visible&#8221; pointer_events=&#8221;all&#8221;][vc_column_inner column_padding=&#8221;no-extra-padding&#8221; column_padding_tablet=&#8221;inherit&#8221; column_padding_phone=&#8221;inherit&#8221; column_padding_position=&#8221;all&#8221; column_element_direction_desktop=&#8221;default&#8221; column_element_spacing=&#8221;default&#8221; desktop_text_alignment=&#8221;default&#8221; tablet_text_alignment=&#8221;default&#8221; phone_text_alignment=&#8221;default&#8221; background_color_opacity=&#8221;1&#8243; background_hover_color_opacity=&#8221;1&#8243; column_backdrop_filter=&#8221;none&#8221; column_shadow=&#8221;none&#8221; column_border_radius=&#8221;none&#8221; column_link_target=&#8221;_self&#8221; overflow=&#8221;visible&#8221; gradient_direction=&#8221;left_to_right&#8221; overlay_strength=&#8221;0.3&#8243; width=&#8221;1\/3&#8243; tablet_width_inherit=&#8221;default&#8221; animation_type=&#8221;default&#8221; enable_animation=&#8221;true&#8221; animation=&#8221;grow-in&#8221; animation_easing=&#8221;default&#8221; bg_image_animation=&#8221;none&#8221; border_type=&#8221;simple&#8221; column_border_width=&#8221;none&#8221; column_border_style=&#8221;solid&#8221;][team_member image_url=&#8221;6477&#8243; bio_image_url=&#8221;6477&#8243; team_memeber_style=&#8221;bio_fullscreen&#8221; image_loading=&#8221;default&#8221; team_member_bio_full_html=&#8221;simple&#8221; name=&#8221;James Pearson&#8221; job_position=&#8221;Musical Coaching&#8221; team_member_bio=&#8221;Professor James E. Pearson was born in Minneapolis (U.S.A.) in 1948 and received piano instruction from the age of nine.<br \/>\nFrom 1967 to 1971 he attended Columbia University in New York City, graduating with a Bachelor of Arts degree. From 1971 to 1974 he continued his studies in London, at the Royal College of Music and the London Opera Centre. Since 1974 he has worked as a repetiteur in several opera houses in Germany, Belgium and Austria: Coburg, Heidelberg, Mannheim, Frankfurt am Main, Brussels (Th\u00e9atre de la Monnaie) and, since September 1993, Vienna State Opera. He has been engaged as guest pianist and repetiteur for opera productions in Nice, Paris and Los Angeles and is also busy as a pianist for vocal recitals on three continents.<br \/>\nIn March 2015 the Austrian government awarded James E. Pearson the title Professor.&#8221; social_icon_1=&#8221;fa fa-globe&#8221; social_link_1=&#8221;https:\/\/onlinemerker.com\/wien-staatsoper-parsifal-die-abgewendete-katastrophe\/&#8221;][\/team_member][\/vc_column_inner][vc_column_inner column_padding=&#8221;no-extra-padding&#8221; column_padding_tablet=&#8221;inherit&#8221; column_padding_phone=&#8221;inherit&#8221; column_padding_position=&#8221;all&#8221; column_element_direction_desktop=&#8221;default&#8221; column_element_spacing=&#8221;default&#8221; desktop_text_alignment=&#8221;default&#8221; tablet_text_alignment=&#8221;default&#8221; phone_text_alignment=&#8221;default&#8221; background_color_opacity=&#8221;1&#8243; background_hover_color_opacity=&#8221;1&#8243; column_backdrop_filter=&#8221;none&#8221; column_shadow=&#8221;none&#8221; column_border_radius=&#8221;none&#8221; column_link_target=&#8221;_self&#8221; overflow=&#8221;visible&#8221; gradient_direction=&#8221;left_to_right&#8221; overlay_strength=&#8221;0.3&#8243; width=&#8221;1\/3&#8243; tablet_width_inherit=&#8221;default&#8221; animation_type=&#8221;default&#8221; enable_animation=&#8221;true&#8221; animation=&#8221;grow-in&#8221; animation_easing=&#8221;default&#8221; bg_image_animation=&#8221;none&#8221; border_type=&#8221;simple&#8221; column_border_width=&#8221;none&#8221; column_border_style=&#8221;solid&#8221;][team_member image_url=&#8221;6461&#8243; bio_image_url=&#8221;6461&#8243; team_memeber_style=&#8221;bio_fullscreen&#8221; image_loading=&#8221;default&#8221; team_member_bio_full_html=&#8221;simple&#8221; name=&#8221;Alexander Moore&#8221; job_position=&#8221;Musicologist&#8221; team_member_bio=&#8221;Alexander Moore grew up in a music-loving family with Austrian and US-American roots in his home city of Vienna. He first studied musicology and soon moved to the University of Music and Performing Arts Vienna, where he studied classical guitar, piano and music history. In 1998 he was a founding member of Radio Klassik Stephansdom and worked there for three years as a presenter and music editor. From 2001 he headed the press office of Graz Opera and the Graz Next Liberty children&#8217;s and youth theatre.<\/p>\n<p>After graduating in 2006 and training in cultural management at the Institute for Cultural Concepts in Vienna, he took his first theatre directing position at Playhouse Derry (Northern Ireland) as part of a trainee programme. He then went to the Brucknerhaus Linz, where he oversaw several programme series (including chamber music, vocal music and literature) and directed a production of Six Tales of Time for the Linz Klangwolke, a multimedia musical event.<\/p>\n<p>From 2007 to 2014 Alexander Moore was a dramaturge and editor at the Tonk\u00fcnstler Orchestra and the Grafenegg festival. In this capacity, he presented concerts at the Wiener Musikverein, introductory talks, and the Tonk\u00fcnstler programme on Radio Nieder\u00f6sterreich; in addition, he wrote numerous programme booklet contributions, magazine articles (for example in the \u00d6sterreichische Musikzeitschrift), CD booklets and the central music chapter in the illustrated book Grafenegg. Klang trifft Kulisse (2013, published by Residenz).<\/p>\n<p>In 2014 Alexander Moore was appointed Secretary General of Jeunesse Austria and led the organisation until the preliminary planning for the 2017\/2018 season. He initiated a programmatic turnaround for Jeunesse and founded the sponsorship programme for orchestra camps and the new brand identity. In 2014 Alexander Moore established the editorial office MusiConsulting, a network for print and media production, text design, moderation and dramaturgical research. MusiConsulting works for the Bamberg Symphony Orchestra, the Allegro Vivo chamber music festival, the Festspielhaus St. P\u00f6lten, the Brucknerhaus Linz, the Grafenegg festival, the Tonk\u00fcnstler Orchestra and the Salzburger Kulturvereinigung, among others. In 2018 Alexander Moore wrote the anniversary volume Klang verbindet (Kremayr &amp; Scheriau) for Allegro Vivo. He returned to writing booklet texts for the early music bird CD by singer Maria Weiss.<\/p>\n<p>Alexander Moore | Das Buchkontor Wien | Photograph \u00a9 Maria Weiss&#8221; social_icon_1=&#8221;fa fa-globe&#8221; social_link_1=&#8221;https:\/\/musiconsulting.cc\/&#8221;][\/team_member][\/vc_column_inner][vc_column_inner column_padding=&#8221;no-extra-padding&#8221; column_padding_tablet=&#8221;inherit&#8221; column_padding_phone=&#8221;inherit&#8221; column_padding_position=&#8221;all&#8221; column_element_direction_desktop=&#8221;default&#8221; column_element_spacing=&#8221;default&#8221; desktop_text_alignment=&#8221;default&#8221; tablet_text_alignment=&#8221;default&#8221; phone_text_alignment=&#8221;default&#8221; background_color_opacity=&#8221;1&#8243; background_hover_color_opacity=&#8221;1&#8243; column_backdrop_filter=&#8221;none&#8221; column_shadow=&#8221;none&#8221; column_border_radius=&#8221;none&#8221; column_link_target=&#8221;_self&#8221; overflow=&#8221;visible&#8221; gradient_direction=&#8221;left_to_right&#8221; overlay_strength=&#8221;0.3&#8243; width=&#8221;1\/3&#8243; tablet_width_inherit=&#8221;default&#8221; animation_type=&#8221;default&#8221; enable_animation=&#8221;true&#8221; animation=&#8221;grow-in&#8221; animation_easing=&#8221;default&#8221; bg_image_animation=&#8221;none&#8221; border_type=&#8221;simple&#8221; column_border_width=&#8221;none&#8221; column_border_style=&#8221;solid&#8221;][team_member image_url=&#8221;6629&#8243; bio_image_url=&#8221;6629&#8243; team_memeber_style=&#8221;bio_fullscreen&#8221; image_loading=&#8221;default&#8221; team_member_bio_full_html=&#8221;simple&#8221; name=&#8221;Glenys Linos&#8221; job_position=&#8221;Coaching Music &amp; Voice&#8221; team_member_bio=&#8221;Glenys Linos, the daughter of an Englishman and a Greek woman, was born Glenys Birch in Cairo in 1937 and died in Vienna in 2020. She grew up in Great Britain, where she also attended school. She received singing lessons from the famous opera singer Elvira de Hidalgo in Milan and later received vocal coaching from Dennis Hall in Bern. She performed under the name Glenys Loulis until 1974.<\/p>\n<p>As a member of the Zurich Opera ensemble, she sang Messagera in Monteverdi&#8217;s L&#8217;Orfeo (1978; musical direction: Nikolaus Harnoncourt, staging: Jean-Pierre Ponnelle), Countess Geschwitz in Lulu (1979 in the Swiss premiere of the version completed by Friedrich Cerha, directed by G\u00f6tz Friedrich), Charlotte in Werther`{`1`}` (1979, with Alfredo Kraus and Peter Dvorsky), Brang\u00e4ne in Tristan und Isolde (1980), Giulietta in The Tales of Hoffmann (premi\u00e8re 1980, directed by Hans Neugebauer, also with Alfredo Kraus as her partner).<\/p>\n<p>In Zurich, she also appeared in several seasons as Bizet&#8217;s Carmen (in Jean-Pierre Ponnelle&#8217;s production). In the course of her career, she sang this role over 200 times on various stages, including at the Op\u00e9ra de Paris in a series of performances at the Palais des Sports, at the Bavarian State Opera, the Deutsche Oper Berlin, in Bern, Cardiff and at other French theatres such as Toulouse (under Michel Plasson), Nancy (under Marc Soustrot), Orl\u00e9ans and with the ensemble of the Paris Opera (under Pierre Dervaux, with Guy Chauvet as Jos\u00e9) in a special performance in the bullring in Bayonne.<\/p>\n<p>In 1971 she made a guest appearance at the Bayreuth Festival and in 1978 at the Munich Opera Festival as the Nurse in the opera Die Frau ohne Schatten. In 1979, she sang Adriano in Richard Wagner&#8217;s early work Rienzi at the Wiesbaden State Theatre. Of her numerous international guest appearances, her performance as Baba the Turk in 1982 at the Maggio Musicale Fiorentino in Ken Russell&#8217;s production of Stravinsky&#8217;s Rake&#8217;s Progress is worth mentioning. From 1984 to 1986, she sang the mother role of Storge in a staged production of the oratorio Jephtha at the Salzburg Festival. In 1985, she appeared at the Op\u00e9ra National de Paris as Laura in the opera The Stone Guest by Alexander Sergeyevich Dargomyschski.<\/p>\n<p>In 1986, she took on the role of Genevi\u00e8ve in the opera Pell\u00e9as et M\u00e9lisande at La Scala in Milan. There is also a live recording of these performances under the musical direction of Claudio Abbado, which was later released on CD.<\/p>\n<p>As Leokadja Begbick in a new production of Kurt Weill&#8217;s opera Aufstieg und Fall der Stadt Mahagonny, she took her leave of the opera stage in 1992.<\/p>\n<p>After the end of her career, Linos worked intensively as a singing teacher and singing professor, first in Zurich and at the Royal Academy of Music in London in the 1990s, then in Vienna.<\/p>\n<p>Photograph of Glenys Linos \u00a9 Private Archive Evelyn Sch\u00f6rkhuber&#8221;](1979, with Alfredo Kraus and Peter Dvorsky), the Brang\u00e4ne in Tristan und Isolde (1980), the Giulietta in Hoffmanns Stories (premiere 1980, directed by Hans Neugebauer, also with Alfredo Kraus as a partner).<br \/>\nIn Zurich she also appeared as Bizet&#8217;s Carmen for several seasons (in Jean-Pierre Ponnelle&#8217;s production). She sang this role over 200 times in the course of her career at various stages, including at the Op\u00e9ra de Paris in a series of performances in the Palais des Sports, at the Bavarian State Opera, the Deutsche Oper Berlin, in Bern, Cardiff and at other French houses such as Toulouse (under Michel Plasson), Nancy (under Marc Soustrot), Orl\u00e9ans and with the Paris Opera Ensemble (under Pierre Dervaux, with Guy Chauvet as Jos\u00e9) in a special performance in the bullring in Bayonne.<br \/>\nIn 1971 she was a guest at the Bayreuth Festival, in 1978 at the Munich Opera Festival as a wet nurse in the opera Die Frau ohne Schatten. In 1979 she sang at the Staatstheater Wiesbaden as Adriano in Richard Wagner&#8217;s early work Rienzi. Of the numerous international guest appearances pars pro toto, her appearance as Baba the Turk in 1982 at the Maggio Musicale Fiorentino in Ken Russell&#8217;s production of Stravinsky&#8217;s Rake&#8217;s Progress should be mentioned. From 1984 to 1986 she sang the mother role of Storge in a scenic implementation of the oratorio Jephtha at the Salzburg Festival. In 1985 she appeared at the Op\u00e9ra National de Paris as Laura in the opera Der Steinerne Gast by Alexander Sergejewitsch Dargomyschski. In 1986 she took over the Genevi\u00e8ve in the opera Pell\u00e9as et M\u00e9lisande at La Scala in Milan. There is also a live recording of these performances under the musical direction of Claudio Abbado, which was later published on CD.<br \/>\nAs Leokadja Begbick in a new production of Kurt Weill&#8217;s opera Rise and Fall of the City of Mahagonny, she took her leave of the opera stage in 1992.<br \/>\nAfter the end of her career, Linos worked intensively as a singing teacher and professor, first in Zurich in the 1990s and at the Royal Academy of Music in London in London, then in Vienna.<br \/>\n&#8220;][\/team_member][\/vc_column_inner][\/vc_row_inner][vc_row_inner column_margin=&#8221;none&#8221; column_direction=&#8221;default&#8221; column_direction_tablet=&#8221;default&#8221; column_direction_phone=&#8221;default&#8221; text_align=&#8221;left&#8221; row_position=&#8221;default&#8221; row_position_tablet=&#8221;inherit&#8221; row_position_phone=&#8221;inherit&#8221; overflow=&#8221;visible&#8221; pointer_events=&#8221;all&#8221;][vc_column_inner column_padding=&#8221;no-extra-padding&#8221; column_padding_tablet=&#8221;inherit&#8221; column_padding_phone=&#8221;inherit&#8221; column_padding_position=&#8221;all&#8221; column_element_direction_desktop=&#8221;default&#8221; column_element_spacing=&#8221;default&#8221; desktop_text_alignment=&#8221;default&#8221; tablet_text_alignment=&#8221;default&#8221; phone_text_alignment=&#8221;default&#8221; background_color_opacity=&#8221;1&#8243; background_hover_color_opacity=&#8221;1&#8243; column_backdrop_filter=&#8221;none&#8221; column_shadow=&#8221;none&#8221; column_border_radius=&#8221;none&#8221; column_link_target=&#8221;_self&#8221; overflow=&#8221;visible&#8221; gradient_direction=&#8221;left_to_right&#8221; overlay_strength=&#8221;0.3&#8243; width=&#8221;1\/3&#8243; tablet_width_inherit=&#8221;default&#8221; animation_type=&#8221;default&#8221; enable_animation=&#8221;true&#8221; animation=&#8221;grow-in&#8221; animation_easing=&#8221;default&#8221; bg_image_animation=&#8221;none&#8221; border_type=&#8221;simple&#8221; column_border_width=&#8221;none&#8221; column_border_style=&#8221;solid&#8221;][team_member image_url=&#8221;6465&#8243; bio_image_url=&#8221;6465&#8243; team_memeber_style=&#8221;bio_fullscreen&#8221; image_loading=&#8221;default&#8221; team_member_bio_full_html=&#8221;simple&#8221; name=&#8221;Christian Moritz-Bauer&#8221; job_position=&#8221;Musicologist&#8221; team_member_bio=&#8221;Dr Christian Moritz-Bauer was born in Stuttgart and currently lives in Seewalchen am Attersee in Upper Austria. He has undertaken university studies in musicology, English literature and European art history in Vienna, Heidelberg, Exeter and Salzburg. Christian Moritz-Bauer is a music journalist and dramaturge for the Linz-based L\u2019Orfeo Barockorchester and the haydn2032 project. In 2013 he was appointed to the Haydn Foundation Basel as an academic adviser. With the foundation\u2019s support, he has been running a research and dissertation project supervised by Wolfgang Fuhrmann and Birgit Lodes since autumn 2015. In March 2021, Christian Moritz-Bauer was appointed as a dramaturge by one of the most renowned and traditional organisers on the European festival scene, the Innsbruck Festival of Early Music.<\/p>\n<p>Christian Moritz-Bauer | Kremsm\u00fcnster Abbey Library | Photograph \u00a9 Maria Weiss&#8221;][\/team_member][\/vc_column_inner][vc_column_inner column_padding=&#8221;no-extra-padding&#8221; column_padding_tablet=&#8221;inherit&#8221; column_padding_phone=&#8221;inherit&#8221; column_padding_position=&#8221;all&#8221; column_element_direction_desktop=&#8221;default&#8221; column_element_spacing=&#8221;default&#8221; desktop_text_alignment=&#8221;default&#8221; tablet_text_alignment=&#8221;default&#8221; phone_text_alignment=&#8221;default&#8221; background_color_opacity=&#8221;1&#8243; background_hover_color_opacity=&#8221;1&#8243; column_backdrop_filter=&#8221;none&#8221; column_shadow=&#8221;none&#8221; column_border_radius=&#8221;none&#8221; column_link_target=&#8221;_self&#8221; overflow=&#8221;visible&#8221; gradient_direction=&#8221;left_to_right&#8221; overlay_strength=&#8221;0.3&#8243; width=&#8221;1\/3&#8243; tablet_width_inherit=&#8221;default&#8221; animation_type=&#8221;default&#8221; enable_animation=&#8221;true&#8221; animation=&#8221;grow-in&#8221; animation_easing=&#8221;default&#8221; bg_image_animation=&#8221;none&#8221; border_type=&#8221;simple&#8221; column_border_width=&#8221;none&#8221; column_border_style=&#8221;solid&#8221;][team_member image_url=&#8221;9840&#8243; bio_image_url=&#8221;9840&#8243; team_memeber_style=&#8221;bio_fullscreen&#8221; image_loading=&#8221;default&#8221; team_member_bio_full_html=&#8221;simple&#8221; name=&#8221;Doris Weberberger&#8221; job_position=&#8221;Musicologist&#8221; team_member_bio=&#8221;Doris Weberberger studied musicology at the University of Vienna, where she specialised in new music and wrote her thesis on Wolfgang Mitterer and his mini opera for children, Das tapfere Schneiderlein (Brave Little Tailor).<\/p>\n<p>During her studies she took seminars in cultural management at the Institute for Cultural Management (part of the University of Music and Performing Arts Vienna) and the Institute for Cultural Concepts.<\/p>\n<p>In 2006 she began working for the \u00d6sterreichische Musikzeitschrift (an Austrian music magazine) as a freelance editor, and from 2011 to 2014 she had a position in the editorial department. Since 2012 she has been responsible for new music and music education at mica \u2013 music austria, where she takes care of the website, organises conferences and networking events, and looks after other projects that support new music, some of which are international.<\/p>\n<p>She has written texts for the Wiener Konzerthaus, the Grafenegg festival, the neue musikzeitung and the Rainy Days music festival. As part of her teaching activities at the Institute of Musicology (part of the University of Vienna), she has given classes in writing about music.<\/p>\n<p>Doris Weberberger | Photograph \u00a9 Maria Weiss in the Butterfly House, Vienna&#8221; social_icon_1=&#8221;fa fa-globe&#8221; social_link_1=&#8221;https:\/\/www.musicaustria.at\/team\/doris-weberberger\/&#8221;][\/team_member][\/vc_column_inner][vc_column_inner column_padding=&#8221;no-extra-padding&#8221; column_padding_tablet=&#8221;inherit&#8221; column_padding_phone=&#8221;inherit&#8221; column_padding_position=&#8221;all&#8221; column_element_direction_desktop=&#8221;default&#8221; column_element_spacing=&#8221;default&#8221; desktop_text_alignment=&#8221;default&#8221; tablet_text_alignment=&#8221;default&#8221; phone_text_alignment=&#8221;default&#8221; background_color_opacity=&#8221;1&#8243; background_hover_color_opacity=&#8221;1&#8243; column_backdrop_filter=&#8221;none&#8221; column_shadow=&#8221;none&#8221; column_border_radius=&#8221;none&#8221; column_link_target=&#8221;_self&#8221; overflow=&#8221;visible&#8221; gradient_direction=&#8221;left_to_right&#8221; overlay_strength=&#8221;0.3&#8243; width=&#8221;1\/3&#8243; tablet_width_inherit=&#8221;default&#8221; animation_type=&#8221;default&#8221; enable_animation=&#8221;true&#8221; animation=&#8221;grow-in&#8221; animation_easing=&#8221;default&#8221; bg_image_animation=&#8221;none&#8221; border_type=&#8221;simple&#8221; column_border_width=&#8221;none&#8221; column_border_style=&#8221;solid&#8221;][team_member image_url=&#8221;9848&#8243; bio_image_url=&#8221;9848&#8243; team_memeber_style=&#8221;bio_fullscreen&#8221; image_loading=&#8221;default&#8221; team_member_bio_full_html=&#8221;simple&#8221; name=&#8221;Georg Kremnitz&#8221; job_position=&#8221;Linguist&#8221; team_member_bio=&#8221;Coming soon<\/p>\n<p>Photograph Georg Kremnitz in the Schottenstift Wien \u00a9 Maria Weiss&#8221;][\/team_member][\/vc_column_inner][\/vc_row_inner][vc_row_inner column_margin=&#8221;none&#8221; column_direction=&#8221;default&#8221; column_direction_tablet=&#8221;default&#8221; column_direction_phone=&#8221;default&#8221; text_align=&#8221;left&#8221; row_position=&#8221;default&#8221; row_position_tablet=&#8221;inherit&#8221; row_position_phone=&#8221;inherit&#8221; overflow=&#8221;visible&#8221; pointer_events=&#8221;all&#8221;][vc_column_inner column_padding=&#8221;no-extra-padding&#8221; column_padding_tablet=&#8221;inherit&#8221; column_padding_phone=&#8221;inherit&#8221; column_padding_position=&#8221;all&#8221; column_element_direction_desktop=&#8221;default&#8221; column_element_spacing=&#8221;default&#8221; desktop_text_alignment=&#8221;default&#8221; tablet_text_alignment=&#8221;default&#8221; phone_text_alignment=&#8221;default&#8221; background_color_opacity=&#8221;1&#8243; background_hover_color_opacity=&#8221;1&#8243; column_backdrop_filter=&#8221;none&#8221; column_shadow=&#8221;none&#8221; column_border_radius=&#8221;none&#8221; column_link_target=&#8221;_self&#8221; overflow=&#8221;visible&#8221; gradient_direction=&#8221;left_to_right&#8221; overlay_strength=&#8221;0.3&#8243; width=&#8221;1\/3&#8243; tablet_width_inherit=&#8221;default&#8221; animation_type=&#8221;default&#8221; enable_animation=&#8221;true&#8221; animation=&#8221;grow-in&#8221; animation_easing=&#8221;default&#8221; bg_image_animation=&#8221;none&#8221; border_type=&#8221;simple&#8221; column_border_width=&#8221;none&#8221; column_border_style=&#8221;solid&#8221;][team_member image_url=&#8221;9867&#8243; bio_image_url=&#8221;6655&#8243; team_memeber_style=&#8221;bio_fullscreen&#8221; image_loading=&#8221;default&#8221; team_member_bio_full_html=&#8221;simple&#8221; name=&#8221;Marko Deisinger&#8221; job_position=&#8221;Musicologist&#8221; team_member_bio=&#8221;After graduating from what is now the Ingeborg-Bachmann-Gymnasium, Marko Deisinger (b. 1971) studied history at the University of Klagenfurt. His thesis, which he presented in 2001, focuses on the Second Viennese School. From 1995 to 1999 he received lessons in jazz and classical percussion at the Carinthian State Conservatory. His keen interest in music history led him to the University of Vienna in 1999, where he studied musicology. In 2004 he earned his doctorate with a thesis on the Viennese court conductor Giuseppe Tricarico (1623\u20131697). During his doctoral studies he also completed the course in composition according to Heinrich Schenker at the University of Music and Performing Arts Vienna.<\/p>\n<p>Having finished his PhD, Deisinger received two research grants from the Federal Ministry of Education, Science and Culture at the Historical Institute at the Austrian Cultural Forum in Rome. From 2005 to 2007 he studied in Italy, where he carried on with the theme of his dissertation by contributing to research into the musical and cultural relationships between Italy and the imperial city of Vienna in the Baroque period.<\/p>\n<p>From 2007 to 2010 Deisinger was a research assistant on a project called Heinrich Schenker, Diaries 1918\u20131925: Annotated Edition with Professor Martin Eybl at the University of Music and Performing Arts Vienna. He then collaborated with Professor William Drabkin, who is based at the University of Southampton (UK), on Heinrich Schenker as Theorist, Teacher and Correspondent, 1925\u20131930. From 2014 to 2017 Deisinger was involved in Heinrich Schenker, Diaries 1912\u20131914 and 1931\u20131935: Annotated Edition, another project at the Vienna University of Music. Since 2019 he has been leading Heinrich Schenker, Diaries 1915\u20131919: Annotated Edition.<\/p>\n<p>All four of those projects were developed in collaboration with Prof. Ian Bent, who co-ordinated the international edition of Schenker Documents Online (SDO), as part of which Deisinger transcribed and annotated Schenker\u2019s diaries dating from 1912 to 1935 (www.schenkerdocumentsonline.org).<\/p>\n<p>From 2010 to 2016 Deisinger lectured in music history at the University of Music and Performing Arts Vienna and has taught at adult education centres since 2013, giving lectures on music history and leading courses in music theory. His busy lecturing schedule has taken him to several Austrian cities, as well as Bolzano, Middelburg, Detmold, Freiburg im Breisgau, Rome, Gallipoli, London, Nashville and New York. Deisinger is the author of numerous publications on the history of music in the Baroque era.<\/p>\n<p>Marko Deisinger in the main reading room of the library of the University of Vienna | Photograph \u00a9 Maria Weiss&#8221;][\/team_member][\/vc_column_inner][vc_column_inner column_padding=&#8221;no-extra-padding&#8221; column_padding_tablet=&#8221;inherit&#8221; column_padding_phone=&#8221;inherit&#8221; column_padding_position=&#8221;all&#8221; column_element_direction_desktop=&#8221;default&#8221; column_element_spacing=&#8221;default&#8221; desktop_text_alignment=&#8221;default&#8221; tablet_text_alignment=&#8221;default&#8221; phone_text_alignment=&#8221;default&#8221; background_color_opacity=&#8221;1&#8243; background_hover_color_opacity=&#8221;1&#8243; column_backdrop_filter=&#8221;none&#8221; column_shadow=&#8221;none&#8221; column_border_radius=&#8221;none&#8221; column_link_target=&#8221;_self&#8221; overflow=&#8221;visible&#8221; gradient_direction=&#8221;left_to_right&#8221; overlay_strength=&#8221;0.3&#8243; width=&#8221;1\/3&#8243; tablet_width_inherit=&#8221;default&#8221; animation_type=&#8221;default&#8221; enable_animation=&#8221;true&#8221; animation=&#8221;grow-in&#8221; animation_easing=&#8221;default&#8221; bg_image_animation=&#8221;none&#8221; border_type=&#8221;simple&#8221; column_border_width=&#8221;none&#8221; column_border_style=&#8221;solid&#8221;][team_member image_url=&#8221;6637&#8243; bio_image_url=&#8221;6638&#8243; team_memeber_style=&#8221;bio_fullscreen&#8221; image_loading=&#8221;default&#8221; team_member_bio_full_html=&#8221;simple&#8221; name=&#8221;Jeannette Mokosch&#8221; job_position=&#8221;Calligraphy (Logo)&#8221; team_member_bio=&#8221;Jeannette Mokosch is a calligraphy artist with a passion for poetry and motivational words. She gives calligraphy courses all over Germany, Austria and Switzerland, and also works as a graphic designer. She lives with her family in the L\u00fcneburg Heath.<\/p>\n<p>Photograph \u00a9 Timo and Gella Scheven \/ what a youful picture&#8221; social_icon_1=&#8221;fa fa-globe&#8221; social_link_1=&#8221;https:\/\/jeannettemokosch.com&#8221; social_icon_2=&#8221;fa fa-instagram&#8221; social_link_2=&#8221;https:\/\/www.instagram.com\/jeannettemokosch\/&#8221;][\/team_member][\/vc_column_inner][vc_column_inner column_padding=&#8221;no-extra-padding&#8221; column_padding_tablet=&#8221;inherit&#8221; column_padding_phone=&#8221;inherit&#8221; column_padding_position=&#8221;all&#8221; column_element_direction_desktop=&#8221;default&#8221; column_element_spacing=&#8221;default&#8221; desktop_text_alignment=&#8221;default&#8221; tablet_text_alignment=&#8221;default&#8221; phone_text_alignment=&#8221;default&#8221; background_color_opacity=&#8221;1&#8243; background_hover_color_opacity=&#8221;1&#8243; column_backdrop_filter=&#8221;none&#8221; column_shadow=&#8221;none&#8221; column_border_radius=&#8221;none&#8221; column_link_target=&#8221;_self&#8221; overflow=&#8221;visible&#8221; gradient_direction=&#8221;left_to_right&#8221; overlay_strength=&#8221;0.3&#8243; width=&#8221;1\/3&#8243; tablet_width_inherit=&#8221;default&#8221; animation_type=&#8221;default&#8221; enable_animation=&#8221;true&#8221; animation=&#8221;grow-in&#8221; animation_easing=&#8221;default&#8221; bg_image_animation=&#8221;none&#8221; border_type=&#8221;simple&#8221; column_border_width=&#8221;none&#8221; column_border_style=&#8221;solid&#8221;][team_member image_url=&#8221;7022&#8243; bio_image_url=&#8221;7023&#8243; team_memeber_style=&#8221;bio_fullscreen&#8221; image_loading=&#8221;default&#8221; team_member_bio_full_html=&#8221;simple&#8221; name=&#8221;Theresa Pewal&#8221; job_position=&#8221;Photography&#8221; team_member_bio=&#8221;Theresa Pewal is a freelance photographer and musician based in Vienna. Her work as a photographer started early in 2010, while she was studying recorder at the University of Music and Performing Arts Vienna and at the Music and Arts University of the City of Vienna. Until 2017 she specialised in artistic portraits of musicians and concert photography.<\/p>\n<p>In 2021 free collaborations with artists and personal projects became the core of her artistic work. Her experiences as a musician led to an intense and passionate way of photographing and a wider understanding of the classical and contemporary music scene. Besides taking an individual approach to every person and story, she will always have a cup of coffee and an open ear first before picking up her camera.<\/p>\n<p>Photograph \u00a9 Tamara Aptekar&#8221; social_icon_1=&#8221;fa fa-globe&#8221; social_link_1=&#8221;https:\/\/theresapewal.com&#8221; social_icon_2=&#8221;fa fa-instagram&#8221; social_link_2=&#8221;https:\/\/www.instagram.com\/theresapewal\/&#8221;][\/team_member][\/vc_column_inner][\/vc_row_inner][vc_row_inner column_margin=&#8221;none&#8221; column_direction=&#8221;default&#8221; column_direction_tablet=&#8221;default&#8221; column_direction_phone=&#8221;default&#8221; text_align=&#8221;left&#8221; row_position=&#8221;default&#8221; row_position_tablet=&#8221;inherit&#8221; row_position_phone=&#8221;inherit&#8221; overflow=&#8221;visible&#8221; pointer_events=&#8221;all&#8221;][vc_column_inner column_padding=&#8221;no-extra-padding&#8221; column_padding_tablet=&#8221;inherit&#8221; column_padding_phone=&#8221;inherit&#8221; column_padding_position=&#8221;all&#8221; column_element_direction_desktop=&#8221;default&#8221; column_element_spacing=&#8221;default&#8221; desktop_text_alignment=&#8221;default&#8221; tablet_text_alignment=&#8221;default&#8221; phone_text_alignment=&#8221;default&#8221; background_color_opacity=&#8221;1&#8243; background_hover_color_opacity=&#8221;1&#8243; column_backdrop_filter=&#8221;none&#8221; column_shadow=&#8221;none&#8221; column_border_radius=&#8221;none&#8221; column_link_target=&#8221;_self&#8221; overflow=&#8221;visible&#8221; gradient_direction=&#8221;left_to_right&#8221; overlay_strength=&#8221;0.3&#8243; width=&#8221;1\/3&#8243; tablet_width_inherit=&#8221;default&#8221; animation_type=&#8221;default&#8221; enable_animation=&#8221;true&#8221; animation=&#8221;grow-in&#8221; animation_easing=&#8221;default&#8221; bg_image_animation=&#8221;none&#8221; border_type=&#8221;simple&#8221; column_border_width=&#8221;none&#8221; column_border_style=&#8221;solid&#8221;][team_member image_url=&#8221;7047&#8243; bio_image_url=&#8221;7047&#8243; team_memeber_style=&#8221;bio_fullscreen&#8221; image_loading=&#8221;default&#8221; team_member_bio_full_html=&#8221;simple&#8221; name=&#8221;Paul Richards&#8221; job_position=&#8221;Translations German\/English&#8221; social_icon_1=&#8221;fa fa-globe&#8221; social_link_1=&#8221;https:\/\/www.rawtranslation.co.uk&#8221; social_icon_2=&#8221;fa fa-bullseye&#8221; social_link_2=&#8221;https:\/\/www.literaturuebersetzer.de\/aktuelles\/paul-richards-gewinnt-gint-wettbewerb\/&#8221; team_member_bio=&#8221;Paul Richards studied German and art history in London and Berlin, and lives as a freelance translator in Cornwall, in the southwest of the UK. He has a BA and MA from the University of London and a Diploma in Translation from the Chartered Institute of Linguists.<br \/>\nHe has translated for major cultural institutions in Austria and Germany, including the Tonkunstler Orchestra, the House of Austrian History and the Young Museum Frankfurt. He won the Geisteswissenschaften International Nonfiction Translators Prize 2019\/20.&#8221;][\/team_member][\/vc_column_inner][vc_column_inner column_padding=&#8221;no-extra-padding&#8221; column_padding_tablet=&#8221;inherit&#8221; column_padding_phone=&#8221;inherit&#8221; column_padding_position=&#8221;all&#8221; column_element_direction_desktop=&#8221;default&#8221; column_element_spacing=&#8221;default&#8221; desktop_text_alignment=&#8221;default&#8221; tablet_text_alignment=&#8221;default&#8221; phone_text_alignment=&#8221;default&#8221; background_color_opacity=&#8221;1&#8243; background_hover_color_opacity=&#8221;1&#8243; column_backdrop_filter=&#8221;none&#8221; column_shadow=&#8221;none&#8221; column_border_radius=&#8221;none&#8221; column_link_target=&#8221;_self&#8221; overflow=&#8221;visible&#8221; gradient_direction=&#8221;left_to_right&#8221; overlay_strength=&#8221;0.3&#8243; width=&#8221;1\/3&#8243; tablet_width_inherit=&#8221;default&#8221; animation_type=&#8221;default&#8221; enable_animation=&#8221;true&#8221; animation=&#8221;grow-in&#8221; animation_easing=&#8221;default&#8221; bg_image_animation=&#8221;none&#8221; border_type=&#8221;simple&#8221; column_border_width=&#8221;none&#8221; column_border_style=&#8221;solid&#8221;][team_member image_url=&#8221;7046&#8243; bio_image_url=&#8221;7046&#8243; team_memeber_style=&#8221;bio_fullscreen&#8221; image_loading=&#8221;default&#8221; team_member_bio_full_html=&#8221;simple&#8221; name=&#8221;Rose Jones&#8221; job_position=&#8221;Translations German\/English&#8221; social_icon_1=&#8221;fa fa-globe&#8221; social_icon_2=&#8221;fa fa-instagram&#8221; team_member_bio=&#8221;Rose grew up near Liverpool but now lives in London. She studied German and Spanish at the University of Oxford from 2011 to 2015 and graduated with a First. During her studies, she spent time in Vienna, where she worked as a foreign language assistant, went to her first opera and ate a lot of Kaiserschmarrn.<br \/>\nSince graduating, she has worked as an editor, starting at an educational publishing company in the beautiful English Lake District. From there, she moved to London to work for Trinity Laban, a music and contemporary dance conservatoire, where she managed a vast range of print and digital publications. She is now a Senior Editor at The Economist Intelligence Unit, where she uses her in-depth knowledge of languages, politics and economics in reports and events pieces on developments in Latin America.<br \/>\nAlongside her editing work, Rose works as a freelance translator. In 2019 she began a long-term volunteer relationship with the Wiener Library in London, translating testimonials about the Holocaust from German to English. She loves to use her creativity, so she specialises in plays, poetry and novellas. She recently took advantage of the coronavirus lockdown to study for a Diploma in Translation, which she gained in 2021.<br \/>\nRose is a keen flautist and has recently taken up the viola. She plays in various orchestras and chamber ensembles and relishes the chance to use her love for music in her translations. If it\u2019s rainy, you\u2019ll find Rose in the kitchen, as she enjoys cooking and baking. If it\u2019s sunny, though, she\u2019ll be hiking or cycling.&#8221;][\/team_member][\/vc_column_inner][vc_column_inner column_padding=&#8221;no-extra-padding&#8221; column_padding_tablet=&#8221;inherit&#8221; column_padding_phone=&#8221;inherit&#8221; column_padding_position=&#8221;all&#8221; column_element_direction_desktop=&#8221;default&#8221; column_element_spacing=&#8221;default&#8221; desktop_text_alignment=&#8221;default&#8221; tablet_text_alignment=&#8221;default&#8221; phone_text_alignment=&#8221;default&#8221; background_color_opacity=&#8221;1&#8243; background_hover_color_opacity=&#8221;1&#8243; column_backdrop_filter=&#8221;none&#8221; column_shadow=&#8221;none&#8221; column_border_radius=&#8221;none&#8221; column_link_target=&#8221;_self&#8221; overflow=&#8221;visible&#8221; gradient_direction=&#8221;left_to_right&#8221; overlay_strength=&#8221;0.3&#8243; width=&#8221;1\/3&#8243; tablet_width_inherit=&#8221;default&#8221; animation_type=&#8221;default&#8221; enable_animation=&#8221;true&#8221; animation=&#8221;grow-in&#8221; animation_easing=&#8221;default&#8221; bg_image_animation=&#8221;none&#8221; border_type=&#8221;simple&#8221; column_border_width=&#8221;none&#8221; column_border_style=&#8221;solid&#8221;][team_member image_url=&#8221;7020&#8243; bio_image_url=&#8221;7020&#8243; team_memeber_style=&#8221;bio_fullscreen&#8221; image_loading=&#8221;default&#8221; team_member_bio_full_html=&#8221;simple&#8221; name=&#8221;Emmanuela Cossar&#8221; job_position=&#8221;Costumes Photoshooting Carmen &amp; Ingo Photography&#8221; team_member_bio=&#8221;Emmanuela Cossar was born in Italy in 1978.<br \/>\nShe studied costume design at the University of Florence.<br \/>\nAfter graduating, she worked for the haute couture company Jato in Bologna as an embroidery designer.<br \/>\nFrom 2004 she continued to work as a costume designer on more than 30 productions for operas, plays and musicals, under the directors Antonio Petris, Franceco Bellotto, Gianpaolo Zennaro, Leigh Holman, Davide Garattini Raimondi and Luca Ferri.<br \/>\nIn 2012 she founded a theatrical tailoring workshop to create costumes for the main theatre companies and dance groups from Friuli and Venice.<br \/>\nFrom 2006-2016 she worked at the Klagenfurt City Theatre as an assistant costume designer for various productions.<br \/>\nFrom 2015, she taught the history of theatre costumes and textile chemistry as a professor in Udine.<br \/>\nIn 2020 she took over the management of the &#8220;Kost\u00fcmfundus&#8220; of the Stadttheater Klagenfurt.&#8221;][\/team_member][\/vc_column_inner][\/vc_row_inner][\/tab][tab icon_family=&#8221;none&#8221; title=&#8221;DIANBO&#8221; id=&#8221;1719345165073-10&#8243; tab_id=&#8221;1719345165074-9&#8243; sub_desc=&#8221;Digital Animated Booklet&#8221;][vc_row_inner column_margin=&#8221;default&#8221; column_direction=&#8221;default&#8221; column_direction_tablet=&#8221;default&#8221; column_direction_phone=&#8221;default&#8221; bottom_padding=&#8221;60&#8243; text_align=&#8221;center&#8221; row_position=&#8221;default&#8221; row_position_tablet=&#8221;inherit&#8221; row_position_phone=&#8221;inherit&#8221; overflow=&#8221;visible&#8221; pointer_events=&#8221;all&#8221; el_id=&#8221;team&#8221;][vc_column_inner column_padding=&#8221;no-extra-padding&#8221; column_padding_tablet=&#8221;inherit&#8221; column_padding_phone=&#8221;inherit&#8221; column_padding_position=&#8221;all&#8221; column_element_direction_desktop=&#8221;default&#8221; column_element_spacing=&#8221;default&#8221; centered_text=&#8221;true&#8221; desktop_text_alignment=&#8221;default&#8221; tablet_text_alignment=&#8221;default&#8221; phone_text_alignment=&#8221;default&#8221; background_color_opacity=&#8221;1&#8243; background_hover_color_opacity=&#8221;1&#8243; column_backdrop_filter=&#8221;none&#8221; column_shadow=&#8221;none&#8221; column_border_radius=&#8221;none&#8221; column_link_target=&#8221;_self&#8221; overflow=&#8221;visible&#8221; gradient_direction=&#8221;left_to_right&#8221; overlay_strength=&#8221;0.3&#8243; width=&#8221;1\/1&#8243; tablet_width_inherit=&#8221;default&#8221; animation_type=&#8221;default&#8221; bg_image_animation=&#8221;none&#8221; border_type=&#8221;simple&#8221; column_border_width=&#8221;none&#8221; column_border_style=&#8221;solid&#8221; column_padding_type=&#8221;default&#8221; gradient_type=&#8221;default&#8221;][vc_custom_heading text=&#8221;Our Team&#8221; font_container=&#8221;tag:h3|text_align:center&#8221; use_theme_fonts=&#8221;yes&#8221;][divider line_type=&#8221;Small Line&#8221; line_alignment=&#8221;default&#8221; line_thickness=&#8221;2&#8243; divider_color=&#8221;extra-color-2&#8243; animate=&#8221;yes&#8221; custom_height=&#8221;40&#8243; custom_line_width=&#8221;40&#8243;][vc_column_text css=&#8221;&#8221; max_width=&#8221;650&#8243; text_direction=&#8221;default&#8221;]\n<p style=\"text-align: center;\">early music bird. early new music<\/p>\n<p style=\"text-align: center;\">DIANBO<br \/>\n<em>Digital Animierted Booklet<\/em><\/p>\n[\/vc_column_text][\/vc_column_inner][\/vc_row_inner][vc_row_inner column_margin=&#8221;none&#8221; column_direction=&#8221;default&#8221; column_direction_tablet=&#8221;default&#8221; column_direction_phone=&#8221;default&#8221; text_align=&#8221;left&#8221; row_position=&#8221;default&#8221; row_position_tablet=&#8221;inherit&#8221; row_position_phone=&#8221;inherit&#8221; overflow=&#8221;visible&#8221; pointer_events=&#8221;all&#8221;][vc_column_inner column_padding=&#8221;no-extra-padding&#8221; column_padding_tablet=&#8221;inherit&#8221; column_padding_phone=&#8221;inherit&#8221; column_padding_position=&#8221;all&#8221; column_element_direction_desktop=&#8221;default&#8221; column_element_spacing=&#8221;default&#8221; desktop_text_alignment=&#8221;default&#8221; tablet_text_alignment=&#8221;default&#8221; phone_text_alignment=&#8221;default&#8221; background_color_opacity=&#8221;1&#8243; background_hover_color_opacity=&#8221;1&#8243; column_backdrop_filter=&#8221;none&#8221; column_shadow=&#8221;none&#8221; column_border_radius=&#8221;none&#8221; column_link_target=&#8221;_self&#8221; overflow=&#8221;visible&#8221; gradient_direction=&#8221;left_to_right&#8221; overlay_strength=&#8221;0.3&#8243; width=&#8221;1\/3&#8243; tablet_width_inherit=&#8221;default&#8221; animation_type=&#8221;default&#8221; enable_animation=&#8221;true&#8221; animation=&#8221;grow-in&#8221; animation_easing=&#8221;default&#8221; bg_image_animation=&#8221;none&#8221; border_type=&#8221;simple&#8221; column_border_width=&#8221;none&#8221; column_border_style=&#8221;solid&#8221;][team_member image_url=&#8221;9855&#8243; bio_image_url=&#8221;9855&#8243; team_memeber_style=&#8221;bio_fullscreen&#8221; image_loading=&#8221;default&#8221; team_member_bio_full_html=&#8221;simple&#8221; name=&#8221;Annabel Smith&#8221; job_position=&#8221;Speaker | Musical texts in English language&#8221; team_member_bio=&#8221;Annabel is an Actor from the UK. She trained at The Lee Strasberg Institute in New York and The Oxford School of Drama in England.<\/p>\n<p>Theatre Credits include: The Upstart Crow (Gielgud Theatre\/West End), Turn of the Screw (Mercury Theatre\/UK Tour), The Dark Room (Theatre 503, London), The Last Ones (Jermyn Street Theatre, London), Spitfire Sisters, Manifesto and The Lighthouse (The Space Theatre, London)<\/p>\n<p>Film includes: You Look Fine (BFI Future Festival winner)<\/p>\n<p>Radio includes: Road to Oxford (BBC Radio 4)<\/p>\n<p>Photograph Copyright: Brandon Bishop&#8221; social_icon_1=&#8221;fa fa-globe&#8221; social_link_1=&#8221;https:\/\/www.wolfgangmitterer.com&#8221;][\/team_member][\/vc_column_inner][vc_column_inner column_padding=&#8221;no-extra-padding&#8221; column_padding_tablet=&#8221;inherit&#8221; column_padding_phone=&#8221;inherit&#8221; column_padding_position=&#8221;all&#8221; column_element_direction_desktop=&#8221;default&#8221; column_element_spacing=&#8221;default&#8221; desktop_text_alignment=&#8221;default&#8221; tablet_text_alignment=&#8221;default&#8221; phone_text_alignment=&#8221;default&#8221; background_color_opacity=&#8221;1&#8243; background_hover_color_opacity=&#8221;1&#8243; column_backdrop_filter=&#8221;none&#8221; column_shadow=&#8221;none&#8221; column_border_radius=&#8221;none&#8221; column_link_target=&#8221;_self&#8221; overflow=&#8221;visible&#8221; gradient_direction=&#8221;left_to_right&#8221; overlay_strength=&#8221;0.3&#8243; width=&#8221;1\/3&#8243; tablet_width_inherit=&#8221;default&#8221; animation_type=&#8221;default&#8221; enable_animation=&#8221;true&#8221; animation=&#8221;grow-in&#8221; animation_easing=&#8221;default&#8221; bg_image_animation=&#8221;none&#8221; border_type=&#8221;simple&#8221; column_border_width=&#8221;none&#8221; column_border_style=&#8221;solid&#8221;][team_member image_url=&#8221;6515&#8243; bio_image_url=&#8221;6515&#8243; team_memeber_style=&#8221;bio_fullscreen&#8221; image_loading=&#8221;default&#8221; team_member_bio_full_html=&#8221;simple&#8221; name=&#8221;Maria Weiss&#8221; job_position=&#8221;Idee &amp; CEO &amp; Script&#8221; social_icon_1=&#8221;fa fa-globe&#8221; social_link_1=&#8221;https:\/\/www.mariaweiss.at&#8221; social_icon_2=&#8221;fa fa-film&#8221; social_link_2=&#8221;https:\/\/mariaweissactress.com&#8221; social_icon_3=&#8221;fa fa-instagram&#8221; social_link_3=&#8221;https:\/\/www.instagram.com\/mariaweiss_offical\/&#8221; team_member_bio=&#8221;\u201cHer voice is tremendous, and the continued suspense of her stage presence is breath-taking\u201d, \u201ca marvellous mezzo soprano with organ-like depths\u201d and \u201ca vocal and acting synthesis of arts\u201d are just some of the things that reviewers have said of the Austrian mezzo soprano Maria Weiss.<\/p>\n<p>The mezzo soprano was just a child when she discovered her love for singing and early music. She studied solo performance at the Luigi Cherubini State Conservatory in Florence, the University of Music and Performing Arts in Graz and acting at the Lee Strasberg Theater &amp; Film Institute in New York.<\/p>\n<p>She has performed with orchestras including the Bach Consort Vienna, Klangforum Wien, L&#8217;Orfeo Barockorchester, Ensemble Claudiana, Harmony of Nations Baroque Orchestra, Il Concerto Tivoli, Camerata Argentea, A Corte Musical, Capella Leopoldina, Graz Symphony Orchestra and the Vorarlberg Symphony Orchestra and has established herself as an outstanding interpreter of early music with a mezzo soprano voice that reviewers have described as &#8220;beautiful&#8220;, &#8220;clearly timbred and flawlessly guided&#8220;, and &#8220;softly floating\u201d.<\/p>\n<p>The repertoire of the singer, who speaks five languages, consists of early and contemporary music, Bach, Mozart and Offenbach, and particularly first performances of forgotten works.<br \/>\nHer artistic path has been shaped by collaborations with directors such as Frank Castorf, Philippe Arlaud, Seollyeon Konwitschny, John Lloyd Davies and Kobie van Rensburg and with musical partners such as Stefan Asbury, Domingo Hindoyan, Michi Gaigg, David Levi, Rub\u00e9n Dubrovsky, G\u00e9rard Korsten, Rog\u00e9rio Gon\u00e7alves and Franco Pavan.<br \/>\nNotable engagements include the Wiener Festwochen, Wiener Konzerthaus, Graz Opera House, H\u00e4ndel Festival in Halle, Theater an der Rott (Germany), trigonale. festival of early music, Festspielhaus Bregenz, Feldkirch Festival, Festspielhaus Dornbirn, Donaufestwochen im Strudengau, BOV Opera Festival at the Teatru Manoel in Valetta (Malta) and Ateneu Barcelon\u00e9s in Spain.<br \/>\nAs a Lied singer, Maria Weiss, under the guidance of Teresa Berganza and Isabel Arag\u00f3n, has specialised in Spanish and Latin American repertoire (especially the songs of De Falla, Granados, Guridi, Montsalvatge, Rodrigo, Leon and Villa-Lobos).<\/p>\n<p>Her stage presence was described as that of a \u201cgifted singer-actress\u201d in a review by the Kritisches Journal f\u00fcr Alte Musik.<br \/>\nShe regularly appears in short films, feature films and commercials, and has worked with directors such as Anja Salomonowitz, Oskar Roehler, Christopher Schlier, Martin Aamund, Phil Moran, Ronald Unterberger, Thomas Woschitz and Quadmo Quintero.<\/p>\n<p>mariaweiss.at<br \/>\nmariaweissactress.com<\/p>\n<p>Photograph Maria Weiss \u00a9 Carmen &amp; Ingo Photography&#8221;][\/team_member][\/vc_column_inner][vc_column_inner column_padding=&#8221;no-extra-padding&#8221; column_padding_tablet=&#8221;inherit&#8221; column_padding_phone=&#8221;inherit&#8221; column_padding_position=&#8221;all&#8221; column_element_direction_desktop=&#8221;default&#8221; column_element_spacing=&#8221;default&#8221; desktop_text_alignment=&#8221;default&#8221; tablet_text_alignment=&#8221;default&#8221; phone_text_alignment=&#8221;default&#8221; background_color_opacity=&#8221;1&#8243; background_hover_color_opacity=&#8221;1&#8243; column_backdrop_filter=&#8221;none&#8221; column_shadow=&#8221;none&#8221; column_border_radius=&#8221;none&#8221; column_link_target=&#8221;_self&#8221; overflow=&#8221;visible&#8221; gradient_direction=&#8221;left_to_right&#8221; overlay_strength=&#8221;0.3&#8243; width=&#8221;1\/3&#8243; tablet_width_inherit=&#8221;default&#8221; animation_type=&#8221;default&#8221; enable_animation=&#8221;true&#8221; animation=&#8221;grow-in&#8221; animation_easing=&#8221;default&#8221; bg_image_animation=&#8221;none&#8221; border_type=&#8221;simple&#8221; column_border_width=&#8221;none&#8221; column_border_style=&#8221;solid&#8221;][team_member image_url=&#8221;9860&#8243; bio_image_url=&#8221;9860&#8243; team_memeber_style=&#8221;bio_fullscreen&#8221; image_loading=&#8221;default&#8221; team_member_bio_full_html=&#8221;simple&#8221; name=&#8221;Michel Weisss&#8221; job_position=&#8221;Speaker | Musical texts in german language&#8221; team_member_bio=&#8221;Mag. Dr. Michael Weiss<\/p>\n<p>Foto Michael Weiss \u00a9 Maria Weiss&#8221;][\/team_member][\/vc_column_inner][\/vc_row_inner][vc_row_inner column_margin=&#8221;none&#8221; column_direction=&#8221;default&#8221; column_direction_tablet=&#8221;default&#8221; column_direction_phone=&#8221;default&#8221; text_align=&#8221;left&#8221; row_position=&#8221;default&#8221; row_position_tablet=&#8221;inherit&#8221; row_position_phone=&#8221;inherit&#8221; overflow=&#8221;visible&#8221; pointer_events=&#8221;all&#8221;][vc_column_inner column_padding=&#8221;no-extra-padding&#8221; column_padding_tablet=&#8221;inherit&#8221; column_padding_phone=&#8221;inherit&#8221; column_padding_position=&#8221;all&#8221; column_element_direction_desktop=&#8221;default&#8221; column_element_spacing=&#8221;default&#8221; desktop_text_alignment=&#8221;default&#8221; tablet_text_alignment=&#8221;default&#8221; phone_text_alignment=&#8221;default&#8221; background_color_opacity=&#8221;1&#8243; background_hover_color_opacity=&#8221;1&#8243; column_backdrop_filter=&#8221;none&#8221; column_shadow=&#8221;none&#8221; column_border_radius=&#8221;none&#8221; column_link_target=&#8221;_self&#8221; overflow=&#8221;visible&#8221; gradient_direction=&#8221;left_to_right&#8221; overlay_strength=&#8221;0.3&#8243; width=&#8221;1\/3&#8243; tablet_width_inherit=&#8221;default&#8221; animation_type=&#8221;default&#8221; enable_animation=&#8221;true&#8221; animation=&#8221;grow-in&#8221; animation_easing=&#8221;default&#8221; bg_image_animation=&#8221;none&#8221; border_type=&#8221;simple&#8221; column_border_width=&#8221;none&#8221; column_border_style=&#8221;solid&#8221;][team_member image_url=&#8221;9862&#8243; bio_image_url=&#8221;9862&#8243; team_memeber_style=&#8221;bio_fullscreen&#8221; image_loading=&#8221;default&#8221; team_member_bio_full_html=&#8221;simple&#8221; name=&#8221;Michael Kropfberger&#8221; job_position=&#8221;Soundmaster &amp; Mastering | Musical texts in German language&#8221; team_member_bio=&#8221;Since 2000, Michael Kropfberger has dedicated himself intensively to the fields of audio acoustics, recording and sound engineering. A musician himself, tenor in the opera choir of the Klagenfurt City Theatre, soloist and singer in various choirs and bands, Michal can look back on a wealth of musical experience, which he incorporates into his work as a sound engineer.<br \/>\nHis second great passion is photography, his enthusiastic credo: the search for the highest perfection in this art.<\/p>\n<p>From the wealth of experience he has accumulated over the years in his work with image and sound, it was almost a logical next step to turn to video recording and film: Michael Kropfberger is passionate about creating art films, short films, commercials and interviews with multicam editing. Productions with the ORF\/Konzerthaus Klagenfurt (Sing for humanity), numerous audio books and CD recordings (such as with the Camerata Carinthia) are among his wide-ranging references.<\/p>\n<p>Photography Michael Kropfberger \u00a9 Michael Kropfberger&#8221; social_icon_1=&#8221;fa fa-globe&#8221; social_link_1=&#8221;http:\/\/www.dr-mike-records.com\/&#8221;][\/team_member][\/vc_column_inner][vc_column_inner column_padding=&#8221;no-extra-padding&#8221; column_padding_tablet=&#8221;inherit&#8221; column_padding_phone=&#8221;inherit&#8221; column_padding_position=&#8221;all&#8221; column_element_direction_desktop=&#8221;default&#8221; column_element_spacing=&#8221;default&#8221; desktop_text_alignment=&#8221;default&#8221; tablet_text_alignment=&#8221;default&#8221; phone_text_alignment=&#8221;default&#8221; background_color_opacity=&#8221;1&#8243; background_hover_color_opacity=&#8221;1&#8243; column_backdrop_filter=&#8221;none&#8221; column_shadow=&#8221;none&#8221; column_border_radius=&#8221;none&#8221; column_link_target=&#8221;_self&#8221; overflow=&#8221;visible&#8221; gradient_direction=&#8221;left_to_right&#8221; overlay_strength=&#8221;0.3&#8243; width=&#8221;1\/3&#8243; tablet_width_inherit=&#8221;default&#8221; animation_type=&#8221;default&#8221; enable_animation=&#8221;true&#8221; animation=&#8221;grow-in&#8221; animation_easing=&#8221;default&#8221; bg_image_animation=&#8221;none&#8221; border_type=&#8221;simple&#8221; column_border_width=&#8221;none&#8221; column_border_style=&#8221;solid&#8221;][team_member image_url=&#8221;6514&#8243; team_memeber_style=&#8221;bio_fullscreen&#8221; image_loading=&#8221;default&#8221; team_member_bio_full_html=&#8221;simple&#8221; name=&#8221;Johny Giles&#8221; job_position=&#8221;Soundmaster &amp; Mastering | Musical texts in English language&#8221; team_member_bio=&#8221;Coming soon<br \/>\nPhotogeaph Johny Giles \u00a9 tba&#8221; social_icon_1=&#8221;fa fa-globe&#8221;][\/team_member][\/vc_column_inner][vc_column_inner column_padding=&#8221;no-extra-padding&#8221; column_padding_tablet=&#8221;inherit&#8221; column_padding_phone=&#8221;inherit&#8221; column_padding_position=&#8221;all&#8221; column_element_direction_desktop=&#8221;default&#8221; column_element_spacing=&#8221;default&#8221; desktop_text_alignment=&#8221;default&#8221; tablet_text_alignment=&#8221;default&#8221; phone_text_alignment=&#8221;default&#8221; background_color_opacity=&#8221;1&#8243; background_hover_color_opacity=&#8221;1&#8243; column_backdrop_filter=&#8221;none&#8221; column_shadow=&#8221;none&#8221; column_border_radius=&#8221;none&#8221; column_link_target=&#8221;_self&#8221; overflow=&#8221;visible&#8221; gradient_direction=&#8221;left_to_right&#8221; overlay_strength=&#8221;0.3&#8243; width=&#8221;1\/3&#8243; tablet_width_inherit=&#8221;default&#8221; animation_type=&#8221;default&#8221; enable_animation=&#8221;true&#8221; animation=&#8221;grow-in&#8221; animation_easing=&#8221;default&#8221; bg_image_animation=&#8221;none&#8221; border_type=&#8221;simple&#8221; column_border_width=&#8221;none&#8221; column_border_style=&#8221;solid&#8221;][team_member image_url=&#8221;6514&#8243; team_memeber_style=&#8221;bio_fullscreen&#8221; image_loading=&#8221;default&#8221; team_member_bio_full_html=&#8221;simple&#8221; name=&#8221;Simon Kamphans | Headroom Verlag&#8221; job_position=&#8221;Sound dubbing for audio dramas Work texts&#8221; team_member_bio=&#8221;Coming soon!&#8221;][\/team_member][\/vc_column_inner][\/vc_row_inner][vc_row_inner column_margin=&#8221;none&#8221; column_direction=&#8221;default&#8221; column_direction_tablet=&#8221;default&#8221; column_direction_phone=&#8221;default&#8221; text_align=&#8221;left&#8221; row_position=&#8221;default&#8221; row_position_tablet=&#8221;inherit&#8221; row_position_phone=&#8221;inherit&#8221; overflow=&#8221;visible&#8221; pointer_events=&#8221;all&#8221;][vc_column_inner column_padding=&#8221;no-extra-padding&#8221; column_padding_tablet=&#8221;inherit&#8221; column_padding_phone=&#8221;inherit&#8221; column_padding_position=&#8221;all&#8221; column_element_direction_desktop=&#8221;default&#8221; column_element_spacing=&#8221;default&#8221; desktop_text_alignment=&#8221;default&#8221; tablet_text_alignment=&#8221;default&#8221; phone_text_alignment=&#8221;default&#8221; background_color_opacity=&#8221;1&#8243; background_hover_color_opacity=&#8221;1&#8243; column_backdrop_filter=&#8221;none&#8221; column_shadow=&#8221;none&#8221; column_border_radius=&#8221;none&#8221; column_link_target=&#8221;_self&#8221; overflow=&#8221;visible&#8221; gradient_direction=&#8221;left_to_right&#8221; overlay_strength=&#8221;0.3&#8243; width=&#8221;1\/3&#8243; tablet_width_inherit=&#8221;default&#8221; animation_type=&#8221;default&#8221; enable_animation=&#8221;true&#8221; animation=&#8221;grow-in&#8221; animation_easing=&#8221;default&#8221; bg_image_animation=&#8221;none&#8221; border_type=&#8221;simple&#8221; column_border_width=&#8221;none&#8221; column_border_style=&#8221;solid&#8221;][team_member image_url=&#8221;6514&#8243; team_memeber_style=&#8221;bio_fullscreen&#8221; image_loading=&#8221;default&#8221; team_member_bio_full_html=&#8221;simple&#8221; name=&#8221;BUREAU F&#8221; job_position=&#8221;Graphics, layout &amp; illustrations&#8221; team_member_bio=&#8221;\u201cFabienne Feltus und Philipp Stu\u0308rzenbecher are stylish designers who push the boundaries of standard methods, characterised by a distinctive aesthetic and function. They turn imaginings into reality and give products personality. Their clients come from the worlds of culture, cookery, lifestyle, fashion and art.\u201d<br \/>\nFabienne Feltus studied design an der University for Applied Arts Vienna and worked as Art Director for KesselsKramer in Amsterdam. Philipp Stu\u0308rzenbecher studied architecture at the Technical University of Vienna and film at the Friedl Kubelka School for Independent Film.<br \/>\nThey founded BUREAU F in 2012 and created the wonderful designs that represent Feinkoch and Mochi. They also look after branding for clients including Rauch Juice Bar, Goldkehlchen Cider and We Bandits.<br \/>\nbureauf.com<br \/>\nagentazur.com&#8221; social_icon_1=&#8221;fa fa-globe&#8221; social_link_1=&#8221;https:\/\/bureauf.com\/&#8221; social_icon_2=&#8221;fa fa-globe&#8221; social_link_2=&#8221;https:\/\/agentazur.com&#8221;][\/team_member][\/vc_column_inner][vc_column_inner column_padding=&#8221;no-extra-padding&#8221; column_padding_tablet=&#8221;inherit&#8221; column_padding_phone=&#8221;inherit&#8221; column_padding_position=&#8221;all&#8221; column_element_direction_desktop=&#8221;default&#8221; column_element_spacing=&#8221;default&#8221; desktop_text_alignment=&#8221;default&#8221; tablet_text_alignment=&#8221;default&#8221; phone_text_alignment=&#8221;default&#8221; background_color_opacity=&#8221;1&#8243; background_hover_color_opacity=&#8221;1&#8243; column_backdrop_filter=&#8221;none&#8221; column_shadow=&#8221;none&#8221; column_border_radius=&#8221;none&#8221; column_link_target=&#8221;_self&#8221; overflow=&#8221;visible&#8221; gradient_direction=&#8221;left_to_right&#8221; overlay_strength=&#8221;0.3&#8243; width=&#8221;1\/3&#8243; tablet_width_inherit=&#8221;default&#8221; animation_type=&#8221;default&#8221; enable_animation=&#8221;true&#8221; animation=&#8221;grow-in&#8221; animation_easing=&#8221;default&#8221; bg_image_animation=&#8221;none&#8221; border_type=&#8221;simple&#8221; column_border_width=&#8221;none&#8221; column_border_style=&#8221;solid&#8221;][team_member image_url=&#8221;6470&#8243; bio_image_url=&#8221;6470&#8243; team_memeber_style=&#8221;bio_fullscreen&#8221; image_loading=&#8221;default&#8221; team_member_bio_full_html=&#8221;simple&#8221; name=&#8221;Esther Jo Steiner&#8221; job_position=&#8221;Cutterin&#8221; team_member_bio=&#8221;The Carinthian works as an editor and director in Vienna and Carinthia.<br \/>\nEsther Jo Steiner is responsible for &#8220;film montage&#8220; at REDAKTIONSBUERO OST. She works as a freelance editor, English translator, script consultant and director (e.g. for REDAKTIONSBUERO OST, ORF-K\u00e4rnten, Pubbles Film, KGP&#8230;) She is managing director of Cinetop-Film and has a degree in film and screenplay studies in London. (Research work: Initiation processes of rebellious girls in film, with a focus on: Psychoanalysis and feminism). Graduated with a PhD&#8221; social_icon_1=&#8221;fa fa-globe&#8221; social_link_1=&#8221;https:\/\/ejsteiner.net&#8221; social_icon_2=&#8221;fa fa-globe&#8221; social_link_2=&#8221;https:\/\/www.cinetop.at&#8221;][\/team_member][\/vc_column_inner][vc_column_inner column_padding=&#8221;no-extra-padding&#8221; column_padding_tablet=&#8221;inherit&#8221; column_padding_phone=&#8221;inherit&#8221; column_padding_position=&#8221;all&#8221; column_element_direction_desktop=&#8221;default&#8221; column_element_spacing=&#8221;default&#8221; desktop_text_alignment=&#8221;default&#8221; tablet_text_alignment=&#8221;default&#8221; phone_text_alignment=&#8221;default&#8221; background_color_opacity=&#8221;1&#8243; background_hover_color_opacity=&#8221;1&#8243; column_backdrop_filter=&#8221;none&#8221; column_shadow=&#8221;none&#8221; column_border_radius=&#8221;none&#8221; column_link_target=&#8221;_self&#8221; overflow=&#8221;visible&#8221; gradient_direction=&#8221;left_to_right&#8221; overlay_strength=&#8221;0.3&#8243; width=&#8221;1\/3&#8243; tablet_width_inherit=&#8221;default&#8221; animation_type=&#8221;default&#8221; enable_animation=&#8221;true&#8221; animation=&#8221;grow-in&#8221; animation_easing=&#8221;default&#8221; bg_image_animation=&#8221;none&#8221; border_type=&#8221;simple&#8221; column_border_width=&#8221;none&#8221; column_border_style=&#8221;solid&#8221;][team_member image_url=&#8221;6514&#8243; team_memeber_style=&#8221;bio_fullscreen&#8221; image_loading=&#8221;default&#8221; team_member_bio_full_html=&#8221;simple&#8221; name=&#8221;Ophelia&#8217;s Culture PR&#8221; job_position=&#8221;Presse &amp; PR&#8221; team_member_bio=&#8221;Ophelias Culture PR was founded as a PR agency for classical music and culture by Ulrike Wilckens.<br \/>\nWith its nationwide and international media network, the Munich-based PR agency Ophelias PR is one of the leading agencies in its field. PR consultations and one-on-one meetings form the basis for strategies and campaigns &#8211; and they are the guarantee for a successful outcome.&#8221; social_icon_1=&#8221;fa fa-globe&#8221; social_link_1=&#8221;https:\/\/www.ophelias-pr.com\/&#8221;][\/team_member][\/vc_column_inner][\/vc_row_inner][\/tab][tab icon_family=&#8221;none&#8221; title=&#8221;favola in musica&#8221; id=&#8221;1719345165907-9&#8243; tab_id=&#8221;1719345165908-0&#8243; sub_desc=&#8221;Concept album&#8221;][vc_row_inner column_margin=&#8221;default&#8221; column_direction=&#8221;default&#8221; column_direction_tablet=&#8221;default&#8221; column_direction_phone=&#8221;default&#8221; top_padding=&#8221;20&#8243; text_align=&#8221;left&#8221; row_position=&#8221;default&#8221; row_position_tablet=&#8221;inherit&#8221; row_position_phone=&#8221;inherit&#8221; overflow=&#8221;visible&#8221; pointer_events=&#8221;all&#8221;][vc_column_inner column_padding=&#8221;no-extra-padding&#8221; column_padding_tablet=&#8221;inherit&#8221; column_padding_phone=&#8221;inherit&#8221; column_padding_position=&#8221;all&#8221; column_element_direction_desktop=&#8221;default&#8221; column_element_spacing=&#8221;default&#8221; desktop_text_alignment=&#8221;default&#8221; tablet_text_alignment=&#8221;default&#8221; phone_text_alignment=&#8221;default&#8221; background_color_opacity=&#8221;1&#8243; background_hover_color_opacity=&#8221;1&#8243; column_backdrop_filter=&#8221;none&#8221; column_shadow=&#8221;none&#8221; column_border_radius=&#8221;none&#8221; column_link_target=&#8221;_self&#8221; overflow=&#8221;visible&#8221; gradient_direction=&#8221;left_to_right&#8221; overlay_strength=&#8221;0.3&#8243; width=&#8221;1\/1&#8243; tablet_width_inherit=&#8221;default&#8221; animation_type=&#8221;default&#8221; enable_animation=&#8221;true&#8221; animation=&#8221;fade-in-from-bottom&#8221; animation_easing=&#8221;default&#8221; bg_image_animation=&#8221;none&#8221; border_type=&#8221;simple&#8221; column_border_width=&#8221;none&#8221; column_border_style=&#8221;solid&#8221;][vc_custom_heading text=&#8221;Our Team&#8221; font_container=&#8221;tag:h3|text_align:center&#8221; use_theme_fonts=&#8221;yes&#8221;][divider line_type=&#8221;Small Line&#8221; line_alignment=&#8221;default&#8221; line_thickness=&#8221;2&#8243; divider_color=&#8221;extra-color-2&#8243; animate=&#8221;yes&#8221; custom_height=&#8221;40&#8243; custom_line_width=&#8221;40&#8243;][vc_custom_heading text=&#8221;favola in musica. alte neue musik CONCEPT ALBUM&#8221; font_container=&#8221;tag:p|text_align:center&#8221;][vc_column_text max_width=&#8221;650&#8243; text_direction=&#8221;default&#8221;]\n<p>&nbsp;<\/p>\n<p style=\"text-align: center;\">favola in musica. alte neue musik<\/p>\n<p style=\"text-align: center;\">CONCEPT ALBUM<\/p>\n[\/vc_column_text][\/vc_column_inner][\/vc_row_inner][vc_row_inner column_margin=&#8221;none&#8221; column_direction=&#8221;default&#8221; column_direction_tablet=&#8221;default&#8221; column_direction_phone=&#8221;default&#8221; text_align=&#8221;left&#8221; row_position=&#8221;default&#8221; row_position_tablet=&#8221;inherit&#8221; row_position_phone=&#8221;inherit&#8221; overflow=&#8221;visible&#8221; pointer_events=&#8221;all&#8221;][vc_column_inner column_padding=&#8221;no-extra-padding&#8221; column_padding_tablet=&#8221;inherit&#8221; column_padding_phone=&#8221;inherit&#8221; column_padding_position=&#8221;all&#8221; column_element_direction_desktop=&#8221;default&#8221; column_element_spacing=&#8221;default&#8221; desktop_text_alignment=&#8221;default&#8221; tablet_text_alignment=&#8221;default&#8221; phone_text_alignment=&#8221;default&#8221; background_color_opacity=&#8221;1&#8243; background_hover_color_opacity=&#8221;1&#8243; column_backdrop_filter=&#8221;none&#8221; column_shadow=&#8221;none&#8221; column_border_radius=&#8221;none&#8221; column_link_target=&#8221;_self&#8221; overflow=&#8221;visible&#8221; gradient_direction=&#8221;left_to_right&#8221; overlay_strength=&#8221;0.3&#8243; width=&#8221;1\/3&#8243; tablet_width_inherit=&#8221;default&#8221; animation_type=&#8221;default&#8221; enable_animation=&#8221;true&#8221; animation=&#8221;grow-in&#8221; animation_easing=&#8221;default&#8221; bg_image_animation=&#8221;none&#8221; border_type=&#8221;simple&#8221; column_border_width=&#8221;none&#8221; column_border_style=&#8221;solid&#8221;][team_member image_url=&#8221;6652&#8243; bio_image_url=&#8221;6652&#8243; team_memeber_style=&#8221;bio_fullscreen&#8221; image_loading=&#8221;default&#8221; team_member_bio_full_html=&#8221;simple&#8221; name=&#8221;Wolfgang Mitterer&#8221; job_position=&#8221;Composition &amp; Electronics&#8221; team_member_bio=&#8221;Wolfgang Mitterer was born in Lienz in East Tyrol in 1958 and grew up in an environment of down-to-earth church music and traditional Tyrolean brass bands. In 1977 his interest in the organ took him to Graz to pursue formal study in the instrument. One year later he moved to the University of Music in Vienna, where he studied organ with Herbert Tachezi and composition with Heinrich Gattermeyer.<\/p>\n<p>In 1983 he went to the Elektronmusikstudio (EMS) in Stockholm to explore electroacoustics. In 1988 he spent a year in Rome on a scholarship awarded by the Ministry of Education.<br \/>\nBy this time Wolfgang Mitterer had already embarked on an exciting musical journey through the regions of experimentalism and was a member of collectives working in various styles and genres on the boundaries between jazz, folk music, new wave and noise music.<br \/>\nHe has played with bands including Hirn mit Ei, Call Boys Inc., Pat Brothers, Dirty Tones and Matador. He has also collaborated with musicians such as Linda Sharrock, Gunter Schneider, Wolfgang Reisinger, Klaus Dickbauer, Hozan Yamamoto, Tscho Theissing and Tom Cora.<\/p>\n<p>The hallmark of Wolfgang Mitterer\u2019s work is that the musical process begins with the unpredictable and unexpected. He creates a network of instrumental and vocal live ensembles and electronic surround sound; he juxtaposes sawmills and old church organs in a new movement of sounds and engages thousands of choir singers and several traditional brass bands for his composition events. Improvisation is superimposed onto fixed notation. He regularly gives performances as a soloist and as part of collectives at international festivals and in concert halls, and he has been commissioned to compose for important cultural events and institutions including the Wiener Festwochen, Steirischer Herbst, Wien Modern, Wiener Konzerthaus, a festival in Erl, Tyrol and Klangspuren Schwaz, as well as for broadcasters such as ORF, WDR and SRG.<\/p>\n<p>He has received many prizes and awards for his work as a musician and composer, including the German Record Critics\u2019 Award, an Austrian state scholarship, the Prix Ars Electronica, the Max Brand Prize, the Prix Futura Berlin, the Emil-Berlanda Prize, the City of Vienna Music Prize, the Austrian Art Prize for Music and the 2018 Austrian Film Prize for Best Music for Untitled (dir. Michael Glawogger and Monika Willi). He won the same prize again in 2020 for Die Kinder der Toten (dir. Pavol Liska and Kelly Copper).<\/p>\n<p>Wolfgang Mitterer\u2019s oeuvre now includes several hundred works for a great variety of musical ensembles, from Amusie for six musicians, loudspeaker and a broken church organ to und tr\u00e4umte seltsam for soprano, small choir and ensemble, Ka und der Pavian for choir, 13 musicians and surround sound, Net-Words 1-5 for 11 musicians and an 8-channel tape to Fisis for symphony orchestra, and the opera Massacre (first performed at Wiener Festwochen).<\/p>\n<p>Wolfgang Mitterer taught the Music and Computer course at the University of Music in Vienna.<\/p>\n<p>wolfgangmitterer.com<\/p>\n<p>Photograph Wolfgang Mitterer \u00a9 Julia Stix&#8221; social_icon_1=&#8221;fa fa-globe&#8221; social_link_1=&#8221;https:\/\/www.wolfgangmitterer.com&#8221;][\/team_member][\/vc_column_inner][vc_column_inner column_padding=&#8221;no-extra-padding&#8221; column_padding_tablet=&#8221;inherit&#8221; column_padding_phone=&#8221;inherit&#8221; column_padding_position=&#8221;all&#8221; column_element_direction_desktop=&#8221;default&#8221; column_element_spacing=&#8221;default&#8221; desktop_text_alignment=&#8221;default&#8221; tablet_text_alignment=&#8221;default&#8221; phone_text_alignment=&#8221;default&#8221; background_color_opacity=&#8221;1&#8243; background_hover_color_opacity=&#8221;1&#8243; column_backdrop_filter=&#8221;none&#8221; column_shadow=&#8221;none&#8221; column_border_radius=&#8221;none&#8221; column_link_target=&#8221;_self&#8221; overflow=&#8221;visible&#8221; gradient_direction=&#8221;left_to_right&#8221; overlay_strength=&#8221;0.3&#8243; width=&#8221;1\/3&#8243; tablet_width_inherit=&#8221;default&#8221; animation_type=&#8221;default&#8221; enable_animation=&#8221;true&#8221; animation=&#8221;grow-in&#8221; animation_easing=&#8221;default&#8221; bg_image_animation=&#8221;none&#8221; border_type=&#8221;simple&#8221; column_border_width=&#8221;none&#8221; column_border_style=&#8221;solid&#8221;][team_member image_url=&#8221;6486&#8243; bio_image_url=&#8221;6642&#8243; team_memeber_style=&#8221;bio_fullscreen&#8221; image_loading=&#8221;default&#8221; team_member_bio_full_html=&#8221;simple&#8221; name=&#8221;Maria Weiss&#8221; job_position=&#8221;Mezzosopran &amp; CEO&#8221; social_icon_1=&#8221;fa fa-globe&#8221; social_link_1=&#8221;https:\/\/www.mariaweiss.at&#8221; social_icon_2=&#8221;fa fa-film&#8221; social_link_2=&#8221;https:\/\/mariaweissactress.com&#8221; social_icon_3=&#8221;fa fa-instagram&#8221; social_link_3=&#8221;http:\/\/instagram.com\/mariaweiss_offical\/&#8221; team_member_bio=&#8221;\u201cHer voice is tremendous, and the continued suspense of her stage presence is breath-taking\u201d, \u201ca marvellous mezzo soprano with organ-like depths\u201d and \u201ca vocal and acting synthesis of arts\u201d are just some of the things that reviewers have said of the Austrian mezzo soprano Maria Weiss.<\/p>\n<p>The mezzo soprano was just a child when she discovered her love for singing and early music. She studied solo performance at the Luigi Cherubini State Conservatory in Florence, the University of Music and Performing Arts in Graz and acting at the Lee Strasberg Theater &amp; Film Institute in New York.<\/p>\n<p>She has performed with orchestras including the Bach Consort Vienna, Klangforum Wien, L&#8217;Orfeo Barockorchester, Ensemble Claudiana, Harmony of Nations Baroque Orchestra, Il Concerto Tivoli, Camerata Argentea, A Corte Musical, Capella Leopoldina, Graz Symphony Orchestra and the Vorarlberg Symphony Orchestra and has established herself as an outstanding interpreter of early music with a mezzo soprano voice that reviewers have described as &#8220;beautiful&#8220;, &#8220;clearly timbred and flawlessly guided&#8220;, and &#8220;softly floating\u201d.<\/p>\n<p>The repertoire of the singer, who speaks five languages, consists of early and contemporary music, Bach, Mozart and Offenbach, and particularly first performances of forgotten works.<br \/>\nHer artistic path has been shaped by collaborations with directors such as Frank Castorf, Philippe Arlaud, Seollyeon Konwitschny, John Lloyd Davies and Kobie van Rensburg and with musical partners such as Stefan Asbury, Domingo Hindoyan, Michi Gaigg, David Levi, Rub\u00e9n Dubrovsky, G\u00e9rard Korsten, Rog\u00e9rio Gon\u00e7alves and Franco Pavan.<br \/>\nNotable engagements include the Wiener Festwochen, Wiener Konzerthaus, Graz Opera House, H\u00e4ndel Festival in Halle, Theater an der Rott (Germany), trigonale. festival of early music, Festspielhaus Bregenz, Feldkirch Festival, Festspielhaus Dornbirn, Donaufestwochen im Strudengau, BOV Opera Festival at the Teatru Manoel in Valetta (Malta) and Ateneu Barcelon\u00e9s in Spain.<br \/>\nAs a Lied singer, Maria Weiss, under the guidance of Teresa Berganza and Isabel Arag\u00f3n, has specialised in Spanish and Latin American repertoire (especially the songs of De Falla, Granados, Guridi, Montsalvatge, Rodrigo, Leon and Villa-Lobos).<\/p>\n<p>Her stage presence was described as that of a \u201cgifted singer-actress\u201d in a review by the Kritisches Journal f\u00fcr Alte Musik.<br \/>\nShe regularly appears in short films, feature films and commercials, and has worked with directors such as Anja Salomonowitz, Oskar Roehler, Christopher Schlier, Martin Aamund, Phil Moran, Ronald Unterberger, Thomas Woschitz and Quadmo Quintero.<\/p>\n<p>mariaweiss.at<br \/>\nmariaweissactress.com<\/p>\n<p>Photograph Maria Weiss \u00a9 Carmen &amp; Ingo Photography&#8221;][\/team_member][\/vc_column_inner][vc_column_inner column_padding=&#8221;no-extra-padding&#8221; column_padding_tablet=&#8221;inherit&#8221; column_padding_phone=&#8221;inherit&#8221; column_padding_position=&#8221;all&#8221; column_element_direction_desktop=&#8221;default&#8221; column_element_spacing=&#8221;default&#8221; desktop_text_alignment=&#8221;default&#8221; tablet_text_alignment=&#8221;default&#8221; phone_text_alignment=&#8221;default&#8221; background_color_opacity=&#8221;1&#8243; background_hover_color_opacity=&#8221;1&#8243; column_backdrop_filter=&#8221;none&#8221; column_shadow=&#8221;none&#8221; column_border_radius=&#8221;none&#8221; column_link_target=&#8221;_self&#8221; overflow=&#8221;visible&#8221; gradient_direction=&#8221;left_to_right&#8221; overlay_strength=&#8221;0.3&#8243; width=&#8221;1\/3&#8243; tablet_width_inherit=&#8221;default&#8221; animation_type=&#8221;default&#8221; enable_animation=&#8221;true&#8221; animation=&#8221;grow-in&#8221; animation_easing=&#8221;default&#8221; bg_image_animation=&#8221;none&#8221; border_type=&#8221;simple&#8221; column_border_width=&#8221;none&#8221; column_border_style=&#8221;solid&#8221;][team_member image_url=&#8221;6641&#8243; bio_image_url=&#8221;6663&#8243; team_memeber_style=&#8221;bio_fullscreen&#8221; image_loading=&#8221;default&#8221; team_member_bio_full_html=&#8221;simple&#8221; name=&#8221;Marco Frezzato&#8221; job_position=&#8221;Baroque Cello&#8221; team_member_bio=&#8221;Marco Frezzato studied with Mario Brunello, with Antonio Meneses and with Amedeo Baldovino.<br \/>\nHe owes his chamber music training to the Trio di Trieste, with whom he did his postgraduate work at the Fiesole Music School, the Chigiana Academy in Siena and the Duino International School of Music. At a very early age, he was drawn to performance practice on original instruments, delving deeper into the study of ancient music with ever increasing interest under the guidance of Gaetano Nasillo at the Milan\u2019s Civic School of Music, obtaining his diploma cum laude in 2003. Marco collaborates with numerous ensembles \u2013 Accademia Bizantina, Europa Galante, Orchestra of the Age of Enlightenment, Il Giardino Armonico, Le Concert d\u2019Astr\u00e8e, Les Ambassadeurs, Il Sonar Parlante, Ensemble Pygmalion, Orquestra Barroca de Sevilla, Il Pomo d\u2019Oro, Ensemble Accordone, Divino Sospiro, Ensemble Claudiana \u2013 and with artists like Fabio Biondi, Ottavio Dantone, Giovanni Antonini, Enrico Onofri, Christophe Coin, Vittorio Ghielmi, Emmanuelle Haim.<br \/>\nHe has participated in numerous recordings on labels such as Archiv, Deutsche Grammphon, Decca, L\u2019Oiseau-Lyre, EMI, Virgin Classics, Harmonia Mundi, Naive, Claves, Arts, Carus, Stradivarius, Amadeus, as well as radio and television broadcasts like Arte, Mezzo, Radio France, BBC, Rai RadioTre, RSI, NDR, WDR and SWR.<br \/>\n!In 2002, he co-founded AleaEnsemble along with violinists Fiorenza de Donatis and Andrea Rognoni and violist Stefano Marcocchi, with the aim of exploring string quartet repertory from the Classical and Romantic periods on original instruments. With AleaEnsemble, Marco recorded Mozart\u2019s Divertimento for string trio in E-flat Major, KV 563 for the Italian label MVC, Luigi Boccherini\u2019s six quartets op. II for Stradivarius (Choc de la Musique 2008, Diapason d\u2019Or 2008) and a CD on Stradivarius dedicated to the final Haydn quartets from op. 77.<\/p>\n<p>Fotografie von Marco Frezatto \u00a9 Giulia Papetti&#8221; social_icon_1=&#8221;fa fa-globe&#8221; social_link_1=&#8221;http:\/\/kundkwien.com\/artist\/41\/&#8221;][\/team_member][\/vc_column_inner][\/vc_row_inner][vc_row_inner column_margin=&#8221;none&#8221; column_direction=&#8221;default&#8221; column_direction_tablet=&#8221;default&#8221; column_direction_phone=&#8221;default&#8221; text_align=&#8221;left&#8221; row_position=&#8221;default&#8221; row_position_tablet=&#8221;inherit&#8221; row_position_phone=&#8221;inherit&#8221; overflow=&#8221;visible&#8221; pointer_events=&#8221;all&#8221;][vc_column_inner column_padding=&#8221;no-extra-padding&#8221; column_padding_tablet=&#8221;inherit&#8221; column_padding_phone=&#8221;inherit&#8221; column_padding_position=&#8221;all&#8221; column_element_direction_desktop=&#8221;default&#8221; column_element_spacing=&#8221;default&#8221; desktop_text_alignment=&#8221;default&#8221; tablet_text_alignment=&#8221;default&#8221; phone_text_alignment=&#8221;default&#8221; background_color_opacity=&#8221;1&#8243; background_hover_color_opacity=&#8221;1&#8243; column_backdrop_filter=&#8221;none&#8221; column_shadow=&#8221;none&#8221; column_border_radius=&#8221;none&#8221; column_link_target=&#8221;_self&#8221; overflow=&#8221;visible&#8221; gradient_direction=&#8221;left_to_right&#8221; overlay_strength=&#8221;0.3&#8243; width=&#8221;1\/3&#8243; tablet_width_inherit=&#8221;default&#8221; animation_type=&#8221;default&#8221; enable_animation=&#8221;true&#8221; animation=&#8221;grow-in&#8221; animation_easing=&#8221;default&#8221; bg_image_animation=&#8221;none&#8221; border_type=&#8221;simple&#8221; column_border_width=&#8221;none&#8221; column_border_style=&#8221;solid&#8221;][team_member image_url=&#8221;6490&#8243; bio_image_url=&#8221;6649&#8243; team_memeber_style=&#8221;bio_fullscreen&#8221; image_loading=&#8221;default&#8221; team_member_bio_full_html=&#8221;simple&#8221; name=&#8221;Rosario Conte&#8221; job_position=&#8221;Theorbo&#8221; team_member_bio=&#8221;Rosario Conte was born 1966 in Taranto (Italy). He studied baroque guitar,<br \/>\nlute, theorbo and basso continuo at the N. Piccinni Conservatoire in Bari<br \/>\nand received his diplomas in guitar and lute with the highest distinction.<br \/>\nFrom 2002 to 2004, he studied with Hopkinson Smith at the Schola Cantorum<br \/>\nBasiliensis (CH), and he has since lived in Basel.<br \/>\nIn addition to an active career as a solo musician, he<br \/>\nalso participates in a number of different ensembles<br \/>\nand orchestras which specialize in performance<br \/>\nusing period instruments, such as the Orchestern La<br \/>\nLyra di Amphione, La Confraternita de Musici, Accademia<br \/>\nBizantina, Kammerorchester Basel barock, Freiburger<br \/>\nBarockorchester, dem Z\u00fcrcher Barockorchster<br \/>\nMusica Inaudita, L\u2019Amoroso, dem Baltasar Neumann<br \/>\nEnsemble and the Ensemble La Tempesta. He also regularly<br \/>\nperforms at a number of Early Music Festivals.<br \/>\nRosario Conte has recorded for various major record<br \/>\nlabels, including Deutsche Grammophon and Sony,<br \/>\nas well as for numerous radio stations. He released<br \/>\na Baroque solo guitar album titled \u2018Une Larme\u2019 and<br \/>\na solo-arch lute album, \u201aPiccini\u2018, with the label Carpe<br \/>\nDiem. Since 2007 he has been lute, theorbo, baroque<br \/>\nguitar and basso continuo teacher at the N. Piccinni<br \/>\nConservatoire in Bari. He began his musical education<br \/>\nby studying the violin and guitar, before later turning<br \/>\nhis attention to plucked period instruments and<br \/>\nhistorically informed performance. He performs with<br \/>\ndirectors and musicians such as Stefano Montanari,<br \/>\nGiuliano Carmignola, Ottavio Dantone, Cecilia Bartoli,<br \/>\nGuido Balestracci and Thomas Hengelbrock.&#8221;][\/team_member][\/vc_column_inner][vc_column_inner column_padding=&#8221;no-extra-padding&#8221; column_padding_tablet=&#8221;inherit&#8221; column_padding_phone=&#8221;inherit&#8221; column_padding_position=&#8221;all&#8221; column_element_direction_desktop=&#8221;default&#8221; column_element_spacing=&#8221;default&#8221; desktop_text_alignment=&#8221;default&#8221; tablet_text_alignment=&#8221;default&#8221; phone_text_alignment=&#8221;default&#8221; background_color_opacity=&#8221;1&#8243; background_hover_color_opacity=&#8221;1&#8243; column_backdrop_filter=&#8221;none&#8221; column_shadow=&#8221;none&#8221; column_border_radius=&#8221;none&#8221; column_link_target=&#8221;_self&#8221; overflow=&#8221;visible&#8221; gradient_direction=&#8221;left_to_right&#8221; overlay_strength=&#8221;0.3&#8243; width=&#8221;1\/3&#8243; tablet_width_inherit=&#8221;default&#8221; animation_type=&#8221;default&#8221; enable_animation=&#8221;true&#8221; animation=&#8221;grow-in&#8221; animation_easing=&#8221;default&#8221; bg_image_animation=&#8221;none&#8221; border_type=&#8221;simple&#8221; column_border_width=&#8221;none&#8221; column_border_style=&#8221;solid&#8221;][team_member image_url=&#8221;6506&#8243; bio_image_url=&#8221;6660&#8243; team_memeber_style=&#8221;bio_fullscreen&#8221; image_loading=&#8221;default&#8221; team_member_bio_full_html=&#8221;simple&#8221; name=&#8221;`1607. ensemble for early &amp; new music'&#8221; job_position=&#8221;`favola in musica. alte neue musik`&#8221; team_member_bio=&#8221;Founded by Maria Weiss, the ensemble plays music on original instruments with long-standing musical friends and colleagues. The intention: to fulfil the highest artistic demands by exploring the existential layers of works in search of a distinctive musical language.<\/p>\n<p>Cast for &#8216;favola in musica&#8217;:<br \/>\nMaria Weiss, mezzo soprano &amp; CEO<br \/>\nWolfgang Mitterer, composition &amp; electronics\u2800\u2800\u2800\u2800\u2800<br \/>\nRosario Conte, theorbo<br \/>\nMarco Frezatto, Gy\u00f6ngy Er\u00f6di, cello\u2800\u2800\u2800\u2800\u2800\u2800\u2800\u2800\u2800<\/p>\n<p>favolainmusica.com&#8221;][\/team_member][\/vc_column_inner][vc_column_inner column_padding=&#8221;no-extra-padding&#8221; column_padding_tablet=&#8221;inherit&#8221; column_padding_phone=&#8221;inherit&#8221; column_padding_position=&#8221;all&#8221; column_element_direction_desktop=&#8221;default&#8221; column_element_spacing=&#8221;default&#8221; desktop_text_alignment=&#8221;default&#8221; tablet_text_alignment=&#8221;default&#8221; phone_text_alignment=&#8221;default&#8221; background_color_opacity=&#8221;1&#8243; background_hover_color_opacity=&#8221;1&#8243; column_backdrop_filter=&#8221;none&#8221; column_shadow=&#8221;none&#8221; column_border_radius=&#8221;none&#8221; column_link_target=&#8221;_self&#8221; overflow=&#8221;visible&#8221; gradient_direction=&#8221;left_to_right&#8221; overlay_strength=&#8221;0.3&#8243; width=&#8221;1\/3&#8243; tablet_width_inherit=&#8221;default&#8221; animation_type=&#8221;default&#8221; enable_animation=&#8221;true&#8221; animation=&#8221;grow-in&#8221; animation_easing=&#8221;default&#8221; bg_image_animation=&#8221;none&#8221; border_type=&#8221;simple&#8221; column_border_width=&#8221;none&#8221; column_border_style=&#8221;solid&#8221;][team_member image_url=&#8221;6662&#8243; bio_image_url=&#8221;6631&#8243; team_memeber_style=&#8221;bio_fullscreen&#8221; image_loading=&#8221;default&#8221; team_member_bio_full_html=&#8221;simple&#8221; name=&#8221;Gy\u00f6ngy Er\u00f6di&#8221; job_position=&#8221;Baroque Cello&#8221; team_member_bio=&#8221;Hungarian-born Gy\u00f6ngy Er\u00f6di appears regularly as a<br \/>\ncellist\/principal\/continuo player throughout Europe,<br \/>\nthe British Isles and the United States with ensembles<br \/>\nsuch as I Fagiolini, The English Concert, Gabrieli Consort<br \/>\n&amp; Players, Dresdner Barockorchester, Concerto Cologne,<br \/>\nL\u2019Arpa Festante Munich, Orchestra Solamente Naturale<br \/>\nBratislava, Ensemble Inegal Prague, Concerto Palatino,<br \/>\nHofkapelle M\u00fcnchen, American Opera Theater, Les Recreations<br \/>\nParis, the European Union Baroque Orchestra, Moderntimes_<br \/>\n1800, Seraphic Fire Miami, Orchestra of New<br \/>\nSpain, Dallas Bach Society and others. She is heard on<br \/>\nrecordings of the Bavarian Radio, the ORF Austria, and on<br \/>\nlabels such as Challenge Classics, Virgin Classics, OHMS<br \/>\nClassics and Raumklang. She has performed in concert<br \/>\nhalls on both continents, including Carnegie Hall in New<br \/>\nYork, Concertgebouw Amsterdam, Musikverein Vienna,<br \/>\nSalle Gaveau Paris, Waldstein Palace Prague, Grande Auditorio<br \/>\nLisboa, Spitalfields London, Alte Oper Frankfurt<br \/>\nand the National Gallery Washington DC. Gy\u00f6ngy won<br \/>\nseveral prizes on competitions, a. o. for the best continuo<br \/>\nplaying and chamber music at the Telemann International<br \/>\nCompetition Magdeburg, the York Early Music<br \/>\nFestival, 1st prize at the International Graun Competition,<br \/>\nand 2nd prize on the prestigious Musica Antiqua<br \/>\nVlaanderen International Competition in Bruges. She is<br \/>\na founding member of many chamber music ensembles,<br \/>\nplaying repertoire ranging from the sixteenth until the<br \/>\nnineteenth century. Among these is the Harmony of Nations<br \/>\nBaroque Orchestra, whose first CD release in 2008<br \/>\nreceived much praise in the press. A versatile musician,<br \/>\nGy\u00f6ngy was trained in choir conducting, music theory<br \/>\nand piano at the acclaimed Ferenc Liszt Conservatory<br \/>\nin Budapest and moved to Germany to study modern violoncello<br \/>\nwith Annemarie Spengler, baroque cello with<br \/>\nJaap ter Linden and harpsichord with Glen Wilson at the<br \/>\nHochschule f\u00fcr Musik W\u00fcrzburg. In 2005, she moved to<br \/>\nthe USA, to attain a double master\u2018s degree in cello performance<br \/>\nand musicology.<br \/>\nSince 2010 she has lived in Germany.<\/p>\n<p>Photograph Gy\u00f6rgy Er\u00f6di \u00a9 Moritz Schell&#8221; social_icon_1=&#8221;fa fa-globe&#8221; social_link_1=&#8221;https:\/\/carpediemrecordsberlin.bandcamp.com\/album\/j-s-bach-cello-suites-i-ii-v&#8221;][\/team_member][\/vc_column_inner][\/vc_row_inner][vc_row_inner column_margin=&#8221;none&#8221; column_direction=&#8221;default&#8221; column_direction_tablet=&#8221;default&#8221; column_direction_phone=&#8221;default&#8221; text_align=&#8221;left&#8221; row_position=&#8221;default&#8221; row_position_tablet=&#8221;inherit&#8221; row_position_phone=&#8221;inherit&#8221; overflow=&#8221;visible&#8221; pointer_events=&#8221;all&#8221;][vc_column_inner column_padding=&#8221;no-extra-padding&#8221; column_padding_tablet=&#8221;inherit&#8221; column_padding_phone=&#8221;inherit&#8221; column_padding_position=&#8221;all&#8221; column_element_direction_desktop=&#8221;default&#8221; column_element_spacing=&#8221;default&#8221; desktop_text_alignment=&#8221;default&#8221; tablet_text_alignment=&#8221;default&#8221; phone_text_alignment=&#8221;default&#8221; background_color_opacity=&#8221;1&#8243; background_hover_color_opacity=&#8221;1&#8243; column_backdrop_filter=&#8221;none&#8221; column_shadow=&#8221;none&#8221; column_border_radius=&#8221;none&#8221; column_link_target=&#8221;_self&#8221; overflow=&#8221;visible&#8221; gradient_direction=&#8221;left_to_right&#8221; overlay_strength=&#8221;0.3&#8243; width=&#8221;1\/3&#8243; tablet_width_inherit=&#8221;default&#8221; animation_type=&#8221;default&#8221; enable_animation=&#8221;true&#8221; animation=&#8221;grow-in&#8221; animation_easing=&#8221;default&#8221; bg_image_animation=&#8221;none&#8221; border_type=&#8221;simple&#8221; column_border_width=&#8221;none&#8221; column_border_style=&#8221;solid&#8221;][team_member image_url=&#8221;6464&#8243; bio_image_url=&#8221;6464&#8243; team_memeber_style=&#8221;bio_fullscreen&#8221; image_loading=&#8221;default&#8221; team_member_bio_full_html=&#8221;simple&#8221; name=&#8221;Antonio Mart\u00edn Moreno&#8221; job_position=&#8221;Musicologist&#8221; team_member_bio=&#8221;(Granada, Spain, born 1948) Professor of music history, Director<br \/>\nof the Department of Music History and Musicology, as well as<br \/>\ncourse leader of the M\u00e1ster de Patrimonio Musical (master\u2019s<br \/>\nprogramme for musical heritage) at the University of Granada.<br \/>\nAntonio Mart\u00edn Moreno has won the Premio Extraordinario de<br \/>\nDoctorado, the Primer Premio Nacional de Investigaci\u00f3n Musical<br \/>\nof the Ministry of Education and Science in Spain (1975) and<br \/>\nDirector of the Festival Internacional de y Danza de Granada<br \/>\n(1984-1987) and Director of the Cursos Internacionales Manuel<br \/>\nde Falla of the same festival (1985-1995). He is Corresponding<br \/>\nMember of the Royal Academy of Fine Arts San Fernando (Madrid)<br \/>\nand the Academy of Fine Arts Sant Jordi (Barcelona). As<br \/>\nwell as scientific articles about Spanish music and musicians,<br \/>\nhe has also written numerous books, in particular: El Padre<br \/>\nFeijoo y las Ideolog\u00edas Musicales del XVIII en Espa\u00f1a (1976) ;<br \/>\nLa M\u00fasica del Barroco (1977); Monograf\u00eda de Hilari\u00f3n Eslava<br \/>\n(1978); Sebasti\u00e1n Dur\u00f3n, Jos\u00e9 de Ca\u00f1izares: Salir el Amor del<br \/>\nMundo, zarzuela en dos jornadas del siglo XVII (1979); Historia<br \/>\nde la M\u00fasica andaluza (1985); La M\u00fasica en Granada (1993); La<br \/>\nM\u00fasica Espa\u00f1ola del Renacimiento (1999); Cat\u00e1logo del Archivo<br \/>\nde M\u00fasica de la Catedral de M\u00e1laga (2003); Sebasti\u00e1n Dur\u00f3n \u2013<br \/>\nF. de Bances Candamo: El Imposible mayor en amor, le vence<br \/>\nAmor (2005); La catedral de Granada y la M\u00fasica (2005); Historia<br \/>\nde la M\u00fasica Espa\u00f1ola: Siglo XVIII (1985); Sebasti\u00e1n Dur\u00f3n:<br \/>\n\u00d3pera deducida de la Guerra de los Gigantes (2007); Sebasti\u00e1n<br \/>\nDur\u00f3n (1660-1716) y la m\u00fasica de su tiempo (2011). His interest<br \/>\nin the Spanish composer Sebasti\u00e1n Dur\u00f3n dates back to<br \/>\nthe 1970s. At this time, Dur\u00f3n was mentioned only in critical<br \/>\nreferences by the Benedictine monk Benito Jer\u00f3nimo Feijoo y<br \/>\nMontenegro (1676-1764) in his work \u201eTeatro cr\u00edtico universal o<br \/>\ndiscursos vario en todo g\u00e9nero de materias para desenga\u00f1o<br \/>\nde errores comunes\u201c (1726, vol. I, Discourse XIV \u201aM\u00fasica de los<br \/>\nTemplos\u2019) as the person responsible for introducing the Italian style into Spanish sacred music.<\/p>\n<p>Photograph \u00a9 Antonio Mart\u00edn Moreno&#8221; social_icon_1=&#8221;fa fa-globe&#8221; social_link_1=&#8221;https:\/\/grados.ugr.es\/musica\/pages\/infoacademica\/profesorado\/dr-antonio-martin-moreno&#8221;][\/team_member][\/vc_column_inner][vc_column_inner column_padding=&#8221;no-extra-padding&#8221; column_padding_tablet=&#8221;inherit&#8221; column_padding_phone=&#8221;inherit&#8221; column_padding_position=&#8221;all&#8221; column_element_direction_desktop=&#8221;default&#8221; column_element_spacing=&#8221;default&#8221; desktop_text_alignment=&#8221;default&#8221; tablet_text_alignment=&#8221;default&#8221; phone_text_alignment=&#8221;default&#8221; background_color_opacity=&#8221;1&#8243; background_hover_color_opacity=&#8221;1&#8243; column_backdrop_filter=&#8221;none&#8221; column_shadow=&#8221;none&#8221; column_border_radius=&#8221;none&#8221; column_link_target=&#8221;_self&#8221; overflow=&#8221;visible&#8221; gradient_direction=&#8221;left_to_right&#8221; overlay_strength=&#8221;0.3&#8243; width=&#8221;1\/3&#8243; tablet_width_inherit=&#8221;default&#8221; animation_type=&#8221;default&#8221; enable_animation=&#8221;true&#8221; animation=&#8221;grow-in&#8221; animation_easing=&#8221;default&#8221; bg_image_animation=&#8221;none&#8221; border_type=&#8221;simple&#8221; column_border_width=&#8221;none&#8221; column_border_style=&#8221;solid&#8221;][team_member image_url=&#8221;6655&#8243; bio_image_url=&#8221;6468&#8243; team_memeber_style=&#8221;bio_fullscreen&#8221; image_loading=&#8221;default&#8221; team_member_bio_full_html=&#8221;simple&#8221; name=&#8221;Marko Deisinger&#8221; job_position=&#8221;Musicologist&#8221; team_member_bio=&#8221;After graduating from what is now the Ingeborg-Bachmann-Gymnasium, Marko Deisinger (b. 1971) studied history at the University of Klagenfurt. His thesis, which he presented in 2001, focuses on the Second Viennese School. From 1995 to 1999 he received lessons in jazz and classical percussion at the Carinthian State Conservatory. His keen interest in music history led him to the University of Vienna in 1999, where he studied musicology. In 2004 he earned his doctorate with a thesis on the Viennese court conductor Giuseppe Tricarico (1623\u20131697). During his doctoral studies he also completed the course in composition according to Heinrich Schenker at the University of Music and Performing Arts Vienna.<\/p>\n<p>Having finished his PhD, Deisinger received two research grants from the Federal Ministry of Education, Science and Culture at the Historical Institute at the Austrian Cultural Forum in Rome. From 2005 to 2007 he studied in Italy, where he carried on with the theme of his dissertation by contributing to research into the musical and cultural relationships between Italy and the imperial city of Vienna in the Baroque period.<\/p>\n<p>From 2007 to 2010 Deisinger was a research assistant on a project called Heinrich Schenker, Diaries 1918\u20131925: Annotated Edition with Professor Martin Eybl at the University of Music and Performing Arts Vienna. He then collaborated with Professor William Drabkin, who is based at the University of Southampton (UK), on Heinrich Schenker as Theorist, Teacher and Correspondent, 1925\u20131930. From 2014 to 2017 Deisinger was involved in Heinrich Schenker, Diaries 1912\u20131914 and 1931\u20131935: Annotated Edition, another project at the Vienna University of Music. Since 2019 he has been leading Heinrich Schenker, Diaries 1915\u20131919: Annotated Edition.<\/p>\n<p>All four of those projects were developed in collaboration with Prof. Ian Bent, who co-ordinated the international edition of Schenker Documents Online (SDO), as part of which Deisinger transcribed and annotated Schenker\u2019s diaries dating from 1912 to 1935 (www.schenkerdocumentsonline.org).<\/p>\n<p>From 2010 to 2016 Deisinger lectured in music history at the University of Music and Performing Arts Vienna and has taught at adult education centres since 2013, giving lectures on music history and leading courses in music theory. His busy lecturing schedule has taken him to several Austrian cities, as well as Bolzano, Middelburg, Detmold, Freiburg im Breisgau, Rome, Gallipoli, London, Nashville and New York. Deisinger is the author of numerous publications on the history of music in the Baroque era.<\/p>\n<p>Marko Deisinger in the main reading room of the library of the University of Vienna | Photograph \u00a9 Maria Weiss&#8221;][\/team_member][\/vc_column_inner][vc_column_inner column_padding=&#8221;no-extra-padding&#8221; column_padding_tablet=&#8221;inherit&#8221; column_padding_phone=&#8221;inherit&#8221; column_padding_position=&#8221;all&#8221; column_element_direction_desktop=&#8221;default&#8221; column_element_spacing=&#8221;default&#8221; desktop_text_alignment=&#8221;default&#8221; tablet_text_alignment=&#8221;default&#8221; phone_text_alignment=&#8221;default&#8221; background_color_opacity=&#8221;1&#8243; background_hover_color_opacity=&#8221;1&#8243; column_backdrop_filter=&#8221;none&#8221; column_shadow=&#8221;none&#8221; column_border_radius=&#8221;none&#8221; column_link_target=&#8221;_self&#8221; overflow=&#8221;visible&#8221; gradient_direction=&#8221;left_to_right&#8221; overlay_strength=&#8221;0.3&#8243; width=&#8221;1\/3&#8243; tablet_width_inherit=&#8221;default&#8221; animation_type=&#8221;default&#8221; enable_animation=&#8221;true&#8221; animation=&#8221;grow-in&#8221; animation_easing=&#8221;default&#8221; bg_image_animation=&#8221;none&#8221; border_type=&#8221;simple&#8221; column_border_width=&#8221;none&#8221; column_border_style=&#8221;solid&#8221;][team_member image_url=&#8221;6467&#8243; bio_image_url=&#8221;6467&#8243; team_memeber_style=&#8221;bio_fullscreen&#8221; image_loading=&#8221;default&#8221; team_member_bio_full_html=&#8221;simple&#8221; name=&#8221;Doris Weberberger&#8221; job_position=&#8221;Musicologist&#8221; team_member_bio=&#8221;Doris Weberberger studied musicology at the University of Vienna, where she specialised in new music and wrote her thesis on Wolfgang Mitterer and his mini opera for children, Das tapfere Schneiderlein (Brave Little Tailor).<\/p>\n<p>During her studies she took seminars in cultural management at the Institute for Cultural Management (part of the University of Music and Performing Arts Vienna) and the Institute for Cultural Concepts.<\/p>\n<p>In 2006 she began working for the \u00d6sterreichische Musikzeitschrift (an Austrian music magazine) as a freelance editor, and from 2011 to 2014 she had a position in the editorial department. Since 2012 she has been responsible for new music and music education at mica \u2013 music austria, where she takes care of the website, organises conferences and networking events, and looks after other projects that support new music, some of which are international.<\/p>\n<p>She has written texts for the Wiener Konzerthaus, the Grafenegg festival, the neue musikzeitung and the Rainy Days music festival. As part of her teaching activities at the Institute of Musicology (part of the University of Vienna), she has given classes in writing about music.<\/p>\n<p>Doris Weberberger | Photograph \u00a9 Maria Weiss in the Butterfly House, Vienna&#8221; social_icon_1=&#8221;fa fa-globe&#8221; social_link_1=&#8221;https:\/\/www.musicaustria.at\/team\/doris-weberberger\/&#8221;][\/team_member][\/vc_column_inner][\/vc_row_inner][vc_row_inner column_margin=&#8221;none&#8221; column_direction=&#8221;default&#8221; column_direction_tablet=&#8221;default&#8221; column_direction_phone=&#8221;default&#8221; text_align=&#8221;left&#8221; row_position=&#8221;default&#8221; row_position_tablet=&#8221;inherit&#8221; row_position_phone=&#8221;inherit&#8221; overflow=&#8221;visible&#8221; pointer_events=&#8221;all&#8221;][vc_column_inner column_padding=&#8221;no-extra-padding&#8221; column_padding_tablet=&#8221;inherit&#8221; column_padding_phone=&#8221;inherit&#8221; column_padding_position=&#8221;all&#8221; column_element_direction_desktop=&#8221;default&#8221; column_element_spacing=&#8221;default&#8221; desktop_text_alignment=&#8221;default&#8221; tablet_text_alignment=&#8221;default&#8221; phone_text_alignment=&#8221;default&#8221; background_color_opacity=&#8221;1&#8243; background_hover_color_opacity=&#8221;1&#8243; column_backdrop_filter=&#8221;none&#8221; column_shadow=&#8221;none&#8221; column_border_radius=&#8221;none&#8221; column_link_target=&#8221;_self&#8221; overflow=&#8221;visible&#8221; gradient_direction=&#8221;left_to_right&#8221; overlay_strength=&#8221;0.3&#8243; width=&#8221;1\/3&#8243; tablet_width_inherit=&#8221;default&#8221; animation_type=&#8221;default&#8221; enable_animation=&#8221;true&#8221; animation=&#8221;grow-in&#8221; animation_easing=&#8221;default&#8221; bg_image_animation=&#8221;none&#8221; border_type=&#8221;simple&#8221; column_border_width=&#8221;none&#8221; column_border_style=&#8221;solid&#8221;][team_member image_url=&#8221;6514&#8243; team_memeber_style=&#8221;bio_fullscreen&#8221; image_loading=&#8221;default&#8221; team_member_bio_full_html=&#8221;simple&#8221; name=&#8221;Moritz Schell&#8221; job_position=&#8221;Photography&#8221; social_icon_1=&#8221;fa fa-globe&#8221; social_link_1=&#8221;http:\/\/www.moritzschell.com&#8221;][\/team_member][\/vc_column_inner][vc_column_inner column_padding=&#8221;no-extra-padding&#8221; column_padding_tablet=&#8221;inherit&#8221; column_padding_phone=&#8221;inherit&#8221; column_padding_position=&#8221;all&#8221; column_element_direction_desktop=&#8221;default&#8221; column_element_spacing=&#8221;default&#8221; desktop_text_alignment=&#8221;default&#8221; tablet_text_alignment=&#8221;default&#8221; phone_text_alignment=&#8221;default&#8221; background_color_opacity=&#8221;1&#8243; background_hover_color_opacity=&#8221;1&#8243; column_backdrop_filter=&#8221;none&#8221; column_shadow=&#8221;none&#8221; column_border_radius=&#8221;none&#8221; column_link_target=&#8221;_self&#8221; overflow=&#8221;visible&#8221; gradient_direction=&#8221;left_to_right&#8221; overlay_strength=&#8221;0.3&#8243; width=&#8221;1\/3&#8243; tablet_width_inherit=&#8221;default&#8221; animation_type=&#8221;default&#8221; enable_animation=&#8221;true&#8221; animation=&#8221;grow-in&#8221; animation_easing=&#8221;default&#8221; bg_image_animation=&#8221;none&#8221; border_type=&#8221;simple&#8221; column_border_width=&#8221;none&#8221; column_border_style=&#8221;solid&#8221;][team_member image_url=&#8221;6481&#8243; bio_image_url=&#8221;6481&#8243; team_memeber_style=&#8221;bio_fullscreen&#8221; image_loading=&#8221;default&#8221; team_member_bio_full_html=&#8221;simple&#8221; name=&#8221;silent tapes&#8221; job_position=&#8221;Music video&#8221; team_member_bio=&#8221;silent tapes are husband and wife duo Stephanie and Francis Lane, who combine their pas- sion for art and philanthropy to make an impact on the lives of those who need it most,<br \/>\nand give hope through their<br \/>\nart. Their 50 Kids 50 Cameras project, which provided a fi- ve-week photography workshop to children living in the favelas of Brazil, was featured on MTV Brazil, and silent tapes\u2018 work has previously been featured<br \/>\nin various magazines and news publications worldwide. They have also directed music videos for several different artists, and will release their first documen- tary for the 50 Kids 50 Cameras project in Fall 2014.&#8221; social_icon_1=&#8221;fa fa-globe&#8221; social_link_1=&#8221;http:\/\/silenttapesfilms.com&#8221; social_icon_2=&#8221;fa fa-instagram&#8221; social_link_2=&#8221;https:\/\/www.instagram.com\/silenttapes\/&#8221;][\/team_member][\/vc_column_inner][vc_column_inner column_padding=&#8221;no-extra-padding&#8221; column_padding_tablet=&#8221;inherit&#8221; column_padding_phone=&#8221;inherit&#8221; column_padding_position=&#8221;all&#8221; column_element_direction_desktop=&#8221;default&#8221; column_element_spacing=&#8221;default&#8221; desktop_text_alignment=&#8221;default&#8221; tablet_text_alignment=&#8221;default&#8221; phone_text_alignment=&#8221;default&#8221; background_color_opacity=&#8221;1&#8243; background_hover_color_opacity=&#8221;1&#8243; column_backdrop_filter=&#8221;none&#8221; column_shadow=&#8221;none&#8221; column_border_radius=&#8221;none&#8221; column_link_target=&#8221;_self&#8221; overflow=&#8221;visible&#8221; gradient_direction=&#8221;left_to_right&#8221; overlay_strength=&#8221;0.3&#8243; width=&#8221;1\/3&#8243; tablet_width_inherit=&#8221;default&#8221; animation_type=&#8221;default&#8221; enable_animation=&#8221;true&#8221; animation=&#8221;grow-in&#8221; animation_easing=&#8221;default&#8221; bg_image_animation=&#8221;none&#8221; border_type=&#8221;simple&#8221; column_border_width=&#8221;none&#8221; column_border_style=&#8221;solid&#8221;][team_member image_url=&#8221;6461&#8243; bio_image_url=&#8221;6461&#8243; team_memeber_style=&#8221;bio_fullscreen&#8221; image_loading=&#8221;default&#8221; team_member_bio_full_html=&#8221;simple&#8221; name=&#8221;Alexander Moore&#8221; job_position=&#8221;Musicologist&#8221; team_member_bio=&#8221;Alexander Moore grew up in a music-loving family with Austrian and US-American roots in his home city of Vienna. He first studied musicology and soon moved to the University of Music and Performing Arts Vienna, where he studied classical guitar, piano and music history. In 1998 he was a founding member of Radio Klassik Stephansdom and worked there for three years as a presenter and music editor. From 2001 he headed the press office of Graz Opera and the Graz Next Liberty children&#8217;s and youth theatre.<\/p>\n<p>After graduating in 2006 and training in cultural management at the Institute for Cultural Concepts in Vienna, he took his first theatre directing position at Playhouse Derry (Northern Ireland) as part of a trainee programme. He then went to the Brucknerhaus Linz, where he oversaw several programme series (including chamber music, vocal music and literature) and directed a production of Six Tales of Time for the Linz Klangwolke, a multimedia musical event.<\/p>\n<p>From 2007 to 2014 Alexander Moore was a dramaturge and editor at the Tonk\u00fcnstler Orchestra and the Grafenegg festival. In this capacity, he presented concerts at the Wiener Musikverein, introductory talks, and the Tonk\u00fcnstler programme on Radio Nieder\u00f6sterreich; in addition, he wrote numerous programme booklet contributions, magazine articles (for example in the \u00d6sterreichische Musikzeitschrift), CD booklets and the central music chapter in the illustrated book Grafenegg. Klang trifft Kulisse (2013, published by Residenz).<\/p>\n<p>In 2014 Alexander Moore was appointed Secretary General of Jeunesse Austria and led the organisation until the preliminary planning for the 2017\/2018 season. He initiated a programmatic turnaround for Jeunesse and founded the sponsorship programme for orchestra camps and the new brand identity. In 2014 Alexander Moore established the editorial office MusiConsulting, a network for print and media production, text design, moderation and dramaturgical research. MusiConsulting works for the Bamberg Symphony Orchestra, the Allegro Vivo chamber music festival, the Festspielhaus St. P\u00f6lten, the Brucknerhaus Linz, the Grafenegg festival, the Tonk\u00fcnstler Orchestra and the Salzburger Kulturvereinigung, among others. In 2018 Alexander Moore wrote the anniversary volume Klang verbindet (Kremayr &amp; Scheriau) for Allegro Vivo. He returned to writing booklet texts for the early music bird CD by singer Maria Weiss.<\/p>\n<p>Alexander Moore | Das Buchkontor Wien | Photograph \u00a9 Maria Weiss&#8221; social_icon_1=&#8221;fa fa-globe&#8221; social_link_1=&#8221;https:\/\/musiconsulting.cc&#8221;][\/team_member][\/vc_column_inner][\/vc_row_inner][vc_row_inner column_margin=&#8221;none&#8221; column_direction=&#8221;default&#8221; column_direction_tablet=&#8221;default&#8221; column_direction_phone=&#8221;default&#8221; text_align=&#8221;left&#8221; row_position=&#8221;default&#8221; row_position_tablet=&#8221;inherit&#8221; row_position_phone=&#8221;inherit&#8221; overflow=&#8221;visible&#8221; pointer_events=&#8221;all&#8221;][vc_column_inner column_padding=&#8221;no-extra-padding&#8221; column_padding_tablet=&#8221;inherit&#8221; column_padding_phone=&#8221;inherit&#8221; column_padding_position=&#8221;all&#8221; column_element_direction_desktop=&#8221;default&#8221; column_element_spacing=&#8221;default&#8221; desktop_text_alignment=&#8221;default&#8221; tablet_text_alignment=&#8221;default&#8221; phone_text_alignment=&#8221;default&#8221; background_color_opacity=&#8221;1&#8243; background_hover_color_opacity=&#8221;1&#8243; column_backdrop_filter=&#8221;none&#8221; column_shadow=&#8221;none&#8221; column_border_radius=&#8221;none&#8221; column_link_target=&#8221;_self&#8221; overflow=&#8221;visible&#8221; gradient_direction=&#8221;left_to_right&#8221; overlay_strength=&#8221;0.3&#8243; width=&#8221;1\/3&#8243; tablet_width_inherit=&#8221;default&#8221; animation_type=&#8221;default&#8221; enable_animation=&#8221;true&#8221; animation=&#8221;grow-in&#8221; animation_easing=&#8221;default&#8221; bg_image_animation=&#8221;none&#8221; border_type=&#8221;simple&#8221; column_border_width=&#8221;none&#8221; column_border_style=&#8221;solid&#8221;][team_member image_url=&#8221;6477&#8243; bio_image_url=&#8221;6477&#8243; team_memeber_style=&#8221;bio_fullscreen&#8221; image_loading=&#8221;default&#8221; team_member_bio_full_html=&#8221;simple&#8221; name=&#8221;James Pearson&#8221; job_position=&#8221;Musical Coaching&#8221; social_icon_1=&#8221;fa fa-globe&#8221; social_link_1=&#8221;https:\/\/www.sn.at\/kultur\/kunst\/parsifal-erloeser-wurde-hinter-den-kulissen-gefunden-5060134&#8243; team_member_bio=&#8221;Professor James E. Pearson was born in Minneapolis (U.S.A.) in 1948 and received piano instruction from the age of nine.<br \/>\nFrom 1967 to 1971 he attended Columbia University in New York City, graduating with a Bachelor of Arts degree. From 1971 to 1974 he continued his studies in London, at the Royal College of Music and the London Opera Centre. Since 1974 he has worked as a repetiteur in several opera houses in Germany, Belgium and Austria: Coburg, Heidelberg, Mannheim, Frankfurt am Main, Brussels (Th\u00e9atre de la Monnaie) and, since September 1993, Vienna State Opera. He has been engaged as guest pianist and repetiteur for opera productions in Nice, Paris and Los Angeles and is also busy as a pianist for vocal recitals on three continents.<br \/>\nIn March 2015 the Austrian government awarded James E. Pearson the title Professor.&#8221;][\/team_member][\/vc_column_inner][vc_column_inner column_padding=&#8221;no-extra-padding&#8221; column_padding_tablet=&#8221;inherit&#8221; column_padding_phone=&#8221;inherit&#8221; column_padding_position=&#8221;all&#8221; column_element_direction_desktop=&#8221;default&#8221; column_element_spacing=&#8221;default&#8221; desktop_text_alignment=&#8221;default&#8221; tablet_text_alignment=&#8221;default&#8221; phone_text_alignment=&#8221;default&#8221; background_color_opacity=&#8221;1&#8243; background_hover_color_opacity=&#8221;1&#8243; column_backdrop_filter=&#8221;none&#8221; column_shadow=&#8221;none&#8221; column_border_radius=&#8221;none&#8221; column_link_target=&#8221;_self&#8221; overflow=&#8221;visible&#8221; gradient_direction=&#8221;left_to_right&#8221; overlay_strength=&#8221;0.3&#8243; width=&#8221;1\/3&#8243; tablet_width_inherit=&#8221;default&#8221; animation_type=&#8221;default&#8221; enable_animation=&#8221;true&#8221; animation=&#8221;grow-in&#8221; animation_easing=&#8221;default&#8221; bg_image_animation=&#8221;none&#8221; border_type=&#8221;simple&#8221; column_border_width=&#8221;none&#8221; column_border_style=&#8221;solid&#8221;][team_member image_url=&#8221;6629&#8243; bio_image_url=&#8221;6629&#8243; team_memeber_style=&#8221;bio_fullscreen&#8221; image_loading=&#8221;default&#8221; team_member_bio_full_html=&#8221;simple&#8221; name=&#8221;Glenys Linos&#8221; job_position=&#8221;Coaching Music &amp; Voice&#8221; team_member_bio=&#8221;Glenys Linos, the daughter of an Englishman and a Greek woman, was born Glenys Birch in Cairo in 1937 and died in Vienna in 2020. She grew up in Great Britain, where she also attended school. She received singing lessons from the famous opera singer Elvira de Hidalgo in Milan and later received vocal coaching from Dennis Hall in Bern. She performed under the name Glenys Loulis until 1974.<\/p>\n<p>As a member of the Zurich Opera ensemble, she sang Messagera in Monteverdi&#8217;s L&#8217;Orfeo (1978; musical direction: Nikolaus Harnoncourt, staging: Jean-Pierre Ponnelle), Countess Geschwitz in Lulu (1979 in the Swiss premiere of the version completed by Friedrich Cerha, directed by G\u00f6tz Friedrich), Charlotte in Werther`{`1`}` (1979, with Alfredo Kraus and Peter Dvorsky), Brang\u00e4ne in Tristan und Isolde (1980), Giulietta in The Tales of Hoffmann (premi\u00e8re 1980, directed by Hans Neugebauer, also with Alfredo Kraus as her partner).<\/p>\n<p>In Zurich, she also appeared in several seasons as Bizet&#8217;s Carmen (in Jean-Pierre Ponnelle&#8217;s production). In the course of her career, she sang this role over 200 times on various stages, including at the Op\u00e9ra de Paris in a series of performances at the Palais des Sports, at the Bavarian State Opera, the Deutsche Oper Berlin, in Bern, Cardiff and at other French theatres such as Toulouse (under Michel Plasson), Nancy (under Marc Soustrot), Orl\u00e9ans and with the ensemble of the Paris Opera (under Pierre Dervaux, with Guy Chauvet as Jos\u00e9) in a special performance in the bullring in Bayonne.<\/p>\n<p>In 1971 she made a guest appearance at the Bayreuth Festival and in 1978 at the Munich Opera Festival as the Nurse in the opera Die Frau ohne Schatten. In 1979, she sang Adriano in Richard Wagner&#8217;s early work Rienzi at the Wiesbaden State Theatre. Of her numerous international guest appearances, her performance as Baba the Turk in 1982 at the Maggio Musicale Fiorentino in Ken Russell&#8217;s production of Stravinsky&#8217;s Rake&#8217;s Progress is worth mentioning. From 1984 to 1986, she sang the mother role of Storge in a staged production of the oratorio Jephtha at the Salzburg Festival. In 1985, she appeared at the Op\u00e9ra National de Paris as Laura in the opera The Stone Guest by Alexander Sergeyevich Dargomyschski.<\/p>\n<p>In 1986, she took on the role of Genevi\u00e8ve in the opera Pell\u00e9as et M\u00e9lisande at La Scala in Milan. There is also a live recording of these performances under the musical direction of Claudio Abbado, which was later released on CD.<\/p>\n<p>As Leokadja Begbick in a new production of Kurt Weill&#8217;s opera Aufstieg und Fall der Stadt Mahagonny, she took her leave of the opera stage in 1992.<\/p>\n<p>After the end of her career, Linos worked intensively as a singing teacher and singing professor, first in Zurich and at the Royal Academy of Music in London in the 1990s, then in Vienna.<\/p>\n<p>Photograph of Glenys Linos \u00a9 Private Archive Evelyn Sch\u00f6rkhuber&#8221;](1979, with Alfredo Kraus and Peter Dvorsky), the Brang\u00e4ne in Tristan und Isolde (1980), the Giulietta in Hoffmanns Stories (premiere 1980, directed by Hans Neugebauer, also with Alfredo Kraus as a partner).<br \/>\nIn Zurich she also appeared as Bizet&#8217;s Carmen for several seasons (in Jean-Pierre Ponnelle&#8217;s production). She sang this role over 200 times in the course of her career at various stages, including at the Op\u00e9ra de Paris in a series of performances in the Palais des Sports, at the Bavarian State Opera, the Deutsche Oper Berlin, in Bern, Cardiff and at other French houses such as Toulouse (under Michel Plasson), Nancy (under Marc Soustrot), Orl\u00e9ans and with the Paris Opera Ensemble (under Pierre Dervaux, with Guy Chauvet as Jos\u00e9) in a special performance in the bullring in Bayonne.<br \/>\nIn 1971 she was a guest at the Bayreuth Festival, in 1978 at the Munich Opera Festival as a wet nurse in the opera Die Frau ohne Schatten. In 1979 she sang at the Staatstheater Wiesbaden as Adriano in Richard Wagner&#8217;s early work Rienzi. Of the numerous international guest appearances pars pro toto, her appearance as Baba the Turk in 1982 at the Maggio Musicale Fiorentino in Ken Russell&#8217;s production of Stravinsky&#8217;s Rake&#8217;s Progress should be mentioned. From 1984 to 1986 she sang the mother role of Storge in a scenic implementation of the oratorio Jephtha at the Salzburg Festival. In 1985 she appeared at the Op\u00e9ra National de Paris as Laura in the opera Der Steinerne Gast by Alexander Sergejewitsch Dargomyschski. In 1986 she took over the Genevi\u00e8ve in the opera Pell\u00e9as et M\u00e9lisande at La Scala in Milan. There is also a live recording of these performances under the musical direction of Claudio Abbado, which was later published on CD.<br \/>\nAs Leokadja Begbick in a new production of Kurt Weill&#8217;s opera Rise and Fall of the City of Mahagonny, she took her leave of the opera stage in 1992.<br \/>\nAfter the end of her career, Linos worked intensively as a singing teacher and professor, first in Zurich in the 1990s and at the Royal Academy of Music in London in London, then in Vienna.<br \/>\n&#8220;][\/team_member][\/vc_column_inner][vc_column_inner column_padding=&#8221;no-extra-padding&#8221; column_padding_tablet=&#8221;inherit&#8221; column_padding_phone=&#8221;inherit&#8221; column_padding_position=&#8221;all&#8221; column_element_direction_desktop=&#8221;default&#8221; column_element_spacing=&#8221;default&#8221; desktop_text_alignment=&#8221;default&#8221; tablet_text_alignment=&#8221;default&#8221; phone_text_alignment=&#8221;default&#8221; background_color_opacity=&#8221;1&#8243; background_hover_color_opacity=&#8221;1&#8243; column_backdrop_filter=&#8221;none&#8221; column_shadow=&#8221;none&#8221; column_border_radius=&#8221;none&#8221; column_link_target=&#8221;_self&#8221; overflow=&#8221;visible&#8221; gradient_direction=&#8221;left_to_right&#8221; overlay_strength=&#8221;0.3&#8243; width=&#8221;1\/3&#8243; tablet_width_inherit=&#8221;default&#8221; animation_type=&#8221;default&#8221; enable_animation=&#8221;true&#8221; animation=&#8221;grow-in&#8221; animation_easing=&#8221;default&#8221; bg_image_animation=&#8221;none&#8221; border_type=&#8221;simple&#8221; column_border_width=&#8221;none&#8221; column_border_style=&#8221;solid&#8221;][team_member image_url=&#8221;6514&#8243; team_memeber_style=&#8221;bio_fullscreen&#8221; image_loading=&#8221;default&#8221; team_member_bio_full_html=&#8221;simple&#8221; name=&#8221;Joe Schroecker&#8221; job_position=&#8221;Music Video&#8221; social_icon_1=&#8221;fa fa-globe&#8221; social_link_1=&#8221;http:\/\/joeschroecker.com\/#home&#8221;][\/team_member][\/vc_column_inner][\/vc_row_inner][vc_row_inner column_margin=&#8221;none&#8221; column_direction=&#8221;default&#8221; column_direction_tablet=&#8221;default&#8221; column_direction_phone=&#8221;default&#8221; text_align=&#8221;left&#8221; row_position=&#8221;default&#8221; row_position_tablet=&#8221;inherit&#8221; row_position_phone=&#8221;inherit&#8221; overflow=&#8221;visible&#8221; pointer_events=&#8221;all&#8221;][vc_column_inner column_padding=&#8221;no-extra-padding&#8221; column_padding_tablet=&#8221;inherit&#8221; column_padding_phone=&#8221;inherit&#8221; column_padding_position=&#8221;all&#8221; column_element_direction_desktop=&#8221;default&#8221; column_element_spacing=&#8221;default&#8221; desktop_text_alignment=&#8221;default&#8221; tablet_text_alignment=&#8221;default&#8221; phone_text_alignment=&#8221;default&#8221; background_color_opacity=&#8221;1&#8243; background_hover_color_opacity=&#8221;1&#8243; column_backdrop_filter=&#8221;none&#8221; column_shadow=&#8221;none&#8221; column_border_radius=&#8221;none&#8221; column_link_target=&#8221;_self&#8221; overflow=&#8221;visible&#8221; gradient_direction=&#8221;left_to_right&#8221; overlay_strength=&#8221;0.3&#8243; width=&#8221;1\/3&#8243; tablet_width_inherit=&#8221;default&#8221; animation_type=&#8221;default&#8221; enable_animation=&#8221;true&#8221; animation=&#8221;grow-in&#8221; animation_easing=&#8221;default&#8221; bg_image_animation=&#8221;none&#8221; border_type=&#8221;simple&#8221; column_border_width=&#8221;none&#8221; column_border_style=&#8221;solid&#8221;][team_member image_url=&#8221;6514&#8243; team_memeber_style=&#8221;bio_fullscreen&#8221; image_loading=&#8221;default&#8221; team_member_bio_full_html=&#8221;simple&#8221; name=&#8221;Antonie Schlegel&#8221; job_position=&#8221;Transcriptions Autographs&#8221; social_icon_1=&#8221;fa fa-globe&#8221; social_link_1=&#8221;https:\/\/zeder.org\/zeder\/antonie-schlegel\/&#8221; team_member_bio=&#8221;Professor James E. Pearson was born in Minneapolis (U.S.A.) in 1948 and received piano instruction from the age of nine.<br \/>\nFrom 1967 to 1971 he attended Columbia University in New York City, graduating with a Bachelor of Arts degree. From 1971 to 1974 he continued his studies in London, at the Royal College of Music and the London Opera Centre. Since 1974 he has worked as a repetiteur in several opera houses in Germany, Belgium and Austria: Coburg, Heidelberg, Mannheim, Frankfurt am Main, Brussels (Th\u00e9atre de la Monnaie) and, since September 1993, Vienna State Opera. He has been engaged as guest pianist and repetiteur for opera productions in Nice, Paris and Los Angeles and is also busy as a pianist for vocal recitals on three continents.<br \/>\nIn March 2015 the Austrian government awarded James E. Pearson the title Professor.&#8221;][\/team_member][\/vc_column_inner][vc_column_inner column_padding=&#8221;no-extra-padding&#8221; column_padding_tablet=&#8221;inherit&#8221; column_padding_phone=&#8221;inherit&#8221; column_padding_position=&#8221;all&#8221; column_element_direction_desktop=&#8221;default&#8221; column_element_spacing=&#8221;default&#8221; desktop_text_alignment=&#8221;default&#8221; tablet_text_alignment=&#8221;default&#8221; phone_text_alignment=&#8221;default&#8221; background_color_opacity=&#8221;1&#8243; background_hover_color_opacity=&#8221;1&#8243; column_backdrop_filter=&#8221;none&#8221; column_shadow=&#8221;none&#8221; column_border_radius=&#8221;none&#8221; column_link_target=&#8221;_self&#8221; overflow=&#8221;visible&#8221; gradient_direction=&#8221;left_to_right&#8221; overlay_strength=&#8221;0.3&#8243; width=&#8221;1\/3&#8243; tablet_width_inherit=&#8221;default&#8221; animation_type=&#8221;default&#8221; enable_animation=&#8221;true&#8221; animation=&#8221;grow-in&#8221; animation_easing=&#8221;default&#8221; bg_image_animation=&#8221;none&#8221; border_type=&#8221;simple&#8221; column_border_width=&#8221;none&#8221; column_border_style=&#8221;solid&#8221;][team_member image_url=&#8221;6470&#8243; bio_image_url=&#8221;6470&#8243; team_memeber_style=&#8221;bio_fullscreen&#8221; image_loading=&#8221;default&#8221; team_member_bio_full_html=&#8221;simple&#8221; name=&#8221;Esther Jo Steiner&#8221; job_position=&#8221;Translations English &#8211; German | Music video&#8221; team_member_bio=&#8221;I work as a filmmaker, montage and story artist in Vienna, Rome and London.<br \/>\nI was born in the Austrian Alpine region of Carinthia to an Austrian father and British mother. In the early nineties, I moved to London where I attended AFECT, a practical 16mm filmmaking course under the patronage of Mike Leigh. I concluded my film studies with a PhD in Feature Film Screenwriting at the Royal Holloway, University of London, under the supervision of Sue Clayton (\u201cThe Disappearance of Finbar\u201d) and Professor Mandy Merck.<br \/>\nIn addition to my own film projects, which have been funded by federal institutions such as the Bundeskanzleramt Austria (BKA), I have worked extensively as a video editor and post-production manager for TV, internet blogs and other creative projects and as a script consultant for feature films. I have also translated screenplays and created subtitles for major film and TV productions.<br \/>\nFilm as the language of overcoming and becoming has always fascinated me, while the depiction of women away from masculine tropes of female sexuality and victimhood has formed the crux of my work. Looking for empowering narratives in the here and now as well as the future and the past and interrogating human desires in fictional narratives and at the level of the cinematic image are my areas of specialization.&#8221; social_icon_1=&#8221;fa fa-globe&#8221; social_link_1=&#8221;https:\/\/ejsteiner.net&#8221; social_icon_2=&#8221;fa fa-film&#8221; social_link_2=&#8221;https:\/\/www.cinetop.at\/index.html&#8221;][\/team_member][\/vc_column_inner][vc_column_inner column_padding=&#8221;no-extra-padding&#8221; column_padding_tablet=&#8221;inherit&#8221; column_padding_phone=&#8221;inherit&#8221; column_padding_position=&#8221;all&#8221; column_element_direction_desktop=&#8221;default&#8221; column_element_spacing=&#8221;default&#8221; desktop_text_alignment=&#8221;default&#8221; tablet_text_alignment=&#8221;default&#8221; phone_text_alignment=&#8221;default&#8221; background_color_opacity=&#8221;1&#8243; background_hover_color_opacity=&#8221;1&#8243; column_backdrop_filter=&#8221;none&#8221; column_shadow=&#8221;none&#8221; column_border_radius=&#8221;none&#8221; column_link_target=&#8221;_self&#8221; overflow=&#8221;visible&#8221; gradient_direction=&#8221;left_to_right&#8221; overlay_strength=&#8221;0.3&#8243; width=&#8221;1\/3&#8243; tablet_width_inherit=&#8221;default&#8221; animation_type=&#8221;default&#8221; enable_animation=&#8221;true&#8221; animation=&#8221;grow-in&#8221; animation_easing=&#8221;default&#8221; bg_image_animation=&#8221;none&#8221; border_type=&#8221;simple&#8221; column_border_width=&#8221;none&#8221; column_border_style=&#8221;solid&#8221;][team_member image_url=&#8221;6480&#8243; bio_image_url=&#8221;6480&#8243; team_memeber_style=&#8221;bio_fullscreen&#8221; image_loading=&#8221;default&#8221; team_member_bio_full_html=&#8221;simple&#8221; name=&#8221;Jonas Niederstadt&#8221; job_position=&#8221;Balance Engineer, Mastering&#8221; social_icon_1=&#8221;fa fa-globe&#8221; social_link_1=&#8221;https:\/\/carpediemrecordsberlin.bandcamp.com&#8221; team_member_bio=&#8221;Jonas Niederstadt (*1981) is a music producer,<br \/>\nbalance engineer (Dipl.-Tonmeister)<br \/>\nand record label director.<br \/>\nHe studied musicology in Oldenburg<br \/>\n(Germany), Tonmeister\/Balance Engineering<br \/>\nin Detmold and some lute playing at<br \/>\nthe HfK Bremen.<br \/>\nIn 2008 he started his own company by<br \/>\ntaking over the label Carpe Diem from<br \/>\nhis professor T. G\u00f6rne. Since then, he has<br \/>\nrecorded and produced diverse styles of<br \/>\nmusic throughout Europe and beyond for<br \/>\nhis own label as well&#8221;][\/team_member][\/vc_column_inner][\/vc_row_inner][vc_row_inner column_margin=&#8221;none&#8221; column_direction=&#8221;default&#8221; column_direction_tablet=&#8221;default&#8221; column_direction_phone=&#8221;default&#8221; text_align=&#8221;left&#8221; row_position=&#8221;default&#8221; row_position_tablet=&#8221;inherit&#8221; row_position_phone=&#8221;inherit&#8221; overflow=&#8221;visible&#8221; pointer_events=&#8221;all&#8221;][vc_column_inner column_padding=&#8221;no-extra-padding&#8221; column_padding_tablet=&#8221;inherit&#8221; column_padding_phone=&#8221;inherit&#8221; column_padding_position=&#8221;all&#8221; column_element_direction_desktop=&#8221;default&#8221; column_element_spacing=&#8221;default&#8221; desktop_text_alignment=&#8221;default&#8221; tablet_text_alignment=&#8221;default&#8221; phone_text_alignment=&#8221;default&#8221; background_color_opacity=&#8221;1&#8243; background_hover_color_opacity=&#8221;1&#8243; column_backdrop_filter=&#8221;none&#8221; column_shadow=&#8221;none&#8221; column_border_radius=&#8221;none&#8221; column_link_target=&#8221;_self&#8221; overflow=&#8221;visible&#8221; gradient_direction=&#8221;left_to_right&#8221; overlay_strength=&#8221;0.3&#8243; width=&#8221;1\/3&#8243; tablet_width_inherit=&#8221;default&#8221; animation_type=&#8221;default&#8221; enable_animation=&#8221;true&#8221; animation=&#8221;grow-in&#8221; animation_easing=&#8221;default&#8221; bg_image_animation=&#8221;none&#8221; border_type=&#8221;simple&#8221; column_border_width=&#8221;none&#8221; column_border_style=&#8221;solid&#8221;][team_member image_url=&#8221;6469&#8243; bio_image_url=&#8221;6469&#8243; team_memeber_style=&#8221;bio_fullscreen&#8221; image_loading=&#8221;default&#8221; team_member_bio_full_html=&#8221;simple&#8221; name=&#8221;elfenkleid&#8221; job_position=&#8221;Design Dresses | Caldara&#8221; social_icon_1=&#8221;fa fa-globe&#8221; social_link_1=&#8221;https:\/\/www.elfenkleid.com&#8221; team_member_bio=&#8221;Designers Sandra Thaler and Annette Prechtl met<br \/>\nat the Vienna College of Fashion and Clothing Design<br \/>\nand have been working successfully together<br \/>\nas a team for twelve years. After completion of their<br \/>\ntraining in 2001, they made the decision to start the<br \/>\nelfenkleid label, going on to win the Pierre Lang<br \/>\nFashion Award for their first ever collection \u201cTyrol\u201d.<br \/>\nIn 2003, they opened their first shop near the<br \/>\nNaschmarkt in Vienna. In 2007, they courageously<br \/>\nstepped onto the international market.<br \/>\nelfenkleid is known for its elegant and simple collections<br \/>\nand the use of highest quality materials.<br \/>\nIn 2009, the time was ripe to make the wish for a<br \/>\ncouture line come true \u2013 the \u201cblack &amp; white edition\u201d.<br \/>\nThe designers\u2019 vision was a collection of modern<br \/>\ninterpretations of classic bridal and evening<br \/>\ngowns.<br \/>\nThe goal was to overcome the division between<br \/>\nmodernity and tradition, thus creating a new unity<br \/>\nthrough their designs: it is not traditional romance<br \/>\nbut rather timeless elegance and modern<br \/>\nsensuality that is the hallmark of this collection.<br \/>\nThe models are hand-tailored for each customer.<br \/>\nIn December 2010, a new series of softly flowing<br \/>\nwedding and evening gowns was added to the<br \/>\n\u201cblack &amp; white edition\u201d. These dresses, offered in<br \/>\nready-made sizes, melt the borders between pr\u00eata-<br \/>\nporter and haute couture.<br \/>\nIn November 2013, the wish to open an elfenkleid<br \/>\nboutique and workshop in Munich came true.<br \/>\nIn this new location, Sandra Thaler &amp; Annette<br \/>\nPrechtl present the \u201eblack &amp; white edition\u201c, the<br \/>\nready-to-wear collection, and accessories from<br \/>\nViennese design labels. The white edition designs<br \/>\nare personally fitted for customers in Munich,<br \/>\ntailored in-store. \u201eWhite series\u201c dresses can also<br \/>\nbe ordered in ready-to-wear sizes.&#8221; social_icon_2=&#8221;fa fa-instagram&#8221; social_link_2=&#8221;https:\/\/www.instagram.com\/elfenkleid_official\/&#8221;][\/team_member][\/vc_column_inner][vc_column_inner column_padding=&#8221;no-extra-padding&#8221; column_padding_tablet=&#8221;inherit&#8221; column_padding_phone=&#8221;inherit&#8221; column_padding_position=&#8221;all&#8221; column_element_direction_desktop=&#8221;default&#8221; column_element_spacing=&#8221;default&#8221; desktop_text_alignment=&#8221;default&#8221; tablet_text_alignment=&#8221;default&#8221; phone_text_alignment=&#8221;default&#8221; background_color_opacity=&#8221;1&#8243; background_hover_color_opacity=&#8221;1&#8243; column_backdrop_filter=&#8221;none&#8221; column_shadow=&#8221;none&#8221; column_border_radius=&#8221;none&#8221; column_link_target=&#8221;_self&#8221; overflow=&#8221;visible&#8221; gradient_direction=&#8221;left_to_right&#8221; overlay_strength=&#8221;0.3&#8243; width=&#8221;1\/3&#8243; tablet_width_inherit=&#8221;default&#8221; animation_type=&#8221;default&#8221; enable_animation=&#8221;true&#8221; animation=&#8221;grow-in&#8221; animation_easing=&#8221;default&#8221; bg_image_animation=&#8221;none&#8221; border_type=&#8221;simple&#8221; column_border_width=&#8221;none&#8221; column_border_style=&#8221;solid&#8221;][team_member image_url=&#8221;6488&#8243; bio_image_url=&#8221;6489&#8243; team_memeber_style=&#8221;bio_fullscreen&#8221; image_loading=&#8221;default&#8221; team_member_bio_full_html=&#8221;simple&#8221; name=&#8221;Esther Jo Steiner&#8221; job_position=&#8221;Camera | Music Video&#8221; team_member_bio=&#8221;After school and military service in 2001, I got involved straight away in the Carinthian TV business. I had no clue what I wanted or where I wanted to go, but I knew it should be something to do with film. Philipp Steiner DP<br \/>\nSo, I started at the ORF Carinthia and became a production assistant on the folk music show &#8220;Wenn die Musi spielt&#8220;. The way this show was shot was very straightforward and traditional. My work included operating the camera dolly and assisting with the light setup. There, I learned a lot about lighting and the process of TV production. The years went by and in 2005, I knew what I wanted to do: camerawork.<\/p>\n<p>So, I moved to Vienna and attained the SAE &#8220;Digital Film Class&#8220;, doing work on the side with a Canon XL-H1 (borrowed from my father, a retired ORF cameraman ). To finance my eduction and living expenses, I filmed events and worked for the Austrian music channel &#8220;GOTV&#8220;, as well as for a home shopping programme on Sat1 called &#8220;EP Home Shopping&#8220;. In this period I shot about 20 music videos and did various SAE projects and short films. In 2008, I succesfully finished my education and started work as a freelance cameraman.<\/p>\n<p>At my side, whenever a sound recordist is required, I have my friend the sound engineer Thomas Andreas Werginz. If you desire new furniture: he is also a gifted carpenter. My main client is Pubbles Films and I work as a cameraman on their motorshow &#8220;Go! Das Motormagazin&#8220; on Kabel1. This is why there are so many car ads in my clips section.<\/p>\n<p>I also do a lot of work for Cinetop Film, and should a client require more than just a cameraman, Cinetop Film is the place to go. They can assemble a whole team and oversee the project from start to finish. Also, I am their cameraman of choice, which is nice. If you would like to contact Cinetop, please go to their website: www.cinetop.at.&#8221; social_icon_1=&#8221;fa fa-globe&#8221; social_link_1=&#8221;https:\/\/www.cinetop.at\/index.html&#8221;][\/team_member][\/vc_column_inner][vc_column_inner column_padding=&#8221;no-extra-padding&#8221; column_padding_tablet=&#8221;inherit&#8221; column_padding_phone=&#8221;inherit&#8221; column_padding_position=&#8221;all&#8221; column_element_direction_desktop=&#8221;default&#8221; column_element_spacing=&#8221;default&#8221; desktop_text_alignment=&#8221;default&#8221; tablet_text_alignment=&#8221;default&#8221; phone_text_alignment=&#8221;default&#8221; background_color_opacity=&#8221;1&#8243; background_hover_color_opacity=&#8221;1&#8243; column_backdrop_filter=&#8221;none&#8221; column_shadow=&#8221;none&#8221; column_border_radius=&#8221;none&#8221; column_link_target=&#8221;_self&#8221; overflow=&#8221;visible&#8221; gradient_direction=&#8221;left_to_right&#8221; overlay_strength=&#8221;0.3&#8243; width=&#8221;1\/3&#8243; tablet_width_inherit=&#8221;default&#8221; animation_type=&#8221;default&#8221; enable_animation=&#8221;true&#8221; animation=&#8221;grow-in&#8221; animation_easing=&#8221;default&#8221; bg_image_animation=&#8221;none&#8221; border_type=&#8221;simple&#8221; column_border_width=&#8221;none&#8221; column_border_style=&#8221;solid&#8221;][team_member image_url=&#8221;6514&#8243; team_memeber_style=&#8221;bio_fullscreen&#8221; image_loading=&#8221;default&#8221; team_member_bio_full_html=&#8221;simple&#8221; name=&#8221;Georg Kremnitz&#8221; job_position=&#8221;Early French pronunciation&#8221;][\/team_member][\/vc_column_inner][\/vc_row_inner][vc_row_inner column_margin=&#8221;none&#8221; column_direction=&#8221;default&#8221; column_direction_tablet=&#8221;default&#8221; column_direction_phone=&#8221;default&#8221; text_align=&#8221;left&#8221; row_position=&#8221;default&#8221; row_position_tablet=&#8221;inherit&#8221; row_position_phone=&#8221;inherit&#8221; overflow=&#8221;visible&#8221; pointer_events=&#8221;all&#8221;][vc_column_inner column_padding=&#8221;no-extra-padding&#8221; column_padding_tablet=&#8221;inherit&#8221; column_padding_phone=&#8221;inherit&#8221; column_padding_position=&#8221;all&#8221; column_element_direction_desktop=&#8221;default&#8221; column_element_spacing=&#8221;default&#8221; desktop_text_alignment=&#8221;default&#8221; tablet_text_alignment=&#8221;default&#8221; phone_text_alignment=&#8221;default&#8221; background_color_opacity=&#8221;1&#8243; background_hover_color_opacity=&#8221;1&#8243; column_backdrop_filter=&#8221;none&#8221; column_shadow=&#8221;none&#8221; column_border_radius=&#8221;none&#8221; column_link_target=&#8221;_self&#8221; overflow=&#8221;visible&#8221; gradient_direction=&#8221;left_to_right&#8221; overlay_strength=&#8221;0.3&#8243; width=&#8221;1\/3&#8243; tablet_width_inherit=&#8221;default&#8221; animation_type=&#8221;default&#8221; enable_animation=&#8221;true&#8221; animation=&#8221;grow-in&#8221; animation_easing=&#8221;default&#8221; bg_image_animation=&#8221;none&#8221; border_type=&#8221;simple&#8221; column_border_width=&#8221;none&#8221; column_border_style=&#8221;solid&#8221;][team_member image_url=&#8221;6647&#8243; bio_image_url=&#8221;6648&#8243; team_memeber_style=&#8221;bio_fullscreen&#8221; image_loading=&#8221;default&#8221; team_member_bio_full_html=&#8221;simple&#8221; name=&#8221;Hair &amp; Make up | Foy Porter&#8221; job_position=&#8221;Hair &amp; Make up | Music Video Foy Porter Musik Video&#8221; social_icon_1=&#8221;fa fa-globe&#8221; social_link_1=&#8221;https:\/\/rominamereu.com&#8221; team_member_bio=&#8221;hi there, i\u2019m romina and i\u2019m a make-up artist. i\u2019m italian, from the beautiful sardinia, but living in vienna, austria.<br \/>\ni lived in milano, then in london for 3 years and had enough of making and selling pizzas. so i decided to attend a makeup school.<\/p>\n<p>20 years later here i am, richer in experience, willing to always improve myself and ready to do more international jobs.<\/p>\n<p>i am here for business \u2013 contacts, make-up, fashion, hair styling, all what\u2019s to do with make-up &amp; hair for fotoshooting, film productions, tv series, fashion seasons, catalogues, music video clips, off projects all over the world\u2026&#8221;][\/team_member][\/vc_column_inner][vc_column_inner column_padding=&#8221;no-extra-padding&#8221; column_padding_tablet=&#8221;inherit&#8221; column_padding_phone=&#8221;inherit&#8221; column_padding_position=&#8221;all&#8221; column_element_direction_desktop=&#8221;default&#8221; column_element_spacing=&#8221;default&#8221; desktop_text_alignment=&#8221;default&#8221; tablet_text_alignment=&#8221;default&#8221; phone_text_alignment=&#8221;default&#8221; background_color_opacity=&#8221;1&#8243; background_hover_color_opacity=&#8221;1&#8243; column_backdrop_filter=&#8221;none&#8221; column_shadow=&#8221;none&#8221; column_border_radius=&#8221;none&#8221; column_link_target=&#8221;_self&#8221; overflow=&#8221;visible&#8221; gradient_direction=&#8221;left_to_right&#8221; overlay_strength=&#8221;0.3&#8243; width=&#8221;1\/3&#8243; tablet_width_inherit=&#8221;default&#8221; animation_type=&#8221;default&#8221; enable_animation=&#8221;true&#8221; animation=&#8221;grow-in&#8221; animation_easing=&#8221;default&#8221; bg_image_animation=&#8221;none&#8221; border_type=&#8221;simple&#8221; column_border_width=&#8221;none&#8221; column_border_style=&#8221;solid&#8221;][team_member image_url=&#8221;6479&#8243; bio_image_url=&#8221;6479&#8243; team_memeber_style=&#8221;bio_fullscreen&#8221; image_loading=&#8221;default&#8221; team_member_bio_full_html=&#8221;simple&#8221; name=&#8221;Johann Beurer&#8221; job_position=&#8221;Haus Infrarot Heizungen&#8221; social_icon_1=&#8221;fa fa-globe&#8221; social_link_1=&#8221;https:\/\/haus-infrarotheizungen.com&#8221; social_icon_2=&#8221;fa fa-instagram&#8221; social_link_2=&#8221;https:\/\/www.instagram.com\/hausinfrarotheizung\/&#8221; social_icon_3=&#8221;fa fa-facebook&#8221; social_link_3=&#8221;https:\/\/www.facebook.com\/HausInfrarotheizungen\/&#8221;][\/team_member][\/vc_column_inner][vc_column_inner column_padding=&#8221;no-extra-padding&#8221; column_padding_tablet=&#8221;inherit&#8221; column_padding_phone=&#8221;inherit&#8221; column_padding_position=&#8221;all&#8221; column_element_direction_desktop=&#8221;default&#8221; column_element_spacing=&#8221;default&#8221; desktop_text_alignment=&#8221;default&#8221; tablet_text_alignment=&#8221;default&#8221; phone_text_alignment=&#8221;default&#8221; background_color_opacity=&#8221;1&#8243; background_hover_color_opacity=&#8221;1&#8243; column_backdrop_filter=&#8221;none&#8221; column_shadow=&#8221;none&#8221; column_border_radius=&#8221;none&#8221; column_link_target=&#8221;_self&#8221; overflow=&#8221;visible&#8221; gradient_direction=&#8221;left_to_right&#8221; overlay_strength=&#8221;0.3&#8243; width=&#8221;1\/3&#8243; tablet_width_inherit=&#8221;default&#8221; animation_type=&#8221;default&#8221; enable_animation=&#8221;true&#8221; animation=&#8221;grow-in&#8221; animation_easing=&#8221;default&#8221; bg_image_animation=&#8221;none&#8221; border_type=&#8221;simple&#8221; column_border_width=&#8221;none&#8221; column_border_style=&#8221;solid&#8221;][team_member image_url=&#8221;6635&#8243; bio_image_url=&#8221;6636&#8243; team_memeber_style=&#8221;bio_fullscreen&#8221; image_loading=&#8221;default&#8221; team_member_bio_full_html=&#8221;simple&#8221; name=&#8221;Iris Blumauer&#8221; job_position=&#8221;Press&#8221; team_member_bio=&#8221;Iris Blumauer studied sociology with a combination of philosophy and art history at the University of Vienna. She worked as a research assistant on the catalogue raisonn\u00e9 of Arnold Sch\u00f6nberg&#8217;s pictorial oeuvre and provided educational support for exhibitions at the Arnold Sch\u00f6nberg Center. For more than 20 years she has worked in the field of press and public relations, including for the Arnold Sch\u00f6nberg Center, Jeunesse &#8211; Musikalische Jugend \u00d6sterreichs, the intercultural author theatre project WIENER WORTSTAETTEN (together with Marie-Therese Rudolph), the donauFESTWOCHEN im Strudengau and the L&#8217;Orfeo Barockorchester &#8211; Michi Gaigg.<br \/>\nIn 2005, she was awarded the Federal Decoration of Honour of the Republic of Austria for her voluntary work for the Historical Society of the City of Grein and its oral history research projects on regional contemporary history.<br \/>\nPhotograph by Iris Blumauer \u00a9 Reinhard Winkler&#8221;][\/team_member][\/vc_column_inner][\/vc_row_inner][\/tab][tab icon_family=&#8221;none&#8221; title=&#8221;Opening concert&#8221; id=&#8221;1719345167816-0&#8243; tab_id=&#8221;1719345167817-6&#8243; sub_desc=&#8221;2017&#8243; el_class=&#8221;h1, h2, h3 { text-align: center; }&#8221;][vc_row_inner column_margin=&#8221;default&#8221; column_direction=&#8221;default&#8221; column_direction_tablet=&#8221;default&#8221; column_direction_phone=&#8221;default&#8221; text_align=&#8221;left&#8221; row_position=&#8221;default&#8221; row_position_tablet=&#8221;inherit&#8221; row_position_phone=&#8221;inherit&#8221; overflow=&#8221;visible&#8221; pointer_events=&#8221;all&#8221;][vc_column_inner column_padding=&#8221;no-extra-padding&#8221; column_padding_tablet=&#8221;inherit&#8221; column_padding_phone=&#8221;inherit&#8221; column_padding_position=&#8221;all&#8221; column_element_direction_desktop=&#8221;default&#8221; column_element_spacing=&#8221;default&#8221; desktop_text_alignment=&#8221;default&#8221; tablet_text_alignment=&#8221;default&#8221; phone_text_alignment=&#8221;default&#8221; background_color_opacity=&#8221;1&#8243; background_hover_color_opacity=&#8221;1&#8243; column_backdrop_filter=&#8221;none&#8221; column_shadow=&#8221;none&#8221; column_border_radius=&#8221;none&#8221; column_link_target=&#8221;_self&#8221; overflow=&#8221;visible&#8221; gradient_direction=&#8221;left_to_right&#8221; overlay_strength=&#8221;0.3&#8243; width=&#8221;1\/1&#8243; tablet_width_inherit=&#8221;default&#8221; animation_type=&#8221;default&#8221; bg_image_animation=&#8221;none&#8221; border_type=&#8221;simple&#8221; column_border_width=&#8221;none&#8221; column_border_style=&#8221;solid&#8221;][vc_custom_heading text=&#8221;Our Team&#8221; font_container=&#8221;tag:h3|text_align:center&#8221; use_theme_fonts=&#8221;yes&#8221;][divider line_type=&#8221;Small Line&#8221; line_alignment=&#8221;default&#8221; line_thickness=&#8221;2&#8243; divider_color=&#8221;accent-color&#8221; animate=&#8221;yes&#8221; custom_height=&#8221;40&#8243; custom_line_width=&#8221;40&#8243;][vc_column_text max_width=&#8221;650&#8243; text_direction=&#8221;default&#8221;]\n<p>&nbsp;<\/p>\n<p style=\"text-align: center;\">early music bird | early music at it finest<br \/>\n<em>Concert in the Rathaus St. Veit an der Glan<br \/>\n<\/em>July 2017<\/p>\n[\/vc_column_text][\/vc_column_inner][\/vc_row_inner][vc_row_inner column_margin=&#8221;none&#8221; column_direction=&#8221;default&#8221; column_direction_tablet=&#8221;default&#8221; column_direction_phone=&#8221;default&#8221; text_align=&#8221;left&#8221; row_position=&#8221;default&#8221; row_position_tablet=&#8221;inherit&#8221; row_position_phone=&#8221;inherit&#8221; overflow=&#8221;visible&#8221; pointer_events=&#8221;all&#8221;][vc_column_inner column_padding=&#8221;no-extra-padding&#8221; column_padding_tablet=&#8221;inherit&#8221; column_padding_phone=&#8221;inherit&#8221; column_padding_position=&#8221;all&#8221; column_element_direction_desktop=&#8221;default&#8221; column_element_spacing=&#8221;default&#8221; desktop_text_alignment=&#8221;default&#8221; tablet_text_alignment=&#8221;default&#8221; phone_text_alignment=&#8221;default&#8221; background_color_opacity=&#8221;1&#8243; background_hover_color_opacity=&#8221;1&#8243; column_backdrop_filter=&#8221;none&#8221; column_shadow=&#8221;none&#8221; column_border_radius=&#8221;none&#8221; column_link_target=&#8221;_self&#8221; overflow=&#8221;visible&#8221; gradient_direction=&#8221;left_to_right&#8221; overlay_strength=&#8221;0.3&#8243; width=&#8221;1\/3&#8243; tablet_width_inherit=&#8221;default&#8221; animation_type=&#8221;default&#8221; enable_animation=&#8221;true&#8221; animation=&#8221;grow-in&#8221; animation_easing=&#8221;default&#8221; bg_image_animation=&#8221;none&#8221; border_type=&#8221;simple&#8221; column_border_width=&#8221;none&#8221; column_border_style=&#8221;solid&#8221;][team_member image_url=&#8221;10951&#8243; bio_image_url=&#8221;10951&#8243; team_memeber_style=&#8221;bio_fullscreen&#8221; image_loading=&#8221;default&#8221; team_member_bio_full_html=&#8221;simple&#8221; name=&#8221;Elisabeth Wiesbauer&#8221; job_position=&#8221;Baroque violin&#8221; social_icon_1=&#8221;fa fa-globe&#8221; social_link_1=&#8221;https:\/\/lombardiniquartett.at\/elisabeth-wiesbauer.html&#8221;][\/team_member][\/vc_column_inner][vc_column_inner column_padding=&#8221;no-extra-padding&#8221; column_padding_tablet=&#8221;inherit&#8221; column_padding_phone=&#8221;inherit&#8221; column_padding_position=&#8221;all&#8221; column_element_direction_desktop=&#8221;default&#8221; column_element_spacing=&#8221;default&#8221; desktop_text_alignment=&#8221;default&#8221; tablet_text_alignment=&#8221;default&#8221; phone_text_alignment=&#8221;default&#8221; background_color_opacity=&#8221;1&#8243; background_hover_color_opacity=&#8221;1&#8243; column_backdrop_filter=&#8221;none&#8221; column_shadow=&#8221;none&#8221; column_border_radius=&#8221;none&#8221; column_link_target=&#8221;_self&#8221; overflow=&#8221;visible&#8221; gradient_direction=&#8221;left_to_right&#8221; overlay_strength=&#8221;0.3&#8243; width=&#8221;1\/3&#8243; tablet_width_inherit=&#8221;default&#8221; animation_type=&#8221;default&#8221; enable_animation=&#8221;true&#8221; animation=&#8221;grow-in&#8221; animation_easing=&#8221;default&#8221; bg_image_animation=&#8221;none&#8221; border_type=&#8221;simple&#8221; column_border_width=&#8221;none&#8221; column_border_style=&#8221;solid&#8221;][team_member image_url=&#8221;10961&#8243; bio_image_url=&#8221;10961&#8243; team_memeber_style=&#8221;bio_fullscreen&#8221; image_loading=&#8221;default&#8221; team_member_bio_full_html=&#8221;simple&#8221; name=&#8221;Maria Weiss&#8221; job_position=&#8221;Mezzosoprano &amp; CEO&#8221;][\/team_member][\/vc_column_inner][vc_column_inner column_padding=&#8221;no-extra-padding&#8221; column_padding_tablet=&#8221;inherit&#8221; column_padding_phone=&#8221;inherit&#8221; column_padding_position=&#8221;all&#8221; column_element_direction_desktop=&#8221;default&#8221; column_element_spacing=&#8221;default&#8221; desktop_text_alignment=&#8221;default&#8221; tablet_text_alignment=&#8221;default&#8221; phone_text_alignment=&#8221;default&#8221; background_color_opacity=&#8221;1&#8243; background_hover_color_opacity=&#8221;1&#8243; column_backdrop_filter=&#8221;none&#8221; column_shadow=&#8221;none&#8221; column_border_radius=&#8221;none&#8221; column_link_target=&#8221;_self&#8221; overflow=&#8221;visible&#8221; gradient_direction=&#8221;left_to_right&#8221; overlay_strength=&#8221;0.3&#8243; width=&#8221;1\/3&#8243; tablet_width_inherit=&#8221;default&#8221; animation_type=&#8221;default&#8221; enable_animation=&#8221;true&#8221; animation=&#8221;grow-in&#8221; animation_easing=&#8221;default&#8221; bg_image_animation=&#8221;none&#8221; border_type=&#8221;simple&#8221; column_border_width=&#8221;none&#8221; column_border_style=&#8221;solid&#8221;][team_member image_url=&#8221;10955&#8243; bio_image_url=&#8221;10955&#8243; team_memeber_style=&#8221;bio_fullscreen&#8221; image_loading=&#8221;default&#8221; team_member_bio_full_html=&#8221;simple&#8221; name=&#8221;Sieglinde Gr\u00f6\u00dfinger&#8221; job_position=&#8221;Transverse flute&#8221; social_icon_1=&#8221;fa fa-globe&#8221; social_link_1=&#8221;https:\/\/www.sieglindegroessinger.at&#8221;][\/team_member][\/vc_column_inner][\/vc_row_inner][vc_row_inner column_margin=&#8221;none&#8221; column_direction=&#8221;default&#8221; column_direction_tablet=&#8221;default&#8221; column_direction_phone=&#8221;default&#8221; text_align=&#8221;left&#8221; row_position=&#8221;default&#8221; row_position_tablet=&#8221;inherit&#8221; row_position_phone=&#8221;inherit&#8221; overflow=&#8221;visible&#8221; pointer_events=&#8221;all&#8221;][vc_column_inner column_padding=&#8221;no-extra-padding&#8221; column_padding_tablet=&#8221;inherit&#8221; column_padding_phone=&#8221;inherit&#8221; column_padding_position=&#8221;all&#8221; column_element_direction_desktop=&#8221;default&#8221; column_element_spacing=&#8221;default&#8221; desktop_text_alignment=&#8221;default&#8221; tablet_text_alignment=&#8221;default&#8221; phone_text_alignment=&#8221;default&#8221; background_color_opacity=&#8221;1&#8243; background_hover_color_opacity=&#8221;1&#8243; column_backdrop_filter=&#8221;none&#8221; column_shadow=&#8221;none&#8221; column_border_radius=&#8221;none&#8221; column_link_target=&#8221;_self&#8221; overflow=&#8221;visible&#8221; gradient_direction=&#8221;left_to_right&#8221; overlay_strength=&#8221;0.3&#8243; width=&#8221;1\/3&#8243; tablet_width_inherit=&#8221;default&#8221; animation_type=&#8221;default&#8221; enable_animation=&#8221;true&#8221; animation=&#8221;grow-in&#8221; animation_easing=&#8221;default&#8221; bg_image_animation=&#8221;none&#8221; border_type=&#8221;simple&#8221; column_border_width=&#8221;none&#8221; column_border_style=&#8221;solid&#8221;][team_member image_url=&#8221;10959&#8243; bio_image_url=&#8221;10959&#8243; team_memeber_style=&#8221;bio_fullscreen&#8221; image_loading=&#8221;default&#8221; team_member_bio_full_html=&#8221;simple&#8221; name=&#8221;Anna Willerding&#8221; job_position=&#8221;Soprano&#8221; social_icon_1=&#8221;fa fa-globe&#8221; social_link_1=&#8221;https:\/\/annawillerding.com&#8221;][\/team_member][\/vc_column_inner][vc_column_inner column_padding=&#8221;no-extra-padding&#8221; column_padding_tablet=&#8221;inherit&#8221; column_padding_phone=&#8221;inherit&#8221; column_padding_position=&#8221;all&#8221; column_element_direction_desktop=&#8221;default&#8221; column_element_spacing=&#8221;default&#8221; desktop_text_alignment=&#8221;default&#8221; tablet_text_alignment=&#8221;default&#8221; phone_text_alignment=&#8221;default&#8221; background_color_opacity=&#8221;1&#8243; background_hover_color_opacity=&#8221;1&#8243; column_backdrop_filter=&#8221;none&#8221; column_shadow=&#8221;none&#8221; column_border_radius=&#8221;none&#8221; column_link_target=&#8221;_self&#8221; overflow=&#8221;visible&#8221; gradient_direction=&#8221;left_to_right&#8221; overlay_strength=&#8221;0.3&#8243; width=&#8221;1\/3&#8243; tablet_width_inherit=&#8221;default&#8221; animation_type=&#8221;default&#8221; enable_animation=&#8221;true&#8221; animation=&#8221;grow-in&#8221; animation_easing=&#8221;default&#8221; bg_image_animation=&#8221;none&#8221; border_type=&#8221;simple&#8221; column_border_width=&#8221;none&#8221; column_border_style=&#8221;solid&#8221;][team_member image_url=&#8221;10953&#8243; bio_image_url=&#8221;10953&#8243; team_memeber_style=&#8221;bio_fullscreen&#8221; image_loading=&#8221;default&#8221; team_member_bio_full_html=&#8221;simple&#8221; name=&#8221;David Bergm\u00fcller&#8221; job_position=&#8221;Theorbo&#8221; social_icon_1=&#8221;fa fa-globe&#8221; social_link_1=&#8221;http:\/\/www.davidbergmueller.com&#8221;][\/team_member][\/vc_column_inner][vc_column_inner column_padding=&#8221;no-extra-padding&#8221; column_padding_tablet=&#8221;inherit&#8221; column_padding_phone=&#8221;inherit&#8221; column_padding_position=&#8221;all&#8221; column_element_direction_desktop=&#8221;default&#8221; column_element_spacing=&#8221;default&#8221; desktop_text_alignment=&#8221;default&#8221; tablet_text_alignment=&#8221;default&#8221; phone_text_alignment=&#8221;default&#8221; background_color_opacity=&#8221;1&#8243; background_hover_color_opacity=&#8221;1&#8243; column_backdrop_filter=&#8221;none&#8221; column_shadow=&#8221;none&#8221; column_border_radius=&#8221;none&#8221; column_link_target=&#8221;_self&#8221; overflow=&#8221;visible&#8221; gradient_direction=&#8221;left_to_right&#8221; overlay_strength=&#8221;0.3&#8243; width=&#8221;1\/3&#8243; tablet_width_inherit=&#8221;default&#8221; animation_type=&#8221;default&#8221; enable_animation=&#8221;true&#8221; animation=&#8221;grow-in&#8221; animation_easing=&#8221;default&#8221; bg_image_animation=&#8221;none&#8221; border_type=&#8221;simple&#8221; column_border_width=&#8221;none&#8221; column_border_style=&#8221;solid&#8221;][team_member image_url=&#8221;10963&#8243; bio_image_url=&#8221;10963&#8243; team_memeber_style=&#8221;bio_fullscreen&#8221; image_loading=&#8221;default&#8221; team_member_bio_full_html=&#8221;simple&#8221; name=&#8221;Markus Miesenberger&#8221; job_position=&#8221;Tenor&#8221; social_icon_1=&#8221;fa fa-globe&#8221; social_link_1=&#8221;https:\/\/www.markusmiesenberger.com&#8221;][\/team_member][\/vc_column_inner][\/vc_row_inner][vc_row_inner column_margin=&#8221;none&#8221; column_direction=&#8221;default&#8221; column_direction_tablet=&#8221;default&#8221; column_direction_phone=&#8221;default&#8221; text_align=&#8221;left&#8221; row_position=&#8221;default&#8221; row_position_tablet=&#8221;inherit&#8221; row_position_phone=&#8221;inherit&#8221; overflow=&#8221;visible&#8221; pointer_events=&#8221;all&#8221;][vc_column_inner column_padding=&#8221;no-extra-padding&#8221; column_padding_tablet=&#8221;inherit&#8221; column_padding_phone=&#8221;inherit&#8221; column_padding_position=&#8221;all&#8221; column_element_direction_desktop=&#8221;default&#8221; column_element_spacing=&#8221;default&#8221; desktop_text_alignment=&#8221;default&#8221; tablet_text_alignment=&#8221;default&#8221; phone_text_alignment=&#8221;default&#8221; background_color_opacity=&#8221;1&#8243; background_hover_color_opacity=&#8221;1&#8243; column_backdrop_filter=&#8221;none&#8221; column_shadow=&#8221;none&#8221; column_border_radius=&#8221;none&#8221; column_link_target=&#8221;_self&#8221; overflow=&#8221;visible&#8221; gradient_direction=&#8221;left_to_right&#8221; overlay_strength=&#8221;0.3&#8243; width=&#8221;1\/3&#8243; tablet_width_inherit=&#8221;default&#8221; animation_type=&#8221;default&#8221; enable_animation=&#8221;true&#8221; animation=&#8221;grow-in&#8221; animation_easing=&#8221;default&#8221; bg_image_animation=&#8221;none&#8221; border_type=&#8221;simple&#8221; column_border_width=&#8221;none&#8221; column_border_style=&#8221;solid&#8221;][team_member image_url=&#8221;10957&#8243; bio_image_url=&#8221;10957&#8243; team_memeber_style=&#8221;bio_fullscreen&#8221; image_loading=&#8221;default&#8221; team_member_bio_full_html=&#8221;simple&#8221; name=&#8221;Claire Pottinger Schmid&#8221; job_position=&#8221;Baroque Cello&#8221; social_icon_1=&#8221;fa fa-globe&#8221; social_link_1=&#8221;http:\/\/www.sonorbeatus.at\/Bio_Pottinger-Schmidt.html&#8221;][\/team_member][\/vc_column_inner][vc_column_inner column_padding=&#8221;no-extra-padding&#8221; column_padding_tablet=&#8221;inherit&#8221; column_padding_phone=&#8221;inherit&#8221; column_padding_position=&#8221;all&#8221; column_element_direction_desktop=&#8221;default&#8221; column_element_spacing=&#8221;default&#8221; desktop_text_alignment=&#8221;default&#8221; tablet_text_alignment=&#8221;default&#8221; phone_text_alignment=&#8221;default&#8221; background_color_opacity=&#8221;1&#8243; background_hover_color_opacity=&#8221;1&#8243; column_backdrop_filter=&#8221;none&#8221; column_shadow=&#8221;none&#8221; column_border_radius=&#8221;none&#8221; column_link_target=&#8221;_self&#8221; overflow=&#8221;visible&#8221; gradient_direction=&#8221;left_to_right&#8221; overlay_strength=&#8221;0.3&#8243; width=&#8221;1\/3&#8243; tablet_width_inherit=&#8221;default&#8221; animation_type=&#8221;default&#8221; enable_animation=&#8221;true&#8221; animation=&#8221;grow-in&#8221; animation_easing=&#8221;default&#8221; bg_image_animation=&#8221;none&#8221; border_type=&#8221;simple&#8221; column_border_width=&#8221;none&#8221; column_border_style=&#8221;solid&#8221;][team_member image_url=&#8221;6513&#8243; team_memeber_style=&#8221;bio_fullscreen&#8221; image_loading=&#8221;default&#8221; team_member_bio_full_html=&#8221;simple&#8221; name=&#8221;G\u00fcnter Wallner&#8221; job_position=&#8221;Camera &amp; Sound&#8221; social_icon_1=&#8221;fa fa-globe&#8221; social_link_1=&#8221;http:\/\/www.camerata-carinthia.at\/grundungsteam\/gunter-wallner\/&#8221;][\/team_member][\/vc_column_inner][vc_column_inner column_padding=&#8221;no-extra-padding&#8221; column_padding_tablet=&#8221;inherit&#8221; column_padding_phone=&#8221;inherit&#8221; column_padding_position=&#8221;all&#8221; column_element_direction_desktop=&#8221;default&#8221; column_element_spacing=&#8221;default&#8221; desktop_text_alignment=&#8221;default&#8221; tablet_text_alignment=&#8221;default&#8221; phone_text_alignment=&#8221;default&#8221; background_color_opacity=&#8221;1&#8243; background_hover_color_opacity=&#8221;1&#8243; column_backdrop_filter=&#8221;none&#8221; column_shadow=&#8221;none&#8221; column_border_radius=&#8221;none&#8221; column_link_target=&#8221;_self&#8221; overflow=&#8221;visible&#8221; gradient_direction=&#8221;left_to_right&#8221; overlay_strength=&#8221;0.3&#8243; width=&#8221;1\/3&#8243; tablet_width_inherit=&#8221;default&#8221; animation_type=&#8221;default&#8221; enable_animation=&#8221;true&#8221; animation=&#8221;grow-in&#8221; animation_easing=&#8221;default&#8221; bg_image_animation=&#8221;none&#8221; border_type=&#8221;simple&#8221; column_border_width=&#8221;none&#8221; column_border_style=&#8221;solid&#8221;][team_member image_url=&#8221;6514&#8243; team_memeber_style=&#8221;bio_fullscreen&#8221; image_loading=&#8221;default&#8221; team_member_bio_full_html=&#8221;simple&#8221; name=&#8221;Esther Jo Steiner&#8221; job_position=&#8221;Technic Music Video | Ticket Sales&#8221; social_icon_1=&#8221;fa fa-globe&#8221; social_link_1=&#8221;https:\/\/ejsteiner.net&#8221;][\/team_member][\/vc_column_inner][\/vc_row_inner][vc_row_inner column_margin=&#8221;none&#8221; column_direction=&#8221;default&#8221; column_direction_tablet=&#8221;default&#8221; column_direction_phone=&#8221;default&#8221; text_align=&#8221;left&#8221; row_position=&#8221;default&#8221; row_position_tablet=&#8221;inherit&#8221; row_position_phone=&#8221;inherit&#8221; overflow=&#8221;visible&#8221; pointer_events=&#8221;all&#8221;][vc_column_inner column_padding=&#8221;no-extra-padding&#8221; column_padding_tablet=&#8221;inherit&#8221; column_padding_phone=&#8221;inherit&#8221; column_padding_position=&#8221;all&#8221; column_element_direction_desktop=&#8221;default&#8221; column_element_spacing=&#8221;default&#8221; desktop_text_alignment=&#8221;default&#8221; tablet_text_alignment=&#8221;default&#8221; phone_text_alignment=&#8221;default&#8221; background_color_opacity=&#8221;1&#8243; background_hover_color_opacity=&#8221;1&#8243; column_backdrop_filter=&#8221;none&#8221; column_shadow=&#8221;none&#8221; column_border_radius=&#8221;none&#8221; column_link_target=&#8221;_self&#8221; overflow=&#8221;visible&#8221; gradient_direction=&#8221;left_to_right&#8221; overlay_strength=&#8221;0.3&#8243; width=&#8221;1\/3&#8243; tablet_width_inherit=&#8221;default&#8221; animation_type=&#8221;default&#8221; enable_animation=&#8221;true&#8221; animation=&#8221;grow-in&#8221; animation_easing=&#8221;default&#8221; bg_image_animation=&#8221;none&#8221; border_type=&#8221;simple&#8221; column_border_width=&#8221;none&#8221; column_border_style=&#8221;solid&#8221;][team_member image_url=&#8221;7321&#8243; bio_image_url=&#8221;7321&#8243; team_memeber_style=&#8221;bio_fullscreen&#8221; image_loading=&#8221;default&#8221; team_member_bio_full_html=&#8221;simple&#8221; name=&#8221;Verena Reichmann&#8221; job_position=&#8221;Ticket &amp; CD Sales&#8221; social_icon_1=&#8221;fa fa-globe&#8221; social_link_1=&#8221;https:\/\/www.amazon.de\/Liebes-Schulsystem-gelernt-Unvermeidliche-ertragen\/dp\/3902990821&#8243;][\/team_member][\/vc_column_inner][vc_column_inner column_padding=&#8221;no-extra-padding&#8221; column_padding_tablet=&#8221;inherit&#8221; column_padding_phone=&#8221;inherit&#8221; column_padding_position=&#8221;all&#8221; column_element_direction_desktop=&#8221;default&#8221; column_element_spacing=&#8221;default&#8221; desktop_text_alignment=&#8221;default&#8221; tablet_text_alignment=&#8221;default&#8221; phone_text_alignment=&#8221;default&#8221; background_color_opacity=&#8221;1&#8243; background_hover_color_opacity=&#8221;1&#8243; column_backdrop_filter=&#8221;none&#8221; column_shadow=&#8221;none&#8221; column_border_radius=&#8221;none&#8221; column_link_target=&#8221;_self&#8221; overflow=&#8221;visible&#8221; gradient_direction=&#8221;left_to_right&#8221; overlay_strength=&#8221;0.3&#8243; width=&#8221;1\/3&#8243; tablet_width_inherit=&#8221;default&#8221; animation_type=&#8221;default&#8221; enable_animation=&#8221;true&#8221; animation=&#8221;grow-in&#8221; animation_easing=&#8221;default&#8221; bg_image_animation=&#8221;none&#8221; border_type=&#8221;simple&#8221; column_border_width=&#8221;none&#8221; column_border_style=&#8221;solid&#8221;][team_member image_url=&#8221;6514&#8243; team_memeber_style=&#8221;bio_fullscreen&#8221; image_loading=&#8221;default&#8221; team_member_bio_full_html=&#8221;simple&#8221; name=&#8221;N.N.&#8221; job_position=&#8221;N.N.&#8221;][\/team_member][\/vc_column_inner][vc_column_inner column_padding=&#8221;no-extra-padding&#8221; column_padding_tablet=&#8221;inherit&#8221; column_padding_phone=&#8221;inherit&#8221; column_padding_position=&#8221;all&#8221; column_element_direction_desktop=&#8221;default&#8221; column_element_spacing=&#8221;default&#8221; desktop_text_alignment=&#8221;default&#8221; tablet_text_alignment=&#8221;default&#8221; phone_text_alignment=&#8221;default&#8221; background_color_opacity=&#8221;1&#8243; background_hover_color_opacity=&#8221;1&#8243; column_backdrop_filter=&#8221;none&#8221; column_shadow=&#8221;none&#8221; column_border_radius=&#8221;none&#8221; column_link_target=&#8221;_self&#8221; overflow=&#8221;visible&#8221; gradient_direction=&#8221;left_to_right&#8221; overlay_strength=&#8221;0.3&#8243; width=&#8221;1\/3&#8243; tablet_width_inherit=&#8221;default&#8221; animation_type=&#8221;default&#8221; enable_animation=&#8221;true&#8221; animation=&#8221;grow-in&#8221; animation_easing=&#8221;default&#8221; bg_image_animation=&#8221;none&#8221; border_type=&#8221;simple&#8221; column_border_width=&#8221;none&#8221; column_border_style=&#8221;solid&#8221;][team_member image_url=&#8221;6513&#8243; team_memeber_style=&#8221;bio_fullscreen&#8221; image_loading=&#8221;default&#8221; team_member_bio_full_html=&#8221;simple&#8221; name=&#8221;Mochoritsch&#8221; job_position=&#8221;Catering Concert&#8221; social_icon_1=&#8221;fa fa-globe&#8221; social_link_1=&#8221;https:\/\/www.mochoritsch.at&#8221;][\/team_member][\/vc_column_inner][\/vc_row_inner][\/tab][tab icon_family=&#8221;none&#8221; title=&#8221;Producers&#8221; id=&#8221;1719345169013-8&#8243; tab_id=&#8221;1719345169014-0&#8243;][vc_row_inner column_margin=&#8221;default&#8221; column_direction=&#8221;default&#8221; column_direction_tablet=&#8221;default&#8221; column_direction_phone=&#8221;default&#8221; top_padding=&#8221;20&#8243; text_align=&#8221;left&#8221; row_position=&#8221;default&#8221; row_position_tablet=&#8221;inherit&#8221; row_position_phone=&#8221;inherit&#8221; overflow=&#8221;visible&#8221; pointer_events=&#8221;all&#8221;][vc_column_inner column_padding=&#8221;no-extra-padding&#8221; column_padding_tablet=&#8221;inherit&#8221; column_padding_phone=&#8221;inherit&#8221; column_padding_position=&#8221;all&#8221; column_element_direction_desktop=&#8221;default&#8221; column_element_spacing=&#8221;default&#8221; desktop_text_alignment=&#8221;default&#8221; tablet_text_alignment=&#8221;default&#8221; phone_text_alignment=&#8221;default&#8221; background_color_opacity=&#8221;1&#8243; background_hover_color_opacity=&#8221;1&#8243; column_backdrop_filter=&#8221;none&#8221; column_shadow=&#8221;none&#8221; column_border_radius=&#8221;none&#8221; column_link_target=&#8221;_self&#8221; overflow=&#8221;visible&#8221; gradient_direction=&#8221;left_to_right&#8221; overlay_strength=&#8221;0.3&#8243; width=&#8221;1\/6&#8243; tablet_width_inherit=&#8221;default&#8221; animation_type=&#8221;default&#8221; enable_animation=&#8221;true&#8221; animation=&#8221;fade-in-from-bottom&#8221; animation_easing=&#8221;default&#8221; bg_image_animation=&#8221;none&#8221; border_type=&#8221;simple&#8221; column_border_width=&#8221;none&#8221; column_border_style=&#8221;solid&#8221;][\/vc_column_inner][vc_column_inner column_padding=&#8221;no-extra-padding&#8221; column_padding_tablet=&#8221;inherit&#8221; column_padding_phone=&#8221;inherit&#8221; column_padding_position=&#8221;all&#8221; column_element_direction_desktop=&#8221;default&#8221; column_element_spacing=&#8221;default&#8221; desktop_text_alignment=&#8221;default&#8221; tablet_text_alignment=&#8221;default&#8221; phone_text_alignment=&#8221;default&#8221; background_color_opacity=&#8221;1&#8243; background_hover_color_opacity=&#8221;1&#8243; column_backdrop_filter=&#8221;none&#8221; column_shadow=&#8221;none&#8221; column_border_radius=&#8221;none&#8221; column_link_target=&#8221;_self&#8221; overflow=&#8221;visible&#8221; gradient_direction=&#8221;left_to_right&#8221; overlay_strength=&#8221;0.3&#8243; width=&#8221;2\/3&#8243; tablet_width_inherit=&#8221;default&#8221; animation_type=&#8221;default&#8221; bg_image_animation=&#8221;none&#8221; border_type=&#8221;simple&#8221; column_border_width=&#8221;none&#8221; column_border_style=&#8221;solid&#8221;][divider line_type=&#8221;No Line&#8221; custom_height=&#8221;3vh&#8221;][split_line_heading animation_type=&#8221;line-reveal-by-space&#8221; font_style=&#8221;h2&#8243; text_color=&#8221;#000000&#8243; line_reveal_by_space_text_effect=&#8221;none&#8221; content_alignment=&#8221;center&#8221; mobile_content_alignment=&#8221;inherit&#8221; link_target=&#8221;_self&#8221; text_content=&#8221;OUR PRODUCERS AND (production) PARTNERS<br \/>\nat a glance&#8221; font_size=&#8221;2vw&#8221; font_line_height=&#8221;0,5&#8243; text_direction=&#8221;default&#8221;][\/split_line_heading][divider line_type=&#8221;No Line&#8221; custom_height=&#8221;3vh&#8221;][nectar_responsive_text text_color=&#8221;#000000&#8243; text_direction=&#8221;default&#8221; font_size_desktop=&#8221;1.3vw&#8221; font_line_height=&#8221;1.5&#8243;]\nWe spent a lot of time seeking them out and carefully selecting them: they produce CDs and books with passion, care and much love. They set themselves high production standards and share our values of sustainability, quality and regionality.<\/p>\n<p>&nbsp;<\/p>\n<p>Our highest goal is to create a product whose material and production qualities, just like its musical and artistic ones, show a commitment to beauty and lasting values. That\u2019s why our producers are all right here in Austria. Most of them have multiple quality certifications and have committed to production that makes sparing use of raw materials, to the use of low-toxin printing materials, responsible forestry, compliance with social and environmental principles and the highest standards of craftsmanship.<br \/>\n[\/nectar_responsive_text][split_line_heading animation_type=&#8221;line-reveal-by-space&#8221; font_style=&#8221;h2&#8243; text_color=&#8221;#000000&#8243; line_reveal_by_space_text_effect=&#8221;none&#8221; content_alignment=&#8221;center&#8221; mobile_content_alignment=&#8221;inherit&#8221; link_target=&#8221;_self&#8221; text_content=&#8221;Creating something lasting, in harmony with nature,<br \/>\nthe finest materials and masterful craftsmanship.&#8221; font_size=&#8221;2vw&#8221; font_line_height=&#8221;0,5&#8243; text_direction=&#8221;default&#8221;][\/split_line_heading][divider line_type=&#8221;No Line&#8221; custom_height=&#8221;3vh&#8221;][vc_column_text text_direction=&#8221;default&#8221;]\n<h4><\/h4>\n<h4><\/h4>\n<h4 style=\"text-align: center;\"><strong><span style=\"color: #000000;\"><a style=\"color: #000000;\" href=\"https:\/\/www.theiss.at\/\" target=\"_blank\" rel=\"noopener\">Druckerei Theiss<\/a>\u00a0\u00a0\u00a0\u00a0\u00a0\u00a0\u00a0\u00a0\u00a0\u00a0\u00a0\u00a0\u00a0\u00a0\u00a0\u00a0\u00a0\u00a0\u00a0\u00a0\u00a0\u00a0 <a style=\"color: #000000;\" href=\"https:\/\/www.samsondruck.at\/\" target=\"_blank\" rel=\"noopener\">Samson Druck<\/a>\u00a0\u00a0\u00a0\u00a0\u00a0\u00a0\u00a0\u00a0\u00a0\u00a0\u00a0\u00a0\u00a0\u00a0\u00a0\u00a0\u00a0\u00a0\u00a0\u00a0\u00a0\u00a0\u00a0\u00a0\u00a0 <a style=\"color: #000000;\" href=\"https:\/\/www.csmproduction.at\/\" target=\"_blank\" rel=\"noopener\">CSM Media<\/a> \u00a0\u00a0\u00a0\u00a0\u00a0\u00a0\u00a0\u00a0\u00a0\u00a0\u00a0\u00a0\u00a0\u00a0\u00a0\u00a0 <a style=\"color: #000000;\" href=\"https:\/\/www.copyrath.at\/\" target=\"_blank\" rel=\"noopener\">Copy Rath\u00a0<\/a> \u00a0 \u00a0 \u00a0 \u00a0 \u00a0 \u00a0 \u00a0 \u00a0<a style=\"color: #000000;\" href=\"https:\/\/www.sonydadc.com\/contact-locations-2\/site-at\/\" target=\"_blank\" rel=\"noopener\">Sony DACD<\/a><\/span><\/strong><\/h4>\n[\/vc_column_text][\/vc_column_inner][vc_column_inner column_padding=&#8221;no-extra-padding&#8221; column_padding_tablet=&#8221;inherit&#8221; column_padding_phone=&#8221;inherit&#8221; column_padding_position=&#8221;all&#8221; column_element_direction_desktop=&#8221;default&#8221; column_element_spacing=&#8221;default&#8221; desktop_text_alignment=&#8221;default&#8221; tablet_text_alignment=&#8221;default&#8221; phone_text_alignment=&#8221;default&#8221; background_color_opacity=&#8221;1&#8243; background_hover_color_opacity=&#8221;1&#8243; column_backdrop_filter=&#8221;none&#8221; column_shadow=&#8221;none&#8221; column_border_radius=&#8221;none&#8221; column_link_target=&#8221;_self&#8221; overflow=&#8221;visible&#8221; gradient_direction=&#8221;left_to_right&#8221; overlay_strength=&#8221;0.3&#8243; width=&#8221;1\/6&#8243; tablet_width_inherit=&#8221;default&#8221; animation_type=&#8221;default&#8221; bg_image_animation=&#8221;none&#8221; border_type=&#8221;simple&#8221; column_border_width=&#8221;none&#8221; column_border_style=&#8221;solid&#8221;][\/vc_column_inner][\/vc_row_inner][\/tab][\/tabbed_section][\/vc_column][\/vc_row][vc_row type=&#8221;full_width_background&#8221; full_screen_row_position=&#8221;middle&#8221; column_margin=&#8221;default&#8221; column_direction=&#8221;default&#8221; column_direction_tablet=&#8221;default&#8221; column_direction_phone=&#8221;default&#8221; scene_position=&#8221;center&#8221; top_padding=&#8221;6%&#8221; bottom_padding=&#8221;6%&#8221; text_color=&#8221;custom&#8221; custom_text_color=&#8221;#000000&#8243; text_align=&#8221;center&#8221; row_border_radius=&#8221;none&#8221; row_border_radius_applies=&#8221;bg&#8221; overflow=&#8221;visible&#8221; overlay_strength=&#8221;0.3&#8243; gradient_direction=&#8221;left_to_right&#8221; shape_divider_position=&#8221;bottom&#8221; bg_image_animation=&#8221;none&#8221; shape_type=&#8221;&#8221; gradient_type=&#8221;default&#8221;][vc_column column_padding=&#8221;no-extra-padding&#8221; column_padding_tablet=&#8221;inherit&#8221; column_padding_phone=&#8221;inherit&#8221; column_padding_position=&#8221;all&#8221; column_element_direction_desktop=&#8221;default&#8221; column_element_spacing=&#8221;default&#8221; desktop_text_alignment=&#8221;default&#8221; tablet_text_alignment=&#8221;default&#8221; phone_text_alignment=&#8221;default&#8221; background_color_opacity=&#8221;1&#8243; background_hover_color_opacity=&#8221;1&#8243; column_backdrop_filter=&#8221;none&#8221; font_color=&#8221;#000000&#8243; column_shadow=&#8221;none&#8221; column_border_radius=&#8221;none&#8221; column_link_target=&#8221;_self&#8221; column_position=&#8221;default&#8221; gradient_direction=&#8221;left_to_right&#8221; overlay_strength=&#8221;0.3&#8243; width=&#8221;1\/1&#8243; tablet_width_inherit=&#8221;default&#8221; animation_type=&#8221;default&#8221; bg_image_animation=&#8221;none&#8221; border_type=&#8221;simple&#8221; column_border_width=&#8221;none&#8221; column_border_style=&#8221;solid&#8221; column_padding_type=&#8221;default&#8221; gradient_type=&#8221;default&#8221;][\/vc_column][\/vc_row]\n","protected":false},"excerpt":{"rendered":"<p>[vc_row type=&#8221;full_width_background&#8221; full_screen_row_position=&#8221;middle&#8221; column_margin=&#8221;default&#8221; equal_height=&#8221;yes&#8221; content_placement=&#8221;bottom&#8221; column_direction=&#8221;default&#8221; column_direction_tablet=&#8221;default&#8221; column_direction_phone=&#8221;default&#8221; bg_color=&#8221;#e6dcdc&#8221; bg_image=&#8221;8063&#8243; bg_image_phone=&#8221;10215&#8243; bg_position=&#8221;center center&#8221; background_image_loading=&#8221;default&#8221; bg_repeat=&#8221;no-repeat&#8221; scene_position=&#8221;center&#8221; top_padding=&#8221;7%&#8221; bottom_padding=&#8221;31%&#8221; text_color=&#8221;light&#8221; text_align=&#8221;left&#8221; row_border_radius=&#8221;none&#8221; row_border_radius_applies=&#8221;bg&#8221; overflow=&#8221;visible&#8221; color_overlay=&#8221;#0a0a0a&#8221; overlay_strength=&#8221;0.3&#8243; gradient_direction=&#8221;left_to_right&#8221; shape_divider_position=&#8221;bottom&#8221; shape_divider_height=&#8221;350&#8243; bg_image_animation=&#8221;fade-in&#8221;&#8230;<\/p>\n","protected":false},"author":1,"featured_media":0,"parent":0,"menu_order":0,"comment_status":"closed","ping_status":"closed","template":"","meta":{"give_campaign_id":0,"_themeisle_gutenberg_block_has_review":false,"footnotes":""},"class_list":["post-10686","page","type-page","status-publish"],"campaignId":"","_links":{"self":[{"href":"https:\/\/favolainmusica.com\/en\/wp-json\/wp\/v2\/pages\/10686","targetHints":{"allow":["GET"]}}],"collection":[{"href":"https:\/\/favolainmusica.com\/en\/wp-json\/wp\/v2\/pages"}],"about":[{"href":"https:\/\/favolainmusica.com\/en\/wp-json\/wp\/v2\/types\/page"}],"author":[{"embeddable":true,"href":"https:\/\/favolainmusica.com\/en\/wp-json\/wp\/v2\/users\/1"}],"replies":[{"embeddable":true,"href":"https:\/\/favolainmusica.com\/en\/wp-json\/wp\/v2\/comments?post=10686"}],"version-history":[{"count":7,"href":"https:\/\/favolainmusica.com\/en\/wp-json\/wp\/v2\/pages\/10686\/revisions"}],"predecessor-version":[{"id":10967,"href":"https:\/\/favolainmusica.com\/en\/wp-json\/wp\/v2\/pages\/10686\/revisions\/10967"}],"wp:attachment":[{"href":"https:\/\/favolainmusica.com\/en\/wp-json\/wp\/v2\/media?parent=10686"}],"curies":[{"name":"wp","href":"https:\/\/api.w.org\/{rel}","templated":true}]}}